{"id":1275,"date":"2023-01-06T01:50:29","date_gmt":"2023-01-06T00:50:29","guid":{"rendered":"http:\/\/www.mv-bernbach.de\/wordpress\/?page_id=1275"},"modified":"2024-04-08T19:39:11","modified_gmt":"2024-04-08T17:39:11","slug":"aktuelles","status":"publish","type":"page","link":"https:\/\/www.mv-bernbach.de\/wordpress\/aktuelles\/","title":{"rendered":"Aktuelles"},"content":{"rendered":"\t\t<div data-elementor-type=\"wp-page\" data-elementor-id=\"1275\" class=\"elementor elementor-1275\">\n\t\t\t\t\t\t\t<div class=\"elementor-element elementor-element-4c3aa15 e-con-boxed e-con\" data-id=\"4c3aa15\" data-element_type=\"container\" data-settings=\"{&quot;background_background&quot;:&quot;classic&quot;,&quot;content_width&quot;:&quot;boxed&quot;}\">\n\t\t\t\t\t<div class=\"e-con-inner\">\n\t\t\t\t\t<\/div>\n\t\t\t\t<\/div>\n\t\t<div class=\"elementor-element elementor-element-ccacf8e e-con-boxed e-con\" data-id=\"ccacf8e\" data-element_type=\"container\" data-settings=\"{&quot;content_width&quot;:&quot;boxed&quot;}\">\n\t\t\t\t\t<div class=\"e-con-inner\">\n\t\t\t\t<div class=\"elementor-element elementor-element-ddcfc65 elementor-widget elementor-widget-spacer\" data-id=\"ddcfc65\" data-element_type=\"widget\" data-widget_type=\"spacer.default\">\n\t\t\t\t<div class=\"elementor-widget-container\">\n\t\t\t<style>\/*! elementor - v3.9.2 - 21-12-2022 *\/\n.elementor-column .elementor-spacer-inner{height:var(--spacer-size)}.e-con{--container-widget-width:100%}.e-con-inner>.elementor-widget-spacer,.e-con>.elementor-widget-spacer{width:var(--container-widget-width,var(--spacer-size));--align-self:var(--container-widget-align-self,initial);--flex-shrink:0}.e-con-inner>.elementor-widget-spacer>.elementor-widget-container,.e-con-inner>.elementor-widget-spacer>.elementor-widget-container>.elementor-spacer,.e-con>.elementor-widget-spacer>.elementor-widget-container,.e-con>.elementor-widget-spacer>.elementor-widget-container>.elementor-spacer{height:100%}.e-con-inner>.elementor-widget-spacer>.elementor-widget-container>.elementor-spacer>.elementor-spacer-inner,.e-con>.elementor-widget-spacer>.elementor-widget-container>.elementor-spacer>.elementor-spacer-inner{height:var(--container-widget-height,var(--spacer-size))}<\/style>\t\t<div class=\"elementor-spacer\">\n\t\t\t<div class=\"elementor-spacer-inner\"><\/div>\n\t\t<\/div>\n\t\t\t\t<\/div>\n\t\t\t\t<\/div>\n\t\t\t\t<div class=\"elementor-element elementor-element-4f49c61 elementor-widget elementor-widget-heading\" data-id=\"4f49c61\" data-element_type=\"widget\" data-widget_type=\"heading.default\">\n\t\t\t\t<div class=\"elementor-widget-container\">\n\t\t\t<style>\/*! elementor - v3.9.2 - 21-12-2022 *\/\n.elementor-heading-title{padding:0;margin:0;line-height:1}.elementor-widget-heading .elementor-heading-title[class*=elementor-size-]>a{color:inherit;font-size:inherit;line-height:inherit}.elementor-widget-heading .elementor-heading-title.elementor-size-small{font-size:15px}.elementor-widget-heading .elementor-heading-title.elementor-size-medium{font-size:19px}.elementor-widget-heading .elementor-heading-title.elementor-size-large{font-size:29px}.elementor-widget-heading .elementor-heading-title.elementor-size-xl{font-size:39px}.elementor-widget-heading .elementor-heading-title.elementor-size-xxl{font-size:59px}<\/style><h2 class=\"elementor-heading-title elementor-size-xl\">Aktuelles<\/h2>\t\t<\/div>\n\t\t\t\t<\/div>\n\t\t\t\t<div class=\"elementor-element elementor-element-5c898f5 elementor-widget elementor-widget-text-editor\" data-id=\"5c898f5\" data-element_type=\"widget\" data-widget_type=\"text-editor.default\">\n\t\t\t\t<div class=\"elementor-widget-container\">\n\t\t\t<style>\/*! elementor - v3.9.2 - 21-12-2022 *\/\n.elementor-widget-text-editor.elementor-drop-cap-view-stacked .elementor-drop-cap{background-color:#818a91;color:#fff}.elementor-widget-text-editor.elementor-drop-cap-view-framed .elementor-drop-cap{color:#818a91;border:3px solid;background-color:transparent}.elementor-widget-text-editor:not(.elementor-drop-cap-view-default) .elementor-drop-cap{margin-top:8px}.elementor-widget-text-editor:not(.elementor-drop-cap-view-default) .elementor-drop-cap-letter{width:1em;height:1em}.elementor-widget-text-editor .elementor-drop-cap{float:left;text-align:center;line-height:1;font-size:50px}.elementor-widget-text-editor .elementor-drop-cap-letter{display:inline-block}<\/style>\t\t\t\t<p>Hier findest du Aktuelles \u00fcber den MVB. Folge uns gerne auf Facebook und Instagram!<\/p><p>\r\n<div id=\"sb_instagram\"  class=\"sbi sbi_mob_col_1 sbi_tab_col_2 sbi_col_4 sbi_width_resp\" style=\"padding-bottom: 10px;\" data-feedid=\"*2\"  data-res=\"auto\" data-cols=\"4\" data-colsmobile=\"1\" data-colstablet=\"2\" data-num=\"20\" data-nummobile=\"20\" data-shortcode-atts=\"{&quot;feed&quot;:&quot;2&quot;}\"  data-postid=\"1275\" data-locatornonce=\"73f6a5d562\" data-sbi-flags=\"favorLocal\">\r\n\t\r\n    <div id=\"sbi_images\"  style=\"padding: 5px;\">\r\n\t\t<div class=\"sbi_item sbi_type_carousel sbi_new sbi_transition\" id=\"sbi_18127601182686229\" data-date=\"1788076867\">\r\n    <div class=\"sbi_photo_wrap\">\r\n        <a class=\"sbi_photo\" href=\"https:\/\/www.instagram.com\/p\/DcqCNLmiFE1\/\" target=\"_blank\" rel=\"noopener nofollow\" data-full-res=\"https:\/\/scontent-fra5-2.cdninstagram.com\/v\/t39.30808-6\/787542029_1584118873726617_4404033108718625308_n.jpg?stp=dst-jpg_e35_tt6&#038;_nc_cat=107&#038;ccb=7-5&#038;_nc_sid=18de74&#038;efg=eyJlZmdfdGFnIjoiQ0FST1VTRUxfSVRFTS5iZXN0X2ltYWdlX3VybGdlbi5DMyJ9&#038;_nc_ohc=QF66oHFuHVkQ7kNvwF_sEPr&#038;_nc_oc=AdrPmcJDOBTfkxSd8asY96S-zhOucxxpGBAmRkNLXZQc3Y3ZyJqi1-eHdIRnjVkmhpA&#038;_nc_zt=23&#038;_nc_ht=scontent-fra5-2.cdninstagram.com&#038;edm=AM6HXa8EAAAA&#038;_nc_gid=R08MRdPqLaZQIMw7tV4W7A&#038;oh=00_AQKLW37WNvEotntDjSVYcw5F8xRbm6dbk7vog9Zdx4iHbw&#038;oe=6AA04BBD\" data-img-src-set=\"{&quot;d&quot;:&quot;https:\\\/\\\/scontent-fra5-2.cdninstagram.com\\\/v\\\/t39.30808-6\\\/787542029_1584118873726617_4404033108718625308_n.jpg?stp=dst-jpg_e35_tt6&amp;_nc_cat=107&amp;ccb=7-5&amp;_nc_sid=18de74&amp;efg=eyJlZmdfdGFnIjoiQ0FST1VTRUxfSVRFTS5iZXN0X2ltYWdlX3VybGdlbi5DMyJ9&amp;_nc_ohc=QF66oHFuHVkQ7kNvwF_sEPr&amp;_nc_oc=AdrPmcJDOBTfkxSd8asY96S-zhOucxxpGBAmRkNLXZQc3Y3ZyJqi1-eHdIRnjVkmhpA&amp;_nc_zt=23&amp;_nc_ht=scontent-fra5-2.cdninstagram.com&amp;edm=AM6HXa8EAAAA&amp;_nc_gid=R08MRdPqLaZQIMw7tV4W7A&amp;oh=00_AQKLW37WNvEotntDjSVYcw5F8xRbm6dbk7vog9Zdx4iHbw&amp;oe=6AA04BBD&quot;,&quot;150&quot;:&quot;https:\\\/\\\/scontent-fra5-2.cdninstagram.com\\\/v\\\/t39.30808-6\\\/787542029_1584118873726617_4404033108718625308_n.jpg?stp=dst-jpg_e35_tt6&amp;_nc_cat=107&amp;ccb=7-5&amp;_nc_sid=18de74&amp;efg=eyJlZmdfdGFnIjoiQ0FST1VTRUxfSVRFTS5iZXN0X2ltYWdlX3VybGdlbi5DMyJ9&amp;_nc_ohc=QF66oHFuHVkQ7kNvwF_sEPr&amp;_nc_oc=AdrPmcJDOBTfkxSd8asY96S-zhOucxxpGBAmRkNLXZQc3Y3ZyJqi1-eHdIRnjVkmhpA&amp;_nc_zt=23&amp;_nc_ht=scontent-fra5-2.cdninstagram.com&amp;edm=AM6HXa8EAAAA&amp;_nc_gid=R08MRdPqLaZQIMw7tV4W7A&amp;oh=00_AQKLW37WNvEotntDjSVYcw5F8xRbm6dbk7vog9Zdx4iHbw&amp;oe=6AA04BBD&quot;,&quot;320&quot;:&quot;https:\\\/\\\/scontent-fra5-2.cdninstagram.com\\\/v\\\/t39.30808-6\\\/787542029_1584118873726617_4404033108718625308_n.jpg?stp=dst-jpg_e35_tt6&amp;_nc_cat=107&amp;ccb=7-5&amp;_nc_sid=18de74&amp;efg=eyJlZmdfdGFnIjoiQ0FST1VTRUxfSVRFTS5iZXN0X2ltYWdlX3VybGdlbi5DMyJ9&amp;_nc_ohc=QF66oHFuHVkQ7kNvwF_sEPr&amp;_nc_oc=AdrPmcJDOBTfkxSd8asY96S-zhOucxxpGBAmRkNLXZQc3Y3ZyJqi1-eHdIRnjVkmhpA&amp;_nc_zt=23&amp;_nc_ht=scontent-fra5-2.cdninstagram.com&amp;edm=AM6HXa8EAAAA&amp;_nc_gid=R08MRdPqLaZQIMw7tV4W7A&amp;oh=00_AQKLW37WNvEotntDjSVYcw5F8xRbm6dbk7vog9Zdx4iHbw&amp;oe=6AA04BBD&quot;,&quot;640&quot;:&quot;https:\\\/\\\/scontent-fra5-2.cdninstagram.com\\\/v\\\/t39.30808-6\\\/787542029_1584118873726617_4404033108718625308_n.jpg?stp=dst-jpg_e35_tt6&amp;_nc_cat=107&amp;ccb=7-5&amp;_nc_sid=18de74&amp;efg=eyJlZmdfdGFnIjoiQ0FST1VTRUxfSVRFTS5iZXN0X2ltYWdlX3VybGdlbi5DMyJ9&amp;_nc_ohc=QF66oHFuHVkQ7kNvwF_sEPr&amp;_nc_oc=AdrPmcJDOBTfkxSd8asY96S-zhOucxxpGBAmRkNLXZQc3Y3ZyJqi1-eHdIRnjVkmhpA&amp;_nc_zt=23&amp;_nc_ht=scontent-fra5-2.cdninstagram.com&amp;edm=AM6HXa8EAAAA&amp;_nc_gid=R08MRdPqLaZQIMw7tV4W7A&amp;oh=00_AQKLW37WNvEotntDjSVYcw5F8xRbm6dbk7vog9Zdx4iHbw&amp;oe=6AA04BBD&quot;}\">\r\n            <span class=\"sbi-screenreader\">Nach der 1175-Jahr-Feier in Bernbach ist vor der K<\/span>\r\n            <svg class=\"svg-inline--fa fa-clone fa-w-16 sbi_lightbox_carousel_icon\" aria-hidden=\"true\" aria-label=\"Clone\" data-fa-pro\u0192cessed=\"\" data-prefix=\"far\" data-icon=\"clone\" role=\"img\" xmlns=\"http:\/\/www.w3.org\/2000\/svg\" viewBox=\"0 0 512 512\">\n\t                <path fill=\"currentColor\" d=\"M464 0H144c-26.51 0-48 21.49-48 48v48H48c-26.51 0-48 21.49-48 48v320c0 26.51 21.49 48 48 48h320c26.51 0 48-21.49 48-48v-48h48c26.51 0 48-21.49 48-48V48c0-26.51-21.49-48-48-48zM362 464H54a6 6 0 0 1-6-6V150a6 6 0 0 1 6-6h42v224c0 26.51 21.49 48 48 48h224v42a6 6 0 0 1-6 6zm96-96H150a6 6 0 0 1-6-6V54a6 6 0 0 1 6-6h308a6 6 0 0 1 6 6v308a6 6 0 0 1-6 6z\"><\/path>\n\t            <\/svg>\t                    <img decoding=\"async\" src=\"https:\/\/www.mv-bernbach.de\/wordpress\/wp-content\/plugins\/instagram-feed\/img\/placeholder.png\" alt=\"Nach der 1175-Jahr-Feier in Bernbach ist vor der Kerb. Den Biergarten haben wir gleich stehen gelassen, dieser l\u00e4dt ein zum gem\u00fctlichen Beisammensein. Kirchengemeinde und Musikverein freuen sich als gemeinsame Veranstalter auf zahlreiche Besucher.\n #freigericht #follower #livemusik #blasmusik #bernbach #mainkinzigkreis\">\r\n        <\/a>\r\n    <\/div>\r\n<\/div><div class=\"sbi_item sbi_type_carousel sbi_new sbi_transition\" id=\"sbi_18146196121543773\" data-date=\"1787850318\">\r\n    <div class=\"sbi_photo_wrap\">\r\n        <a class=\"sbi_photo\" href=\"https:\/\/www.instagram.com\/p\/DcjSGTZiOdY\/\" target=\"_blank\" rel=\"noopener nofollow\" data-full-res=\"https:\/\/scontent-fra3-1.cdninstagram.com\/v\/t39.30808-6\/788017442_1583267160478455_6099225568399018888_n.jpg?stp=dst-jpg_e35_tt6&#038;_nc_cat=108&#038;ccb=7-5&#038;_nc_sid=18de74&#038;efg=eyJlZmdfdGFnIjoiQ0FST1VTRUxfSVRFTS5iZXN0X2ltYWdlX3VybGdlbi5DMyJ9&#038;_nc_ohc=YRIbcNPKVk0Q7kNvwHrVoTi&#038;_nc_oc=AdpV07MOiOwNh3u0WpJdW7D0wzEtLg_foQ18oJx-DRxIX6aX9tmJc-yw69de906st84&#038;_nc_zt=23&#038;_nc_ht=scontent-fra3-1.cdninstagram.com&#038;edm=AM6HXa8EAAAA&#038;_nc_gid=R08MRdPqLaZQIMw7tV4W7A&#038;oh=00_AQKZBsfCdKaMWKM095JpUS_7P2eEblnRGOAvtkolXXc7zQ&#038;oe=6AA02563\" data-img-src-set=\"{&quot;d&quot;:&quot;https:\\\/\\\/scontent-fra3-1.cdninstagram.com\\\/v\\\/t39.30808-6\\\/788017442_1583267160478455_6099225568399018888_n.jpg?stp=dst-jpg_e35_tt6&amp;_nc_cat=108&amp;ccb=7-5&amp;_nc_sid=18de74&amp;efg=eyJlZmdfdGFnIjoiQ0FST1VTRUxfSVRFTS5iZXN0X2ltYWdlX3VybGdlbi5DMyJ9&amp;_nc_ohc=YRIbcNPKVk0Q7kNvwHrVoTi&amp;_nc_oc=AdpV07MOiOwNh3u0WpJdW7D0wzEtLg_foQ18oJx-DRxIX6aX9tmJc-yw69de906st84&amp;_nc_zt=23&amp;_nc_ht=scontent-fra3-1.cdninstagram.com&amp;edm=AM6HXa8EAAAA&amp;_nc_gid=R08MRdPqLaZQIMw7tV4W7A&amp;oh=00_AQKZBsfCdKaMWKM095JpUS_7P2eEblnRGOAvtkolXXc7zQ&amp;oe=6AA02563&quot;,&quot;150&quot;:&quot;https:\\\/\\\/scontent-fra3-1.cdninstagram.com\\\/v\\\/t39.30808-6\\\/788017442_1583267160478455_6099225568399018888_n.jpg?stp=dst-jpg_e35_tt6&amp;_nc_cat=108&amp;ccb=7-5&amp;_nc_sid=18de74&amp;efg=eyJlZmdfdGFnIjoiQ0FST1VTRUxfSVRFTS5iZXN0X2ltYWdlX3VybGdlbi5DMyJ9&amp;_nc_ohc=YRIbcNPKVk0Q7kNvwHrVoTi&amp;_nc_oc=AdpV07MOiOwNh3u0WpJdW7D0wzEtLg_foQ18oJx-DRxIX6aX9tmJc-yw69de906st84&amp;_nc_zt=23&amp;_nc_ht=scontent-fra3-1.cdninstagram.com&amp;edm=AM6HXa8EAAAA&amp;_nc_gid=R08MRdPqLaZQIMw7tV4W7A&amp;oh=00_AQKZBsfCdKaMWKM095JpUS_7P2eEblnRGOAvtkolXXc7zQ&amp;oe=6AA02563&quot;,&quot;320&quot;:&quot;https:\\\/\\\/scontent-fra3-1.cdninstagram.com\\\/v\\\/t39.30808-6\\\/788017442_1583267160478455_6099225568399018888_n.jpg?stp=dst-jpg_e35_tt6&amp;_nc_cat=108&amp;ccb=7-5&amp;_nc_sid=18de74&amp;efg=eyJlZmdfdGFnIjoiQ0FST1VTRUxfSVRFTS5iZXN0X2ltYWdlX3VybGdlbi5DMyJ9&amp;_nc_ohc=YRIbcNPKVk0Q7kNvwHrVoTi&amp;_nc_oc=AdpV07MOiOwNh3u0WpJdW7D0wzEtLg_foQ18oJx-DRxIX6aX9tmJc-yw69de906st84&amp;_nc_zt=23&amp;_nc_ht=scontent-fra3-1.cdninstagram.com&amp;edm=AM6HXa8EAAAA&amp;_nc_gid=R08MRdPqLaZQIMw7tV4W7A&amp;oh=00_AQKZBsfCdKaMWKM095JpUS_7P2eEblnRGOAvtkolXXc7zQ&amp;oe=6AA02563&quot;,&quot;640&quot;:&quot;https:\\\/\\\/scontent-fra3-1.cdninstagram.com\\\/v\\\/t39.30808-6\\\/788017442_1583267160478455_6099225568399018888_n.jpg?stp=dst-jpg_e35_tt6&amp;_nc_cat=108&amp;ccb=7-5&amp;_nc_sid=18de74&amp;efg=eyJlZmdfdGFnIjoiQ0FST1VTRUxfSVRFTS5iZXN0X2ltYWdlX3VybGdlbi5DMyJ9&amp;_nc_ohc=YRIbcNPKVk0Q7kNvwHrVoTi&amp;_nc_oc=AdpV07MOiOwNh3u0WpJdW7D0wzEtLg_foQ18oJx-DRxIX6aX9tmJc-yw69de906st84&amp;_nc_zt=23&amp;_nc_ht=scontent-fra3-1.cdninstagram.com&amp;edm=AM6HXa8EAAAA&amp;_nc_gid=R08MRdPqLaZQIMw7tV4W7A&amp;oh=00_AQKZBsfCdKaMWKM095JpUS_7P2eEblnRGOAvtkolXXc7zQ&amp;oe=6AA02563&quot;}\">\r\n            <span class=\"sbi-screenreader\">Am Dienstag probten zum ersten Mal die (wieder) ne<\/span>\r\n            <svg class=\"svg-inline--fa fa-clone fa-w-16 sbi_lightbox_carousel_icon\" aria-hidden=\"true\" aria-label=\"Clone\" data-fa-pro\u0192cessed=\"\" data-prefix=\"far\" data-icon=\"clone\" role=\"img\" xmlns=\"http:\/\/www.w3.org\/2000\/svg\" viewBox=\"0 0 512 512\">\n\t                <path fill=\"currentColor\" d=\"M464 0H144c-26.51 0-48 21.49-48 48v48H48c-26.51 0-48 21.49-48 48v320c0 26.51 21.49 48 48 48h320c26.51 0 48-21.49 48-48v-48h48c26.51 0 48-21.49 48-48V48c0-26.51-21.49-48-48-48zM362 464H54a6 6 0 0 1-6-6V150a6 6 0 0 1 6-6h42v224c0 26.51 21.49 48 48 48h224v42a6 6 0 0 1-6 6zm96-96H150a6 6 0 0 1-6-6V54a6 6 0 0 1 6-6h308a6 6 0 0 1 6 6v308a6 6 0 0 1-6 6z\"><\/path>\n\t            <\/svg>\t                    <img decoding=\"async\" src=\"https:\/\/www.mv-bernbach.de\/wordpress\/wp-content\/plugins\/instagram-feed\/img\/placeholder.png\" alt=\"Am Dienstag probten zum ersten Mal die (wieder) neu gegr\u00fcndeten MusicKids unter der Leitung von Birgit Aul - wir w\u00fcnschen viel Spa\u00df beim gemeinsamen Musizieren.\">\r\n        <\/a>\r\n    <\/div>\r\n<\/div><div class=\"sbi_item sbi_type_carousel sbi_new sbi_transition\" id=\"sbi_18216610930353134\" data-date=\"1786910564\">\r\n    <div class=\"sbi_photo_wrap\">\r\n        <a class=\"sbi_photo\" href=\"https:\/\/www.instagram.com\/p\/DcHRqR6CD08\/\" target=\"_blank\" rel=\"noopener nofollow\" data-full-res=\"https:\/\/scontent-fra3-2.cdninstagram.com\/v\/t39.30808-6\/774512657_1573333621471809_6570130040087343849_n.jpg?stp=dst-jpg_e35_tt6&#038;_nc_cat=104&#038;ccb=7-5&#038;_nc_sid=18de74&#038;efg=eyJlZmdfdGFnIjoiQ0FST1VTRUxfSVRFTS5iZXN0X2ltYWdlX3VybGdlbi5DMyJ9&#038;_nc_ohc=CnSYJP7AKyYQ7kNvwHixsP0&#038;_nc_oc=AdpYHUSiMb9iU-b4UxKW_dXcoeb3JUJ1-e6WtsJG_wQMtJg1VzoNsLPWJAk-YOGNL7c&#038;_nc_zt=23&#038;_nc_ht=scontent-fra3-2.cdninstagram.com&#038;edm=AM6HXa8EAAAA&#038;_nc_gid=R08MRdPqLaZQIMw7tV4W7A&#038;oh=00_AQLZ_S8tXwpxKuhT5vv9Q45BAjf-L1L1Gg58Z6rAMEvC9A&#038;oe=6AA03C85\" data-img-src-set=\"{&quot;d&quot;:&quot;https:\\\/\\\/scontent-fra3-2.cdninstagram.com\\\/v\\\/t39.30808-6\\\/774512657_1573333621471809_6570130040087343849_n.jpg?stp=dst-jpg_e35_tt6&amp;_nc_cat=104&amp;ccb=7-5&amp;_nc_sid=18de74&amp;efg=eyJlZmdfdGFnIjoiQ0FST1VTRUxfSVRFTS5iZXN0X2ltYWdlX3VybGdlbi5DMyJ9&amp;_nc_ohc=CnSYJP7AKyYQ7kNvwHixsP0&amp;_nc_oc=AdpYHUSiMb9iU-b4UxKW_dXcoeb3JUJ1-e6WtsJG_wQMtJg1VzoNsLPWJAk-YOGNL7c&amp;_nc_zt=23&amp;_nc_ht=scontent-fra3-2.cdninstagram.com&amp;edm=AM6HXa8EAAAA&amp;_nc_gid=R08MRdPqLaZQIMw7tV4W7A&amp;oh=00_AQLZ_S8tXwpxKuhT5vv9Q45BAjf-L1L1Gg58Z6rAMEvC9A&amp;oe=6AA03C85&quot;,&quot;150&quot;:&quot;https:\\\/\\\/scontent-fra3-2.cdninstagram.com\\\/v\\\/t39.30808-6\\\/774512657_1573333621471809_6570130040087343849_n.jpg?stp=dst-jpg_e35_tt6&amp;_nc_cat=104&amp;ccb=7-5&amp;_nc_sid=18de74&amp;efg=eyJlZmdfdGFnIjoiQ0FST1VTRUxfSVRFTS5iZXN0X2ltYWdlX3VybGdlbi5DMyJ9&amp;_nc_ohc=CnSYJP7AKyYQ7kNvwHixsP0&amp;_nc_oc=AdpYHUSiMb9iU-b4UxKW_dXcoeb3JUJ1-e6WtsJG_wQMtJg1VzoNsLPWJAk-YOGNL7c&amp;_nc_zt=23&amp;_nc_ht=scontent-fra3-2.cdninstagram.com&amp;edm=AM6HXa8EAAAA&amp;_nc_gid=R08MRdPqLaZQIMw7tV4W7A&amp;oh=00_AQLZ_S8tXwpxKuhT5vv9Q45BAjf-L1L1Gg58Z6rAMEvC9A&amp;oe=6AA03C85&quot;,&quot;320&quot;:&quot;https:\\\/\\\/scontent-fra3-2.cdninstagram.com\\\/v\\\/t39.30808-6\\\/774512657_1573333621471809_6570130040087343849_n.jpg?stp=dst-jpg_e35_tt6&amp;_nc_cat=104&amp;ccb=7-5&amp;_nc_sid=18de74&amp;efg=eyJlZmdfdGFnIjoiQ0FST1VTRUxfSVRFTS5iZXN0X2ltYWdlX3VybGdlbi5DMyJ9&amp;_nc_ohc=CnSYJP7AKyYQ7kNvwHixsP0&amp;_nc_oc=AdpYHUSiMb9iU-b4UxKW_dXcoeb3JUJ1-e6WtsJG_wQMtJg1VzoNsLPWJAk-YOGNL7c&amp;_nc_zt=23&amp;_nc_ht=scontent-fra3-2.cdninstagram.com&amp;edm=AM6HXa8EAAAA&amp;_nc_gid=R08MRdPqLaZQIMw7tV4W7A&amp;oh=00_AQLZ_S8tXwpxKuhT5vv9Q45BAjf-L1L1Gg58Z6rAMEvC9A&amp;oe=6AA03C85&quot;,&quot;640&quot;:&quot;https:\\\/\\\/scontent-fra3-2.cdninstagram.com\\\/v\\\/t39.30808-6\\\/774512657_1573333621471809_6570130040087343849_n.jpg?stp=dst-jpg_e35_tt6&amp;_nc_cat=104&amp;ccb=7-5&amp;_nc_sid=18de74&amp;efg=eyJlZmdfdGFnIjoiQ0FST1VTRUxfSVRFTS5iZXN0X2ltYWdlX3VybGdlbi5DMyJ9&amp;_nc_ohc=CnSYJP7AKyYQ7kNvwHixsP0&amp;_nc_oc=AdpYHUSiMb9iU-b4UxKW_dXcoeb3JUJ1-e6WtsJG_wQMtJg1VzoNsLPWJAk-YOGNL7c&amp;_nc_zt=23&amp;_nc_ht=scontent-fra3-2.cdninstagram.com&amp;edm=AM6HXa8EAAAA&amp;_nc_gid=R08MRdPqLaZQIMw7tV4W7A&amp;oh=00_AQLZ_S8tXwpxKuhT5vv9Q45BAjf-L1L1Gg58Z6rAMEvC9A&amp;oe=6AA03C85&quot;}\">\r\n            <span class=\"sbi-screenreader\">Tolle 1175-Jahr-Feier, tolles Abschlussfoto. Viele<\/span>\r\n            <svg class=\"svg-inline--fa fa-clone fa-w-16 sbi_lightbox_carousel_icon\" aria-hidden=\"true\" aria-label=\"Clone\" data-fa-pro\u0192cessed=\"\" data-prefix=\"far\" data-icon=\"clone\" role=\"img\" xmlns=\"http:\/\/www.w3.org\/2000\/svg\" viewBox=\"0 0 512 512\">\n\t                <path fill=\"currentColor\" d=\"M464 0H144c-26.51 0-48 21.49-48 48v48H48c-26.51 0-48 21.49-48 48v320c0 26.51 21.49 48 48 48h320c26.51 0 48-21.49 48-48v-48h48c26.51 0 48-21.49 48-48V48c0-26.51-21.49-48-48-48zM362 464H54a6 6 0 0 1-6-6V150a6 6 0 0 1 6-6h42v224c0 26.51 21.49 48 48 48h224v42a6 6 0 0 1-6 6zm96-96H150a6 6 0 0 1-6-6V54a6 6 0 0 1 6-6h308a6 6 0 0 1 6 6v308a6 6 0 0 1-6 6z\"><\/path>\n\t            <\/svg>\t                    <img decoding=\"async\" src=\"https:\/\/www.mv-bernbach.de\/wordpress\/wp-content\/plugins\/instagram-feed\/img\/placeholder.png\" alt=\"Tolle 1175-Jahr-Feier, tolles Abschlussfoto. Vielen Dank f\u00fcr die harmonische Zusammenarbeit unter allen Vereinen und liebe Gr\u00fc\u00dfe von den durstigen L\u00f6schmusikanten... ;-)\">\r\n        <\/a>\r\n    <\/div>\r\n<\/div><div class=\"sbi_item sbi_type_image sbi_new sbi_transition\" id=\"sbi_18011538674936683\" data-date=\"1786862675\">\r\n    <div class=\"sbi_photo_wrap\">\r\n        <a class=\"sbi_photo\" href=\"https:\/\/www.instagram.com\/p\/DcF2ULciJmE\/\" target=\"_blank\" rel=\"noopener nofollow\" data-full-res=\"https:\/\/scontent-fra5-1.cdninstagram.com\/v\/t39.30808-6\/773612850_1572790431526128_5313766995064455216_n.jpg?stp=dst-jpg_e35_tt6&#038;_nc_cat=102&#038;ccb=7-5&#038;_nc_sid=18de74&#038;efg=eyJlZmdfdGFnIjoiRkVFRC5iZXN0X2ltYWdlX3VybGdlbi5DMyJ9&#038;_nc_ohc=0-ilZ1rrrzUQ7kNvwHVfWIc&#038;_nc_oc=AdrSKbMZoEy-A_wS34vAvd0UtOrm5uoWrGSntw3L5zpWp-QzryVrkK48q-G1LgPA9vQ&#038;_nc_zt=23&#038;_nc_ht=scontent-fra5-1.cdninstagram.com&#038;edm=AM6HXa8EAAAA&#038;_nc_gid=R08MRdPqLaZQIMw7tV4W7A&#038;oh=00_AQKQsq0xBV31HfLABy9mOD5zbxGj9wd8hsiLKbokJN6Yjw&#038;oe=6AA04236\" data-img-src-set=\"{&quot;d&quot;:&quot;https:\\\/\\\/scontent-fra5-1.cdninstagram.com\\\/v\\\/t39.30808-6\\\/773612850_1572790431526128_5313766995064455216_n.jpg?stp=dst-jpg_e35_tt6&amp;_nc_cat=102&amp;ccb=7-5&amp;_nc_sid=18de74&amp;efg=eyJlZmdfdGFnIjoiRkVFRC5iZXN0X2ltYWdlX3VybGdlbi5DMyJ9&amp;_nc_ohc=0-ilZ1rrrzUQ7kNvwHVfWIc&amp;_nc_oc=AdrSKbMZoEy-A_wS34vAvd0UtOrm5uoWrGSntw3L5zpWp-QzryVrkK48q-G1LgPA9vQ&amp;_nc_zt=23&amp;_nc_ht=scontent-fra5-1.cdninstagram.com&amp;edm=AM6HXa8EAAAA&amp;_nc_gid=R08MRdPqLaZQIMw7tV4W7A&amp;oh=00_AQKQsq0xBV31HfLABy9mOD5zbxGj9wd8hsiLKbokJN6Yjw&amp;oe=6AA04236&quot;,&quot;150&quot;:&quot;https:\\\/\\\/scontent-fra5-1.cdninstagram.com\\\/v\\\/t39.30808-6\\\/773612850_1572790431526128_5313766995064455216_n.jpg?stp=dst-jpg_e35_tt6&amp;_nc_cat=102&amp;ccb=7-5&amp;_nc_sid=18de74&amp;efg=eyJlZmdfdGFnIjoiRkVFRC5iZXN0X2ltYWdlX3VybGdlbi5DMyJ9&amp;_nc_ohc=0-ilZ1rrrzUQ7kNvwHVfWIc&amp;_nc_oc=AdrSKbMZoEy-A_wS34vAvd0UtOrm5uoWrGSntw3L5zpWp-QzryVrkK48q-G1LgPA9vQ&amp;_nc_zt=23&amp;_nc_ht=scontent-fra5-1.cdninstagram.com&amp;edm=AM6HXa8EAAAA&amp;_nc_gid=R08MRdPqLaZQIMw7tV4W7A&amp;oh=00_AQKQsq0xBV31HfLABy9mOD5zbxGj9wd8hsiLKbokJN6Yjw&amp;oe=6AA04236&quot;,&quot;320&quot;:&quot;https:\\\/\\\/scontent-fra5-1.cdninstagram.com\\\/v\\\/t39.30808-6\\\/773612850_1572790431526128_5313766995064455216_n.jpg?stp=dst-jpg_e35_tt6&amp;_nc_cat=102&amp;ccb=7-5&amp;_nc_sid=18de74&amp;efg=eyJlZmdfdGFnIjoiRkVFRC5iZXN0X2ltYWdlX3VybGdlbi5DMyJ9&amp;_nc_ohc=0-ilZ1rrrzUQ7kNvwHVfWIc&amp;_nc_oc=AdrSKbMZoEy-A_wS34vAvd0UtOrm5uoWrGSntw3L5zpWp-QzryVrkK48q-G1LgPA9vQ&amp;_nc_zt=23&amp;_nc_ht=scontent-fra5-1.cdninstagram.com&amp;edm=AM6HXa8EAAAA&amp;_nc_gid=R08MRdPqLaZQIMw7tV4W7A&amp;oh=00_AQKQsq0xBV31HfLABy9mOD5zbxGj9wd8hsiLKbokJN6Yjw&amp;oe=6AA04236&quot;,&quot;640&quot;:&quot;https:\\\/\\\/scontent-fra5-1.cdninstagram.com\\\/v\\\/t39.30808-6\\\/773612850_1572790431526128_5313766995064455216_n.jpg?stp=dst-jpg_e35_tt6&amp;_nc_cat=102&amp;ccb=7-5&amp;_nc_sid=18de74&amp;efg=eyJlZmdfdGFnIjoiRkVFRC5iZXN0X2ltYWdlX3VybGdlbi5DMyJ9&amp;_nc_ohc=0-ilZ1rrrzUQ7kNvwHVfWIc&amp;_nc_oc=AdrSKbMZoEy-A_wS34vAvd0UtOrm5uoWrGSntw3L5zpWp-QzryVrkK48q-G1LgPA9vQ&amp;_nc_zt=23&amp;_nc_ht=scontent-fra5-1.cdninstagram.com&amp;edm=AM6HXa8EAAAA&amp;_nc_gid=R08MRdPqLaZQIMw7tV4W7A&amp;oh=00_AQKQsq0xBV31HfLABy9mOD5zbxGj9wd8hsiLKbokJN6Yjw&amp;oe=6AA04236&quot;}\">\r\n            <span class=\"sbi-screenreader\">Kommen herbei und freuet Euch &#8230; \ud83d\ude42<\/span>\r\n            \t                    <img decoding=\"async\" src=\"https:\/\/www.mv-bernbach.de\/wordpress\/wp-content\/plugins\/instagram-feed\/img\/placeholder.png\" alt=\"Kommen herbei und freuet Euch ... :-)\">\r\n        <\/a>\r\n    <\/div>\r\n<\/div><div class=\"sbi_item sbi_type_carousel sbi_new sbi_transition\" id=\"sbi_18133566532624705\" data-date=\"1786683574\">\r\n    <div class=\"sbi_photo_wrap\">\r\n        <a class=\"sbi_photo\" href=\"https:\/\/www.instagram.com\/p\/DcAgtjsgtMI\/\" target=\"_blank\" rel=\"noopener nofollow\" data-full-res=\"https:\/\/scontent-fra5-1.cdninstagram.com\/v\/t51.82787-15\/771573130_18108201296033659_1288020457143355055_n.webp?stp=dst-jpg_e35_tt6&#038;_nc_cat=100&#038;ccb=7-5&#038;_nc_sid=18de74&#038;efg=eyJlZmdfdGFnIjoiQ0FST1VTRUxfSVRFTS5iZXN0X2ltYWdlX3VybGdlbi5DMyJ9&#038;_nc_ohc=i7Xwz82NFXgQ7kNvwGuH39m&#038;_nc_oc=Adrl6Pfns3depVa6AT9Tyo4cUzfJqMECBmMjl1QuQluJbRXAbWI9CbXvDkk1oa5-DNw&#038;_nc_zt=23&#038;_nc_ht=scontent-fra5-1.cdninstagram.com&#038;edm=AM6HXa8EAAAA&#038;_nc_gid=R08MRdPqLaZQIMw7tV4W7A&#038;oh=00_AQI-Q41a4Il8JQD0XEDdLsBqT4kXApCaX8Z7lieHvl334g&#038;oe=6AA02194\" data-img-src-set=\"{&quot;d&quot;:&quot;https:\\\/\\\/scontent-fra5-1.cdninstagram.com\\\/v\\\/t51.82787-15\\\/771573130_18108201296033659_1288020457143355055_n.webp?stp=dst-jpg_e35_tt6&amp;_nc_cat=100&amp;ccb=7-5&amp;_nc_sid=18de74&amp;efg=eyJlZmdfdGFnIjoiQ0FST1VTRUxfSVRFTS5iZXN0X2ltYWdlX3VybGdlbi5DMyJ9&amp;_nc_ohc=i7Xwz82NFXgQ7kNvwGuH39m&amp;_nc_oc=Adrl6Pfns3depVa6AT9Tyo4cUzfJqMECBmMjl1QuQluJbRXAbWI9CbXvDkk1oa5-DNw&amp;_nc_zt=23&amp;_nc_ht=scontent-fra5-1.cdninstagram.com&amp;edm=AM6HXa8EAAAA&amp;_nc_gid=R08MRdPqLaZQIMw7tV4W7A&amp;oh=00_AQI-Q41a4Il8JQD0XEDdLsBqT4kXApCaX8Z7lieHvl334g&amp;oe=6AA02194&quot;,&quot;150&quot;:&quot;https:\\\/\\\/scontent-fra5-1.cdninstagram.com\\\/v\\\/t51.82787-15\\\/771573130_18108201296033659_1288020457143355055_n.webp?stp=dst-jpg_e35_tt6&amp;_nc_cat=100&amp;ccb=7-5&amp;_nc_sid=18de74&amp;efg=eyJlZmdfdGFnIjoiQ0FST1VTRUxfSVRFTS5iZXN0X2ltYWdlX3VybGdlbi5DMyJ9&amp;_nc_ohc=i7Xwz82NFXgQ7kNvwGuH39m&amp;_nc_oc=Adrl6Pfns3depVa6AT9Tyo4cUzfJqMECBmMjl1QuQluJbRXAbWI9CbXvDkk1oa5-DNw&amp;_nc_zt=23&amp;_nc_ht=scontent-fra5-1.cdninstagram.com&amp;edm=AM6HXa8EAAAA&amp;_nc_gid=R08MRdPqLaZQIMw7tV4W7A&amp;oh=00_AQI-Q41a4Il8JQD0XEDdLsBqT4kXApCaX8Z7lieHvl334g&amp;oe=6AA02194&quot;,&quot;320&quot;:&quot;https:\\\/\\\/scontent-fra5-1.cdninstagram.com\\\/v\\\/t51.82787-15\\\/771573130_18108201296033659_1288020457143355055_n.webp?stp=dst-jpg_e35_tt6&amp;_nc_cat=100&amp;ccb=7-5&amp;_nc_sid=18de74&amp;efg=eyJlZmdfdGFnIjoiQ0FST1VTRUxfSVRFTS5iZXN0X2ltYWdlX3VybGdlbi5DMyJ9&amp;_nc_ohc=i7Xwz82NFXgQ7kNvwGuH39m&amp;_nc_oc=Adrl6Pfns3depVa6AT9Tyo4cUzfJqMECBmMjl1QuQluJbRXAbWI9CbXvDkk1oa5-DNw&amp;_nc_zt=23&amp;_nc_ht=scontent-fra5-1.cdninstagram.com&amp;edm=AM6HXa8EAAAA&amp;_nc_gid=R08MRdPqLaZQIMw7tV4W7A&amp;oh=00_AQI-Q41a4Il8JQD0XEDdLsBqT4kXApCaX8Z7lieHvl334g&amp;oe=6AA02194&quot;,&quot;640&quot;:&quot;https:\\\/\\\/scontent-fra5-1.cdninstagram.com\\\/v\\\/t51.82787-15\\\/771573130_18108201296033659_1288020457143355055_n.webp?stp=dst-jpg_e35_tt6&amp;_nc_cat=100&amp;ccb=7-5&amp;_nc_sid=18de74&amp;efg=eyJlZmdfdGFnIjoiQ0FST1VTRUxfSVRFTS5iZXN0X2ltYWdlX3VybGdlbi5DMyJ9&amp;_nc_ohc=i7Xwz82NFXgQ7kNvwGuH39m&amp;_nc_oc=Adrl6Pfns3depVa6AT9Tyo4cUzfJqMECBmMjl1QuQluJbRXAbWI9CbXvDkk1oa5-DNw&amp;_nc_zt=23&amp;_nc_ht=scontent-fra5-1.cdninstagram.com&amp;edm=AM6HXa8EAAAA&amp;_nc_gid=R08MRdPqLaZQIMw7tV4W7A&amp;oh=00_AQI-Q41a4Il8JQD0XEDdLsBqT4kXApCaX8Z7lieHvl334g&amp;oe=6AA02194&quot;}\">\r\n            <span class=\"sbi-screenreader\">Heute steht beim Aufbau noch der letzte Feinschlif<\/span>\r\n            <svg class=\"svg-inline--fa fa-clone fa-w-16 sbi_lightbox_carousel_icon\" aria-hidden=\"true\" aria-label=\"Clone\" data-fa-pro\u0192cessed=\"\" data-prefix=\"far\" data-icon=\"clone\" role=\"img\" xmlns=\"http:\/\/www.w3.org\/2000\/svg\" viewBox=\"0 0 512 512\">\n\t                <path fill=\"currentColor\" d=\"M464 0H144c-26.51 0-48 21.49-48 48v48H48c-26.51 0-48 21.49-48 48v320c0 26.51 21.49 48 48 48h320c26.51 0 48-21.49 48-48v-48h48c26.51 0 48-21.49 48-48V48c0-26.51-21.49-48-48-48zM362 464H54a6 6 0 0 1-6-6V150a6 6 0 0 1 6-6h42v224c0 26.51 21.49 48 48 48h224v42a6 6 0 0 1-6 6zm96-96H150a6 6 0 0 1-6-6V54a6 6 0 0 1 6-6h308a6 6 0 0 1 6 6v308a6 6 0 0 1-6 6z\"><\/path>\n\t            <\/svg>\t                    <img decoding=\"async\" src=\"https:\/\/www.mv-bernbach.de\/wordpress\/wp-content\/plugins\/instagram-feed\/img\/placeholder.png\" alt=\"Heute steht beim Aufbau noch der letzte Feinschliff an, dann kann Um 17:00 Uhr die Party steigen. Feuerwehr und Musikverein freuen sich auf zahlreiche Besucher im Biergarten &quot;Zum durstigen L\u00f6schmusikanten&quot;, aber auch alle anderen St\u00e4nde freuen sich auf Euch. Tolles Wetter, tolles Programm - auf geht&#039;s zur 1175-Jahr-Feier nach Bermich... ;-)\">\r\n        <\/a>\r\n    <\/div>\r\n<\/div><div class=\"sbi_item sbi_type_image sbi_new sbi_transition\" id=\"sbi_18125215546738772\" data-date=\"1785657647\">\r\n    <div class=\"sbi_photo_wrap\">\r\n        <a class=\"sbi_photo\" href=\"https:\/\/www.instagram.com\/p\/Dbh76MYDq8u\/\" target=\"_blank\" rel=\"noopener nofollow\" data-full-res=\"https:\/\/scontent-fra5-2.cdninstagram.com\/v\/t39.30808-6\/759776605_1558994989572339_49517195550238127_n.jpg?stp=dst-jpg_e35_tt6&#038;_nc_cat=109&#038;ccb=7-5&#038;_nc_sid=18de74&#038;efg=eyJlZmdfdGFnIjoiRkVFRC5iZXN0X2ltYWdlX3VybGdlbi5DMyJ9&#038;_nc_ohc=CxyuW8DdemIQ7kNvwEdZ5fA&#038;_nc_oc=Adp9O4XNFKXKI4N2FYXK6bN2FB_BuwNDf2jk9FQCO3zs6vkG2ngaKtXsIWpP5v_N5J4&#038;_nc_zt=23&#038;_nc_ht=scontent-fra5-2.cdninstagram.com&#038;edm=AM6HXa8EAAAA&#038;_nc_gid=R08MRdPqLaZQIMw7tV4W7A&#038;oh=00_AQJpWhu7kgWViJzdB2SkgXUp5mN7hODlUZKxUQo5Ru9tFg&#038;oe=6AA04D81\" data-img-src-set=\"{&quot;d&quot;:&quot;https:\\\/\\\/scontent-fra5-2.cdninstagram.com\\\/v\\\/t39.30808-6\\\/759776605_1558994989572339_49517195550238127_n.jpg?stp=dst-jpg_e35_tt6&amp;_nc_cat=109&amp;ccb=7-5&amp;_nc_sid=18de74&amp;efg=eyJlZmdfdGFnIjoiRkVFRC5iZXN0X2ltYWdlX3VybGdlbi5DMyJ9&amp;_nc_ohc=CxyuW8DdemIQ7kNvwEdZ5fA&amp;_nc_oc=Adp9O4XNFKXKI4N2FYXK6bN2FB_BuwNDf2jk9FQCO3zs6vkG2ngaKtXsIWpP5v_N5J4&amp;_nc_zt=23&amp;_nc_ht=scontent-fra5-2.cdninstagram.com&amp;edm=AM6HXa8EAAAA&amp;_nc_gid=R08MRdPqLaZQIMw7tV4W7A&amp;oh=00_AQJpWhu7kgWViJzdB2SkgXUp5mN7hODlUZKxUQo5Ru9tFg&amp;oe=6AA04D81&quot;,&quot;150&quot;:&quot;https:\\\/\\\/scontent-fra5-2.cdninstagram.com\\\/v\\\/t39.30808-6\\\/759776605_1558994989572339_49517195550238127_n.jpg?stp=dst-jpg_e35_tt6&amp;_nc_cat=109&amp;ccb=7-5&amp;_nc_sid=18de74&amp;efg=eyJlZmdfdGFnIjoiRkVFRC5iZXN0X2ltYWdlX3VybGdlbi5DMyJ9&amp;_nc_ohc=CxyuW8DdemIQ7kNvwEdZ5fA&amp;_nc_oc=Adp9O4XNFKXKI4N2FYXK6bN2FB_BuwNDf2jk9FQCO3zs6vkG2ngaKtXsIWpP5v_N5J4&amp;_nc_zt=23&amp;_nc_ht=scontent-fra5-2.cdninstagram.com&amp;edm=AM6HXa8EAAAA&amp;_nc_gid=R08MRdPqLaZQIMw7tV4W7A&amp;oh=00_AQJpWhu7kgWViJzdB2SkgXUp5mN7hODlUZKxUQo5Ru9tFg&amp;oe=6AA04D81&quot;,&quot;320&quot;:&quot;https:\\\/\\\/scontent-fra5-2.cdninstagram.com\\\/v\\\/t39.30808-6\\\/759776605_1558994989572339_49517195550238127_n.jpg?stp=dst-jpg_e35_tt6&amp;_nc_cat=109&amp;ccb=7-5&amp;_nc_sid=18de74&amp;efg=eyJlZmdfdGFnIjoiRkVFRC5iZXN0X2ltYWdlX3VybGdlbi5DMyJ9&amp;_nc_ohc=CxyuW8DdemIQ7kNvwEdZ5fA&amp;_nc_oc=Adp9O4XNFKXKI4N2FYXK6bN2FB_BuwNDf2jk9FQCO3zs6vkG2ngaKtXsIWpP5v_N5J4&amp;_nc_zt=23&amp;_nc_ht=scontent-fra5-2.cdninstagram.com&amp;edm=AM6HXa8EAAAA&amp;_nc_gid=R08MRdPqLaZQIMw7tV4W7A&amp;oh=00_AQJpWhu7kgWViJzdB2SkgXUp5mN7hODlUZKxUQo5Ru9tFg&amp;oe=6AA04D81&quot;,&quot;640&quot;:&quot;https:\\\/\\\/scontent-fra5-2.cdninstagram.com\\\/v\\\/t39.30808-6\\\/759776605_1558994989572339_49517195550238127_n.jpg?stp=dst-jpg_e35_tt6&amp;_nc_cat=109&amp;ccb=7-5&amp;_nc_sid=18de74&amp;efg=eyJlZmdfdGFnIjoiRkVFRC5iZXN0X2ltYWdlX3VybGdlbi5DMyJ9&amp;_nc_ohc=CxyuW8DdemIQ7kNvwEdZ5fA&amp;_nc_oc=Adp9O4XNFKXKI4N2FYXK6bN2FB_BuwNDf2jk9FQCO3zs6vkG2ngaKtXsIWpP5v_N5J4&amp;_nc_zt=23&amp;_nc_ht=scontent-fra5-2.cdninstagram.com&amp;edm=AM6HXa8EAAAA&amp;_nc_gid=R08MRdPqLaZQIMw7tV4W7A&amp;oh=00_AQJpWhu7kgWViJzdB2SkgXUp5mN7hODlUZKxUQo5Ru9tFg&amp;oe=6AA04D81&quot;}\">\r\n            <span class=\"sbi-screenreader\">Die Vorfreude auf die 1175-Jahr-Feier steigt mit j<\/span>\r\n            \t                    <img decoding=\"async\" src=\"https:\/\/www.mv-bernbach.de\/wordpress\/wp-content\/plugins\/instagram-feed\/img\/placeholder.png\" alt=\"Die Vorfreude auf die 1175-Jahr-Feier steigt mit jedem Tag und die Vorbereitungen gehen langsam in die Endphase. Gemeinsam mit der Feuerwehr haben wir die Getr\u00e4nketheke \u00fcbernommen und freuen uns schon heute, m\u00f6glichst viele bekannte und unbekannte Gesichter zu sehen, wird bestimmt ein tolles Fest. #Bernbach #mainkinzigkreis #eintrittfrei #livemusik #Fatima #vereint #follower\">\r\n        <\/a>\r\n    <\/div>\r\n<\/div><div class=\"sbi_item sbi_type_carousel sbi_new sbi_transition\" id=\"sbi_18033674102820957\" data-date=\"1785055001\">\r\n    <div class=\"sbi_photo_wrap\">\r\n        <a class=\"sbi_photo\" href=\"https:\/\/www.instagram.com\/p\/DbP-dDtCBWO\/\" target=\"_blank\" rel=\"noopener nofollow\" data-full-res=\"https:\/\/scontent-fra3-2.cdninstagram.com\/v\/t39.30808-6\/756341915_1553264156812089_4116757997671640132_n.jpg?stp=dst-jpg_e35_tt6&#038;_nc_cat=111&#038;ccb=7-5&#038;_nc_sid=18de74&#038;efg=eyJlZmdfdGFnIjoiQ0FST1VTRUxfSVRFTS5iZXN0X2ltYWdlX3VybGdlbi5DMyJ9&#038;_nc_ohc=Z1zI7qJDULYQ7kNvwFPD6uh&#038;_nc_oc=AdoxBLioEgQyXskeXHtTIKOrowoFQPjxRHPtY1az-kG16YTQTX8mGkQ8Kox1bv_VyO4&#038;_nc_zt=23&#038;_nc_ht=scontent-fra3-2.cdninstagram.com&#038;edm=AM6HXa8EAAAA&#038;_nc_gid=R08MRdPqLaZQIMw7tV4W7A&#038;oh=00_AQKnN8s0gIo0GBW8_aGUVYaAZSVsEycJIqiTMdLA3pXTYA&#038;oe=6AA038A9\" data-img-src-set=\"{&quot;d&quot;:&quot;https:\\\/\\\/scontent-fra3-2.cdninstagram.com\\\/v\\\/t39.30808-6\\\/756341915_1553264156812089_4116757997671640132_n.jpg?stp=dst-jpg_e35_tt6&amp;_nc_cat=111&amp;ccb=7-5&amp;_nc_sid=18de74&amp;efg=eyJlZmdfdGFnIjoiQ0FST1VTRUxfSVRFTS5iZXN0X2ltYWdlX3VybGdlbi5DMyJ9&amp;_nc_ohc=Z1zI7qJDULYQ7kNvwFPD6uh&amp;_nc_oc=AdoxBLioEgQyXskeXHtTIKOrowoFQPjxRHPtY1az-kG16YTQTX8mGkQ8Kox1bv_VyO4&amp;_nc_zt=23&amp;_nc_ht=scontent-fra3-2.cdninstagram.com&amp;edm=AM6HXa8EAAAA&amp;_nc_gid=R08MRdPqLaZQIMw7tV4W7A&amp;oh=00_AQKnN8s0gIo0GBW8_aGUVYaAZSVsEycJIqiTMdLA3pXTYA&amp;oe=6AA038A9&quot;,&quot;150&quot;:&quot;https:\\\/\\\/scontent-fra3-2.cdninstagram.com\\\/v\\\/t39.30808-6\\\/756341915_1553264156812089_4116757997671640132_n.jpg?stp=dst-jpg_e35_tt6&amp;_nc_cat=111&amp;ccb=7-5&amp;_nc_sid=18de74&amp;efg=eyJlZmdfdGFnIjoiQ0FST1VTRUxfSVRFTS5iZXN0X2ltYWdlX3VybGdlbi5DMyJ9&amp;_nc_ohc=Z1zI7qJDULYQ7kNvwFPD6uh&amp;_nc_oc=AdoxBLioEgQyXskeXHtTIKOrowoFQPjxRHPtY1az-kG16YTQTX8mGkQ8Kox1bv_VyO4&amp;_nc_zt=23&amp;_nc_ht=scontent-fra3-2.cdninstagram.com&amp;edm=AM6HXa8EAAAA&amp;_nc_gid=R08MRdPqLaZQIMw7tV4W7A&amp;oh=00_AQKnN8s0gIo0GBW8_aGUVYaAZSVsEycJIqiTMdLA3pXTYA&amp;oe=6AA038A9&quot;,&quot;320&quot;:&quot;https:\\\/\\\/scontent-fra3-2.cdninstagram.com\\\/v\\\/t39.30808-6\\\/756341915_1553264156812089_4116757997671640132_n.jpg?stp=dst-jpg_e35_tt6&amp;_nc_cat=111&amp;ccb=7-5&amp;_nc_sid=18de74&amp;efg=eyJlZmdfdGFnIjoiQ0FST1VTRUxfSVRFTS5iZXN0X2ltYWdlX3VybGdlbi5DMyJ9&amp;_nc_ohc=Z1zI7qJDULYQ7kNvwFPD6uh&amp;_nc_oc=AdoxBLioEgQyXskeXHtTIKOrowoFQPjxRHPtY1az-kG16YTQTX8mGkQ8Kox1bv_VyO4&amp;_nc_zt=23&amp;_nc_ht=scontent-fra3-2.cdninstagram.com&amp;edm=AM6HXa8EAAAA&amp;_nc_gid=R08MRdPqLaZQIMw7tV4W7A&amp;oh=00_AQKnN8s0gIo0GBW8_aGUVYaAZSVsEycJIqiTMdLA3pXTYA&amp;oe=6AA038A9&quot;,&quot;640&quot;:&quot;https:\\\/\\\/scontent-fra3-2.cdninstagram.com\\\/v\\\/t39.30808-6\\\/756341915_1553264156812089_4116757997671640132_n.jpg?stp=dst-jpg_e35_tt6&amp;_nc_cat=111&amp;ccb=7-5&amp;_nc_sid=18de74&amp;efg=eyJlZmdfdGFnIjoiQ0FST1VTRUxfSVRFTS5iZXN0X2ltYWdlX3VybGdlbi5DMyJ9&amp;_nc_ohc=Z1zI7qJDULYQ7kNvwFPD6uh&amp;_nc_oc=AdoxBLioEgQyXskeXHtTIKOrowoFQPjxRHPtY1az-kG16YTQTX8mGkQ8Kox1bv_VyO4&amp;_nc_zt=23&amp;_nc_ht=scontent-fra3-2.cdninstagram.com&amp;edm=AM6HXa8EAAAA&amp;_nc_gid=R08MRdPqLaZQIMw7tV4W7A&amp;oh=00_AQKnN8s0gIo0GBW8_aGUVYaAZSVsEycJIqiTMdLA3pXTYA&amp;oe=6AA038A9&quot;}\">\r\n            <span class=\"sbi-screenreader\">Die Vorfreude auf die 1175-Jahr-Feier steigt mit j<\/span>\r\n            <svg class=\"svg-inline--fa fa-clone fa-w-16 sbi_lightbox_carousel_icon\" aria-hidden=\"true\" aria-label=\"Clone\" data-fa-pro\u0192cessed=\"\" data-prefix=\"far\" data-icon=\"clone\" role=\"img\" xmlns=\"http:\/\/www.w3.org\/2000\/svg\" viewBox=\"0 0 512 512\">\n\t                <path fill=\"currentColor\" d=\"M464 0H144c-26.51 0-48 21.49-48 48v48H48c-26.51 0-48 21.49-48 48v320c0 26.51 21.49 48 48 48h320c26.51 0 48-21.49 48-48v-48h48c26.51 0 48-21.49 48-48V48c0-26.51-21.49-48-48-48zM362 464H54a6 6 0 0 1-6-6V150a6 6 0 0 1 6-6h42v224c0 26.51 21.49 48 48 48h224v42a6 6 0 0 1-6 6zm96-96H150a6 6 0 0 1-6-6V54a6 6 0 0 1 6-6h308a6 6 0 0 1 6 6v308a6 6 0 0 1-6 6z\"><\/path>\n\t            <\/svg>\t                    <img decoding=\"async\" src=\"https:\/\/www.mv-bernbach.de\/wordpress\/wp-content\/plugins\/instagram-feed\/img\/placeholder.png\" alt=\"Die Vorfreude auf die 1175-Jahr-Feier steigt mit jedem Tag und die Vorbereitungen gehen langsam in die Endphase. Wir freuen uns schon heute, m\u00f6glichst viele bekannte und unbekannte Gesichter zu sehen, wird bestimmt ein tolles Fest. #Bernbach #mainkinzigkreis #eintrittfrei #livemusik #Fatima #vereint\">\r\n        <\/a>\r\n    <\/div>\r\n<\/div><div class=\"sbi_item sbi_type_image sbi_new sbi_transition\" id=\"sbi_18101610824270458\" data-date=\"1783170993\">\r\n    <div class=\"sbi_photo_wrap\">\r\n        <a class=\"sbi_photo\" href=\"https:\/\/www.instagram.com\/p\/DaX0NixiDMh\/\" target=\"_blank\" rel=\"noopener nofollow\" data-full-res=\"https:\/\/scontent-fra3-1.cdninstagram.com\/v\/t51.82787-15\/733935583_18104150996033659_5229137338432182359_n.jpg?stp=dst-jpg_e35_tt6&#038;_nc_cat=103&#038;ccb=7-5&#038;_nc_sid=18de74&#038;efg=eyJlZmdfdGFnIjoiRkVFRC5iZXN0X2ltYWdlX3VybGdlbi5DMyJ9&#038;_nc_ohc=6OwSh7yAMxcQ7kNvwFg1Gqd&#038;_nc_oc=AdrC80e64nvaRg8RZM7VJGfixBF-WYS0Q6FygNgJDuNJvEK__OJqEzcbNvV_D7Xw1NQ&#038;_nc_zt=23&#038;_nc_ht=scontent-fra3-1.cdninstagram.com&#038;edm=AM6HXa8EAAAA&#038;_nc_gid=R08MRdPqLaZQIMw7tV4W7A&#038;oh=00_AQKsfPyXODzvjjJdQpVz20TITdONhkqcG8otdN9_HRy5_A&#038;oe=6AA04F78\" data-img-src-set=\"{&quot;d&quot;:&quot;https:\\\/\\\/scontent-fra3-1.cdninstagram.com\\\/v\\\/t51.82787-15\\\/733935583_18104150996033659_5229137338432182359_n.jpg?stp=dst-jpg_e35_tt6&amp;_nc_cat=103&amp;ccb=7-5&amp;_nc_sid=18de74&amp;efg=eyJlZmdfdGFnIjoiRkVFRC5iZXN0X2ltYWdlX3VybGdlbi5DMyJ9&amp;_nc_ohc=6OwSh7yAMxcQ7kNvwFg1Gqd&amp;_nc_oc=AdrC80e64nvaRg8RZM7VJGfixBF-WYS0Q6FygNgJDuNJvEK__OJqEzcbNvV_D7Xw1NQ&amp;_nc_zt=23&amp;_nc_ht=scontent-fra3-1.cdninstagram.com&amp;edm=AM6HXa8EAAAA&amp;_nc_gid=R08MRdPqLaZQIMw7tV4W7A&amp;oh=00_AQKsfPyXODzvjjJdQpVz20TITdONhkqcG8otdN9_HRy5_A&amp;oe=6AA04F78&quot;,&quot;150&quot;:&quot;https:\\\/\\\/scontent-fra3-1.cdninstagram.com\\\/v\\\/t51.82787-15\\\/733935583_18104150996033659_5229137338432182359_n.jpg?stp=dst-jpg_e35_tt6&amp;_nc_cat=103&amp;ccb=7-5&amp;_nc_sid=18de74&amp;efg=eyJlZmdfdGFnIjoiRkVFRC5iZXN0X2ltYWdlX3VybGdlbi5DMyJ9&amp;_nc_ohc=6OwSh7yAMxcQ7kNvwFg1Gqd&amp;_nc_oc=AdrC80e64nvaRg8RZM7VJGfixBF-WYS0Q6FygNgJDuNJvEK__OJqEzcbNvV_D7Xw1NQ&amp;_nc_zt=23&amp;_nc_ht=scontent-fra3-1.cdninstagram.com&amp;edm=AM6HXa8EAAAA&amp;_nc_gid=R08MRdPqLaZQIMw7tV4W7A&amp;oh=00_AQKsfPyXODzvjjJdQpVz20TITdONhkqcG8otdN9_HRy5_A&amp;oe=6AA04F78&quot;,&quot;320&quot;:&quot;https:\\\/\\\/scontent-fra3-1.cdninstagram.com\\\/v\\\/t51.82787-15\\\/733935583_18104150996033659_5229137338432182359_n.jpg?stp=dst-jpg_e35_tt6&amp;_nc_cat=103&amp;ccb=7-5&amp;_nc_sid=18de74&amp;efg=eyJlZmdfdGFnIjoiRkVFRC5iZXN0X2ltYWdlX3VybGdlbi5DMyJ9&amp;_nc_ohc=6OwSh7yAMxcQ7kNvwFg1Gqd&amp;_nc_oc=AdrC80e64nvaRg8RZM7VJGfixBF-WYS0Q6FygNgJDuNJvEK__OJqEzcbNvV_D7Xw1NQ&amp;_nc_zt=23&amp;_nc_ht=scontent-fra3-1.cdninstagram.com&amp;edm=AM6HXa8EAAAA&amp;_nc_gid=R08MRdPqLaZQIMw7tV4W7A&amp;oh=00_AQKsfPyXODzvjjJdQpVz20TITdONhkqcG8otdN9_HRy5_A&amp;oe=6AA04F78&quot;,&quot;640&quot;:&quot;https:\\\/\\\/scontent-fra3-1.cdninstagram.com\\\/v\\\/t51.82787-15\\\/733935583_18104150996033659_5229137338432182359_n.jpg?stp=dst-jpg_e35_tt6&amp;_nc_cat=103&amp;ccb=7-5&amp;_nc_sid=18de74&amp;efg=eyJlZmdfdGFnIjoiRkVFRC5iZXN0X2ltYWdlX3VybGdlbi5DMyJ9&amp;_nc_ohc=6OwSh7yAMxcQ7kNvwFg1Gqd&amp;_nc_oc=AdrC80e64nvaRg8RZM7VJGfixBF-WYS0Q6FygNgJDuNJvEK__OJqEzcbNvV_D7Xw1NQ&amp;_nc_zt=23&amp;_nc_ht=scontent-fra3-1.cdninstagram.com&amp;edm=AM6HXa8EAAAA&amp;_nc_gid=R08MRdPqLaZQIMw7tV4W7A&amp;oh=00_AQKsfPyXODzvjjJdQpVz20TITdONhkqcG8otdN9_HRy5_A&amp;oe=6AA04F78&quot;}\">\r\n            <span class=\"sbi-screenreader\">Besondere Probe zum Saisonabschluss. Nicht im Prob<\/span>\r\n            \t                    <img decoding=\"async\" src=\"https:\/\/www.mv-bernbach.de\/wordpress\/wp-content\/plugins\/instagram-feed\/img\/placeholder.png\" alt=\"Besondere Probe zum Saisonabschluss. Nicht im Proberaum, sondern im Ger\u00e4tehaus der @ff_frg_nord. Der musikalische Abschluss ist gleichzeitig der Auftakt f\u00fcr das Jubil\u00e4umsorchester zur 1175-Jahr-Feier im August. Neben den aktiven des MVB wirken auch Ehemalige sowie Musiker anderer Vereine mit. Dirigent und Vorstand bedanken sich f\u00fcr die engagierte Probearbeit. Nach der verdienten Sommerpause geht es am 8. August weiter - mit Vorfreude auf das Jubil\u00e4umswochenende.\">\r\n        <\/a>\r\n    <\/div>\r\n<\/div><div class=\"sbi_item sbi_type_carousel sbi_new sbi_transition\" id=\"sbi_18004646690917247\" data-date=\"1779638456\">\r\n    <div class=\"sbi_photo_wrap\">\r\n        <a class=\"sbi_photo\" href=\"https:\/\/www.instagram.com\/p\/DYujN0QDXK6\/\" target=\"_blank\" rel=\"noopener nofollow\" data-full-res=\"https:\/\/scontent-fra5-2.cdninstagram.com\/v\/t39.30808-6\/703687599_1496557799149392_7368943533381788349_n.jpg?stp=dst-jpg_e35_tt6&#038;_nc_cat=109&#038;ccb=7-5&#038;_nc_sid=18de74&#038;efg=eyJlZmdfdGFnIjoiQ0FST1VTRUxfSVRFTS5iZXN0X2ltYWdlX3VybGdlbi5DMyJ9&#038;_nc_ohc=_lW7EqPvrGMQ7kNvwGxD1Rs&#038;_nc_oc=AdpFOZJVJ0kt7eGu2nISqAm-2seZ5v3UXpqI1zdcczPvOh3gNBUKXmiwE9ISOSgq4Yk&#038;_nc_zt=23&#038;_nc_ht=scontent-fra5-2.cdninstagram.com&#038;edm=AM6HXa8EAAAA&#038;_nc_gid=R08MRdPqLaZQIMw7tV4W7A&#038;oh=00_AQJHIQumPplNEcPAijud_mUeHiaz3ReGlcgDNjgf6P5hxw&#038;oe=6AA03122\" data-img-src-set=\"{&quot;d&quot;:&quot;https:\\\/\\\/scontent-fra5-2.cdninstagram.com\\\/v\\\/t39.30808-6\\\/703687599_1496557799149392_7368943533381788349_n.jpg?stp=dst-jpg_e35_tt6&amp;_nc_cat=109&amp;ccb=7-5&amp;_nc_sid=18de74&amp;efg=eyJlZmdfdGFnIjoiQ0FST1VTRUxfSVRFTS5iZXN0X2ltYWdlX3VybGdlbi5DMyJ9&amp;_nc_ohc=_lW7EqPvrGMQ7kNvwGxD1Rs&amp;_nc_oc=AdpFOZJVJ0kt7eGu2nISqAm-2seZ5v3UXpqI1zdcczPvOh3gNBUKXmiwE9ISOSgq4Yk&amp;_nc_zt=23&amp;_nc_ht=scontent-fra5-2.cdninstagram.com&amp;edm=AM6HXa8EAAAA&amp;_nc_gid=R08MRdPqLaZQIMw7tV4W7A&amp;oh=00_AQJHIQumPplNEcPAijud_mUeHiaz3ReGlcgDNjgf6P5hxw&amp;oe=6AA03122&quot;,&quot;150&quot;:&quot;https:\\\/\\\/scontent-fra5-2.cdninstagram.com\\\/v\\\/t39.30808-6\\\/703687599_1496557799149392_7368943533381788349_n.jpg?stp=dst-jpg_e35_tt6&amp;_nc_cat=109&amp;ccb=7-5&amp;_nc_sid=18de74&amp;efg=eyJlZmdfdGFnIjoiQ0FST1VTRUxfSVRFTS5iZXN0X2ltYWdlX3VybGdlbi5DMyJ9&amp;_nc_ohc=_lW7EqPvrGMQ7kNvwGxD1Rs&amp;_nc_oc=AdpFOZJVJ0kt7eGu2nISqAm-2seZ5v3UXpqI1zdcczPvOh3gNBUKXmiwE9ISOSgq4Yk&amp;_nc_zt=23&amp;_nc_ht=scontent-fra5-2.cdninstagram.com&amp;edm=AM6HXa8EAAAA&amp;_nc_gid=R08MRdPqLaZQIMw7tV4W7A&amp;oh=00_AQJHIQumPplNEcPAijud_mUeHiaz3ReGlcgDNjgf6P5hxw&amp;oe=6AA03122&quot;,&quot;320&quot;:&quot;https:\\\/\\\/scontent-fra5-2.cdninstagram.com\\\/v\\\/t39.30808-6\\\/703687599_1496557799149392_7368943533381788349_n.jpg?stp=dst-jpg_e35_tt6&amp;_nc_cat=109&amp;ccb=7-5&amp;_nc_sid=18de74&amp;efg=eyJlZmdfdGFnIjoiQ0FST1VTRUxfSVRFTS5iZXN0X2ltYWdlX3VybGdlbi5DMyJ9&amp;_nc_ohc=_lW7EqPvrGMQ7kNvwGxD1Rs&amp;_nc_oc=AdpFOZJVJ0kt7eGu2nISqAm-2seZ5v3UXpqI1zdcczPvOh3gNBUKXmiwE9ISOSgq4Yk&amp;_nc_zt=23&amp;_nc_ht=scontent-fra5-2.cdninstagram.com&amp;edm=AM6HXa8EAAAA&amp;_nc_gid=R08MRdPqLaZQIMw7tV4W7A&amp;oh=00_AQJHIQumPplNEcPAijud_mUeHiaz3ReGlcgDNjgf6P5hxw&amp;oe=6AA03122&quot;,&quot;640&quot;:&quot;https:\\\/\\\/scontent-fra5-2.cdninstagram.com\\\/v\\\/t39.30808-6\\\/703687599_1496557799149392_7368943533381788349_n.jpg?stp=dst-jpg_e35_tt6&amp;_nc_cat=109&amp;ccb=7-5&amp;_nc_sid=18de74&amp;efg=eyJlZmdfdGFnIjoiQ0FST1VTRUxfSVRFTS5iZXN0X2ltYWdlX3VybGdlbi5DMyJ9&amp;_nc_ohc=_lW7EqPvrGMQ7kNvwGxD1Rs&amp;_nc_oc=AdpFOZJVJ0kt7eGu2nISqAm-2seZ5v3UXpqI1zdcczPvOh3gNBUKXmiwE9ISOSgq4Yk&amp;_nc_zt=23&amp;_nc_ht=scontent-fra5-2.cdninstagram.com&amp;edm=AM6HXa8EAAAA&amp;_nc_gid=R08MRdPqLaZQIMw7tV4W7A&amp;oh=00_AQJHIQumPplNEcPAijud_mUeHiaz3ReGlcgDNjgf6P5hxw&amp;oe=6AA03122&quot;}\">\r\n            <span class=\"sbi-screenreader\">Zwei sch\u00f6ne Aufritte am Pfingstwochenende haben w<\/span>\r\n            <svg class=\"svg-inline--fa fa-clone fa-w-16 sbi_lightbox_carousel_icon\" aria-hidden=\"true\" aria-label=\"Clone\" data-fa-pro\u0192cessed=\"\" data-prefix=\"far\" data-icon=\"clone\" role=\"img\" xmlns=\"http:\/\/www.w3.org\/2000\/svg\" viewBox=\"0 0 512 512\">\n\t                <path fill=\"currentColor\" d=\"M464 0H144c-26.51 0-48 21.49-48 48v48H48c-26.51 0-48 21.49-48 48v320c0 26.51 21.49 48 48 48h320c26.51 0 48-21.49 48-48v-48h48c26.51 0 48-21.49 48-48V48c0-26.51-21.49-48-48-48zM362 464H54a6 6 0 0 1-6-6V150a6 6 0 0 1 6-6h42v224c0 26.51 21.49 48 48 48h224v42a6 6 0 0 1-6 6zm96-96H150a6 6 0 0 1-6-6V54a6 6 0 0 1 6-6h308a6 6 0 0 1 6 6v308a6 6 0 0 1-6 6z\"><\/path>\n\t            <\/svg>\t                    <img decoding=\"async\" src=\"https:\/\/www.mv-bernbach.de\/wordpress\/wp-content\/plugins\/instagram-feed\/img\/placeholder.png\" alt=\"Zwei sch\u00f6ne Aufritte am Pfingstwochenende haben wir gemeistert, am Samstag beim Kerbbaumstellen des MV H\u00f6chst und am Sonntag auf dem Grillfest des TTC Bernbach - danke f\u00fcr Euren Applaus und bis bald mal wieder !\n #Bernbach #mainkinzigkreis #blasmusik\">\r\n        <\/a>\r\n    <\/div>\r\n<\/div><div class=\"sbi_item sbi_type_carousel sbi_new sbi_transition\" id=\"sbi_17967689784112536\" data-date=\"1779378771\">\r\n    <div class=\"sbi_photo_wrap\">\r\n        <a class=\"sbi_photo\" href=\"https:\/\/www.instagram.com\/p\/DYmz56wiEN2\/\" target=\"_blank\" rel=\"noopener nofollow\" data-full-res=\"https:\/\/scontent-fra3-2.cdninstagram.com\/v\/t39.30808-6\/702763543_1494052319399940_1495122048418278152_n.jpg?stp=dst-jpg_e35_tt6&#038;_nc_cat=111&#038;ccb=7-5&#038;_nc_sid=18de74&#038;efg=eyJlZmdfdGFnIjoiQ0FST1VTRUxfSVRFTS5iZXN0X2ltYWdlX3VybGdlbi5DMyJ9&#038;_nc_ohc=0qHpiuWajYgQ7kNvwG6t7LI&#038;_nc_oc=Adoq7vw1E-9KX8JDbwAIm4FOeu6LMe4OKSuF07Yhw3jl9sAHuK44jhyUEImQjxa4mRM&#038;_nc_zt=23&#038;_nc_ht=scontent-fra3-2.cdninstagram.com&#038;edm=AM6HXa8EAAAA&#038;_nc_gid=R08MRdPqLaZQIMw7tV4W7A&#038;oh=00_AQKOPvKjEMyrN8r-QdY-iwJAP7m96-x5alri1titFkwpAQ&#038;oe=6AA023CD\" data-img-src-set=\"{&quot;d&quot;:&quot;https:\\\/\\\/scontent-fra3-2.cdninstagram.com\\\/v\\\/t39.30808-6\\\/702763543_1494052319399940_1495122048418278152_n.jpg?stp=dst-jpg_e35_tt6&amp;_nc_cat=111&amp;ccb=7-5&amp;_nc_sid=18de74&amp;efg=eyJlZmdfdGFnIjoiQ0FST1VTRUxfSVRFTS5iZXN0X2ltYWdlX3VybGdlbi5DMyJ9&amp;_nc_ohc=0qHpiuWajYgQ7kNvwG6t7LI&amp;_nc_oc=Adoq7vw1E-9KX8JDbwAIm4FOeu6LMe4OKSuF07Yhw3jl9sAHuK44jhyUEImQjxa4mRM&amp;_nc_zt=23&amp;_nc_ht=scontent-fra3-2.cdninstagram.com&amp;edm=AM6HXa8EAAAA&amp;_nc_gid=R08MRdPqLaZQIMw7tV4W7A&amp;oh=00_AQKOPvKjEMyrN8r-QdY-iwJAP7m96-x5alri1titFkwpAQ&amp;oe=6AA023CD&quot;,&quot;150&quot;:&quot;https:\\\/\\\/scontent-fra3-2.cdninstagram.com\\\/v\\\/t39.30808-6\\\/702763543_1494052319399940_1495122048418278152_n.jpg?stp=dst-jpg_e35_tt6&amp;_nc_cat=111&amp;ccb=7-5&amp;_nc_sid=18de74&amp;efg=eyJlZmdfdGFnIjoiQ0FST1VTRUxfSVRFTS5iZXN0X2ltYWdlX3VybGdlbi5DMyJ9&amp;_nc_ohc=0qHpiuWajYgQ7kNvwG6t7LI&amp;_nc_oc=Adoq7vw1E-9KX8JDbwAIm4FOeu6LMe4OKSuF07Yhw3jl9sAHuK44jhyUEImQjxa4mRM&amp;_nc_zt=23&amp;_nc_ht=scontent-fra3-2.cdninstagram.com&amp;edm=AM6HXa8EAAAA&amp;_nc_gid=R08MRdPqLaZQIMw7tV4W7A&amp;oh=00_AQKOPvKjEMyrN8r-QdY-iwJAP7m96-x5alri1titFkwpAQ&amp;oe=6AA023CD&quot;,&quot;320&quot;:&quot;https:\\\/\\\/scontent-fra3-2.cdninstagram.com\\\/v\\\/t39.30808-6\\\/702763543_1494052319399940_1495122048418278152_n.jpg?stp=dst-jpg_e35_tt6&amp;_nc_cat=111&amp;ccb=7-5&amp;_nc_sid=18de74&amp;efg=eyJlZmdfdGFnIjoiQ0FST1VTRUxfSVRFTS5iZXN0X2ltYWdlX3VybGdlbi5DMyJ9&amp;_nc_ohc=0qHpiuWajYgQ7kNvwG6t7LI&amp;_nc_oc=Adoq7vw1E-9KX8JDbwAIm4FOeu6LMe4OKSuF07Yhw3jl9sAHuK44jhyUEImQjxa4mRM&amp;_nc_zt=23&amp;_nc_ht=scontent-fra3-2.cdninstagram.com&amp;edm=AM6HXa8EAAAA&amp;_nc_gid=R08MRdPqLaZQIMw7tV4W7A&amp;oh=00_AQKOPvKjEMyrN8r-QdY-iwJAP7m96-x5alri1titFkwpAQ&amp;oe=6AA023CD&quot;,&quot;640&quot;:&quot;https:\\\/\\\/scontent-fra3-2.cdninstagram.com\\\/v\\\/t39.30808-6\\\/702763543_1494052319399940_1495122048418278152_n.jpg?stp=dst-jpg_e35_tt6&amp;_nc_cat=111&amp;ccb=7-5&amp;_nc_sid=18de74&amp;efg=eyJlZmdfdGFnIjoiQ0FST1VTRUxfSVRFTS5iZXN0X2ltYWdlX3VybGdlbi5DMyJ9&amp;_nc_ohc=0qHpiuWajYgQ7kNvwG6t7LI&amp;_nc_oc=Adoq7vw1E-9KX8JDbwAIm4FOeu6LMe4OKSuF07Yhw3jl9sAHuK44jhyUEImQjxa4mRM&amp;_nc_zt=23&amp;_nc_ht=scontent-fra3-2.cdninstagram.com&amp;edm=AM6HXa8EAAAA&amp;_nc_gid=R08MRdPqLaZQIMw7tV4W7A&amp;oh=00_AQKOPvKjEMyrN8r-QdY-iwJAP7m96-x5alri1titFkwpAQ&amp;oe=6AA023CD&quot;}\">\r\n            <span class=\"sbi-screenreader\">Unser Auftrittsprogramm f\u00fcr das kommende Pfingstw<\/span>\r\n            <svg class=\"svg-inline--fa fa-clone fa-w-16 sbi_lightbox_carousel_icon\" aria-hidden=\"true\" aria-label=\"Clone\" data-fa-pro\u0192cessed=\"\" data-prefix=\"far\" data-icon=\"clone\" role=\"img\" xmlns=\"http:\/\/www.w3.org\/2000\/svg\" viewBox=\"0 0 512 512\">\n\t                <path fill=\"currentColor\" d=\"M464 0H144c-26.51 0-48 21.49-48 48v48H48c-26.51 0-48 21.49-48 48v320c0 26.51 21.49 48 48 48h320c26.51 0 48-21.49 48-48v-48h48c26.51 0 48-21.49 48-48V48c0-26.51-21.49-48-48-48zM362 464H54a6 6 0 0 1-6-6V150a6 6 0 0 1 6-6h42v224c0 26.51 21.49 48 48 48h224v42a6 6 0 0 1-6 6zm96-96H150a6 6 0 0 1-6-6V54a6 6 0 0 1 6-6h308a6 6 0 0 1 6 6v308a6 6 0 0 1-6 6z\"><\/path>\n\t            <\/svg>\t                    <img decoding=\"async\" src=\"https:\/\/www.mv-bernbach.de\/wordpress\/wp-content\/plugins\/instagram-feed\/img\/placeholder.png\" alt=\"Unser Auftrittsprogramm f\u00fcr das kommende Pfingstwochenende - kommt vorbei, wir freuen uns ... ;-)\">\r\n        <\/a>\r\n    <\/div>\r\n<\/div><div class=\"sbi_item sbi_type_carousel sbi_new sbi_transition\" id=\"sbi_18082351847635559\" data-date=\"1779011862\">\r\n    <div class=\"sbi_photo_wrap\">\r\n        <a class=\"sbi_photo\" href=\"https:\/\/www.instagram.com\/p\/DYb4FS9CHn5\/\" target=\"_blank\" rel=\"noopener nofollow\" data-full-res=\"https:\/\/scontent-fra3-2.cdninstagram.com\/v\/t39.30808-6\/700087603_1490204273118078_1983515498059508827_n.jpg?stp=dst-jpg_e35_tt6&#038;_nc_cat=111&#038;ccb=7-5&#038;_nc_sid=18de74&#038;efg=eyJlZmdfdGFnIjoiQ0FST1VTRUxfSVRFTS5iZXN0X2ltYWdlX3VybGdlbi5DMyJ9&#038;_nc_ohc=357RaalFdh8Q7kNvwEJjDOz&#038;_nc_oc=AdoNqFp0AIbfq0ZOR-kci7A5QbJ89vHSATPyFaa6MO_Wewqbn4l-pixtxTHZH5homnw&#038;_nc_zt=23&#038;_nc_ht=scontent-fra3-2.cdninstagram.com&#038;edm=AM6HXa8EAAAA&#038;_nc_gid=R08MRdPqLaZQIMw7tV4W7A&#038;oh=00_AQIYa4PDj9fN5znIIc7u4sHojaorbHuiuPy355JHV5mvsA&#038;oe=6AA048C8\" data-img-src-set=\"{&quot;d&quot;:&quot;https:\\\/\\\/scontent-fra3-2.cdninstagram.com\\\/v\\\/t39.30808-6\\\/700087603_1490204273118078_1983515498059508827_n.jpg?stp=dst-jpg_e35_tt6&amp;_nc_cat=111&amp;ccb=7-5&amp;_nc_sid=18de74&amp;efg=eyJlZmdfdGFnIjoiQ0FST1VTRUxfSVRFTS5iZXN0X2ltYWdlX3VybGdlbi5DMyJ9&amp;_nc_ohc=357RaalFdh8Q7kNvwEJjDOz&amp;_nc_oc=AdoNqFp0AIbfq0ZOR-kci7A5QbJ89vHSATPyFaa6MO_Wewqbn4l-pixtxTHZH5homnw&amp;_nc_zt=23&amp;_nc_ht=scontent-fra3-2.cdninstagram.com&amp;edm=AM6HXa8EAAAA&amp;_nc_gid=R08MRdPqLaZQIMw7tV4W7A&amp;oh=00_AQIYa4PDj9fN5znIIc7u4sHojaorbHuiuPy355JHV5mvsA&amp;oe=6AA048C8&quot;,&quot;150&quot;:&quot;https:\\\/\\\/scontent-fra3-2.cdninstagram.com\\\/v\\\/t39.30808-6\\\/700087603_1490204273118078_1983515498059508827_n.jpg?stp=dst-jpg_e35_tt6&amp;_nc_cat=111&amp;ccb=7-5&amp;_nc_sid=18de74&amp;efg=eyJlZmdfdGFnIjoiQ0FST1VTRUxfSVRFTS5iZXN0X2ltYWdlX3VybGdlbi5DMyJ9&amp;_nc_ohc=357RaalFdh8Q7kNvwEJjDOz&amp;_nc_oc=AdoNqFp0AIbfq0ZOR-kci7A5QbJ89vHSATPyFaa6MO_Wewqbn4l-pixtxTHZH5homnw&amp;_nc_zt=23&amp;_nc_ht=scontent-fra3-2.cdninstagram.com&amp;edm=AM6HXa8EAAAA&amp;_nc_gid=R08MRdPqLaZQIMw7tV4W7A&amp;oh=00_AQIYa4PDj9fN5znIIc7u4sHojaorbHuiuPy355JHV5mvsA&amp;oe=6AA048C8&quot;,&quot;320&quot;:&quot;https:\\\/\\\/scontent-fra3-2.cdninstagram.com\\\/v\\\/t39.30808-6\\\/700087603_1490204273118078_1983515498059508827_n.jpg?stp=dst-jpg_e35_tt6&amp;_nc_cat=111&amp;ccb=7-5&amp;_nc_sid=18de74&amp;efg=eyJlZmdfdGFnIjoiQ0FST1VTRUxfSVRFTS5iZXN0X2ltYWdlX3VybGdlbi5DMyJ9&amp;_nc_ohc=357RaalFdh8Q7kNvwEJjDOz&amp;_nc_oc=AdoNqFp0AIbfq0ZOR-kci7A5QbJ89vHSATPyFaa6MO_Wewqbn4l-pixtxTHZH5homnw&amp;_nc_zt=23&amp;_nc_ht=scontent-fra3-2.cdninstagram.com&amp;edm=AM6HXa8EAAAA&amp;_nc_gid=R08MRdPqLaZQIMw7tV4W7A&amp;oh=00_AQIYa4PDj9fN5znIIc7u4sHojaorbHuiuPy355JHV5mvsA&amp;oe=6AA048C8&quot;,&quot;640&quot;:&quot;https:\\\/\\\/scontent-fra3-2.cdninstagram.com\\\/v\\\/t39.30808-6\\\/700087603_1490204273118078_1983515498059508827_n.jpg?stp=dst-jpg_e35_tt6&amp;_nc_cat=111&amp;ccb=7-5&amp;_nc_sid=18de74&amp;efg=eyJlZmdfdGFnIjoiQ0FST1VTRUxfSVRFTS5iZXN0X2ltYWdlX3VybGdlbi5DMyJ9&amp;_nc_ohc=357RaalFdh8Q7kNvwEJjDOz&amp;_nc_oc=AdoNqFp0AIbfq0ZOR-kci7A5QbJ89vHSATPyFaa6MO_Wewqbn4l-pixtxTHZH5homnw&amp;_nc_zt=23&amp;_nc_ht=scontent-fra3-2.cdninstagram.com&amp;edm=AM6HXa8EAAAA&amp;_nc_gid=R08MRdPqLaZQIMw7tV4W7A&amp;oh=00_AQIYa4PDj9fN5znIIc7u4sHojaorbHuiuPy355JHV5mvsA&amp;oe=6AA048C8&quot;}\">\r\n            <span class=\"sbi-screenreader\">Prozession zu Christi Himmelfahrt<\/span>\r\n            <svg class=\"svg-inline--fa fa-clone fa-w-16 sbi_lightbox_carousel_icon\" aria-hidden=\"true\" aria-label=\"Clone\" data-fa-pro\u0192cessed=\"\" data-prefix=\"far\" data-icon=\"clone\" role=\"img\" xmlns=\"http:\/\/www.w3.org\/2000\/svg\" viewBox=\"0 0 512 512\">\n\t                <path fill=\"currentColor\" d=\"M464 0H144c-26.51 0-48 21.49-48 48v48H48c-26.51 0-48 21.49-48 48v320c0 26.51 21.49 48 48 48h320c26.51 0 48-21.49 48-48v-48h48c26.51 0 48-21.49 48-48V48c0-26.51-21.49-48-48-48zM362 464H54a6 6 0 0 1-6-6V150a6 6 0 0 1 6-6h42v224c0 26.51 21.49 48 48 48h224v42a6 6 0 0 1-6 6zm96-96H150a6 6 0 0 1-6-6V54a6 6 0 0 1 6-6h308a6 6 0 0 1 6 6v308a6 6 0 0 1-6 6z\"><\/path>\n\t            <\/svg>\t                    <img decoding=\"async\" src=\"https:\/\/www.mv-bernbach.de\/wordpress\/wp-content\/plugins\/instagram-feed\/img\/placeholder.png\" alt=\"Prozession zu Christi Himmelfahrt\">\r\n        <\/a>\r\n    <\/div>\r\n<\/div><div class=\"sbi_item sbi_type_image sbi_new sbi_transition\" id=\"sbi_17935340004208225\" data-date=\"1777190601\">\r\n    <div class=\"sbi_photo_wrap\">\r\n        <a class=\"sbi_photo\" href=\"https:\/\/www.instagram.com\/p\/DXlmTFhCK2p\/\" target=\"_blank\" rel=\"noopener nofollow\" data-full-res=\"https:\/\/scontent-fra5-2.cdninstagram.com\/v\/t39.30808-6\/679726767_1471553124983193_2157622287729909535_n.jpg?stp=dst-jpg_e35_tt6&#038;_nc_cat=107&#038;ccb=7-5&#038;_nc_sid=18de74&#038;efg=eyJlZmdfdGFnIjoiRkVFRC5iZXN0X2ltYWdlX3VybGdlbi5DMyJ9&#038;_nc_ohc=p-EKqAKPWe4Q7kNvwElgI7M&#038;_nc_oc=AdqNQRibly6FT43yz3UWxk7BR8aniOGC2uGUIdCkRmXSxrMc9JHQaRRNiLKGQWasaCQ&#038;_nc_zt=23&#038;_nc_ht=scontent-fra5-2.cdninstagram.com&#038;edm=AM6HXa8EAAAA&#038;_nc_gid=R08MRdPqLaZQIMw7tV4W7A&#038;oh=00_AQITOqQpsDtkb9ZifDF6td32_By2p9IrmVZINsDAwWDK2g&#038;oe=6AA0527D\" data-img-src-set=\"{&quot;d&quot;:&quot;https:\\\/\\\/scontent-fra5-2.cdninstagram.com\\\/v\\\/t39.30808-6\\\/679726767_1471553124983193_2157622287729909535_n.jpg?stp=dst-jpg_e35_tt6&amp;_nc_cat=107&amp;ccb=7-5&amp;_nc_sid=18de74&amp;efg=eyJlZmdfdGFnIjoiRkVFRC5iZXN0X2ltYWdlX3VybGdlbi5DMyJ9&amp;_nc_ohc=p-EKqAKPWe4Q7kNvwElgI7M&amp;_nc_oc=AdqNQRibly6FT43yz3UWxk7BR8aniOGC2uGUIdCkRmXSxrMc9JHQaRRNiLKGQWasaCQ&amp;_nc_zt=23&amp;_nc_ht=scontent-fra5-2.cdninstagram.com&amp;edm=AM6HXa8EAAAA&amp;_nc_gid=R08MRdPqLaZQIMw7tV4W7A&amp;oh=00_AQITOqQpsDtkb9ZifDF6td32_By2p9IrmVZINsDAwWDK2g&amp;oe=6AA0527D&quot;,&quot;150&quot;:&quot;https:\\\/\\\/scontent-fra5-2.cdninstagram.com\\\/v\\\/t39.30808-6\\\/679726767_1471553124983193_2157622287729909535_n.jpg?stp=dst-jpg_e35_tt6&amp;_nc_cat=107&amp;ccb=7-5&amp;_nc_sid=18de74&amp;efg=eyJlZmdfdGFnIjoiRkVFRC5iZXN0X2ltYWdlX3VybGdlbi5DMyJ9&amp;_nc_ohc=p-EKqAKPWe4Q7kNvwElgI7M&amp;_nc_oc=AdqNQRibly6FT43yz3UWxk7BR8aniOGC2uGUIdCkRmXSxrMc9JHQaRRNiLKGQWasaCQ&amp;_nc_zt=23&amp;_nc_ht=scontent-fra5-2.cdninstagram.com&amp;edm=AM6HXa8EAAAA&amp;_nc_gid=R08MRdPqLaZQIMw7tV4W7A&amp;oh=00_AQITOqQpsDtkb9ZifDF6td32_By2p9IrmVZINsDAwWDK2g&amp;oe=6AA0527D&quot;,&quot;320&quot;:&quot;https:\\\/\\\/scontent-fra5-2.cdninstagram.com\\\/v\\\/t39.30808-6\\\/679726767_1471553124983193_2157622287729909535_n.jpg?stp=dst-jpg_e35_tt6&amp;_nc_cat=107&amp;ccb=7-5&amp;_nc_sid=18de74&amp;efg=eyJlZmdfdGFnIjoiRkVFRC5iZXN0X2ltYWdlX3VybGdlbi5DMyJ9&amp;_nc_ohc=p-EKqAKPWe4Q7kNvwElgI7M&amp;_nc_oc=AdqNQRibly6FT43yz3UWxk7BR8aniOGC2uGUIdCkRmXSxrMc9JHQaRRNiLKGQWasaCQ&amp;_nc_zt=23&amp;_nc_ht=scontent-fra5-2.cdninstagram.com&amp;edm=AM6HXa8EAAAA&amp;_nc_gid=R08MRdPqLaZQIMw7tV4W7A&amp;oh=00_AQITOqQpsDtkb9ZifDF6td32_By2p9IrmVZINsDAwWDK2g&amp;oe=6AA0527D&quot;,&quot;640&quot;:&quot;https:\\\/\\\/scontent-fra5-2.cdninstagram.com\\\/v\\\/t39.30808-6\\\/679726767_1471553124983193_2157622287729909535_n.jpg?stp=dst-jpg_e35_tt6&amp;_nc_cat=107&amp;ccb=7-5&amp;_nc_sid=18de74&amp;efg=eyJlZmdfdGFnIjoiRkVFRC5iZXN0X2ltYWdlX3VybGdlbi5DMyJ9&amp;_nc_ohc=p-EKqAKPWe4Q7kNvwElgI7M&amp;_nc_oc=AdqNQRibly6FT43yz3UWxk7BR8aniOGC2uGUIdCkRmXSxrMc9JHQaRRNiLKGQWasaCQ&amp;_nc_zt=23&amp;_nc_ht=scontent-fra5-2.cdninstagram.com&amp;edm=AM6HXa8EAAAA&amp;_nc_gid=R08MRdPqLaZQIMw7tV4W7A&amp;oh=00_AQITOqQpsDtkb9ZifDF6td32_By2p9IrmVZINsDAwWDK2g&amp;oe=6AA0527D&quot;}\">\r\n            <span class=\"sbi-screenreader\">Kontinuit\u00e4t im Vorstand und mehr Flexibilit\u00e4t du<\/span>\r\n            \t                    <img decoding=\"async\" src=\"https:\/\/www.mv-bernbach.de\/wordpress\/wp-content\/plugins\/instagram-feed\/img\/placeholder.png\" alt=\"Kontinuit\u00e4t im Vorstand und mehr Flexibilit\u00e4t duch die beschlossene Anpassung der Mitgliedsbeitr\u00e4ge - das sind, kurz gefasst, die wichtigsten Ergebnisse der diesj\u00e4hrigen Jahreshauptversammlung und damit die Grundpfeiler f\u00fcr eine weiter erfolgreiche Zukunft des Musikvereins. Danke an alle wieder gew\u00e4hlten Vorstandsmitglieder und an alle, die auf der Jahreshauptversammlung dabei waren. Wir starten nun in die Sommersaison, wir sehen und h\u00f6ren uns ... \n#follower #Freigericht #musikverein #bernbach #blasmusik\">\r\n        <\/a>\r\n    <\/div>\r\n<\/div><div class=\"sbi_item sbi_type_image sbi_new sbi_transition\" id=\"sbi_18069594389306254\" data-date=\"1776358832\">\r\n    <div class=\"sbi_photo_wrap\">\r\n        <a class=\"sbi_photo\" href=\"https:\/\/www.instagram.com\/p\/DXMz1AIjD3j\/\" target=\"_blank\" rel=\"noopener nofollow\" data-full-res=\"https:\/\/scontent-fra3-1.cdninstagram.com\/v\/t39.30808-6\/661245585_1450106550461184_1727532166227586079_n.jpg?stp=dst-jpg_e35_tt6&#038;_nc_cat=101&#038;ccb=7-5&#038;_nc_sid=18de74&#038;efg=eyJlZmdfdGFnIjoiRkVFRC5iZXN0X2ltYWdlX3VybGdlbi5DMyJ9&#038;_nc_ohc=NP3vAlM66GoQ7kNvwHtJzT6&#038;_nc_oc=Adoha--XmucfGKzYnBcD7-pavYZg5pQVE3CrUSbepmrIWglgTsA4mgxflAhxmM7Rf_4&#038;_nc_zt=23&#038;_nc_ht=scontent-fra3-1.cdninstagram.com&#038;edm=AM6HXa8EAAAA&#038;_nc_gid=R08MRdPqLaZQIMw7tV4W7A&#038;oh=00_AQIsx-F2dq_mm-MsVThtQTLEukhrSCmbsJisEK-llKG_BA&#038;oe=6AA04E7A\" data-img-src-set=\"{&quot;d&quot;:&quot;https:\\\/\\\/scontent-fra3-1.cdninstagram.com\\\/v\\\/t39.30808-6\\\/661245585_1450106550461184_1727532166227586079_n.jpg?stp=dst-jpg_e35_tt6&amp;_nc_cat=101&amp;ccb=7-5&amp;_nc_sid=18de74&amp;efg=eyJlZmdfdGFnIjoiRkVFRC5iZXN0X2ltYWdlX3VybGdlbi5DMyJ9&amp;_nc_ohc=NP3vAlM66GoQ7kNvwHtJzT6&amp;_nc_oc=Adoha--XmucfGKzYnBcD7-pavYZg5pQVE3CrUSbepmrIWglgTsA4mgxflAhxmM7Rf_4&amp;_nc_zt=23&amp;_nc_ht=scontent-fra3-1.cdninstagram.com&amp;edm=AM6HXa8EAAAA&amp;_nc_gid=R08MRdPqLaZQIMw7tV4W7A&amp;oh=00_AQIsx-F2dq_mm-MsVThtQTLEukhrSCmbsJisEK-llKG_BA&amp;oe=6AA04E7A&quot;,&quot;150&quot;:&quot;https:\\\/\\\/scontent-fra3-1.cdninstagram.com\\\/v\\\/t39.30808-6\\\/661245585_1450106550461184_1727532166227586079_n.jpg?stp=dst-jpg_e35_tt6&amp;_nc_cat=101&amp;ccb=7-5&amp;_nc_sid=18de74&amp;efg=eyJlZmdfdGFnIjoiRkVFRC5iZXN0X2ltYWdlX3VybGdlbi5DMyJ9&amp;_nc_ohc=NP3vAlM66GoQ7kNvwHtJzT6&amp;_nc_oc=Adoha--XmucfGKzYnBcD7-pavYZg5pQVE3CrUSbepmrIWglgTsA4mgxflAhxmM7Rf_4&amp;_nc_zt=23&amp;_nc_ht=scontent-fra3-1.cdninstagram.com&amp;edm=AM6HXa8EAAAA&amp;_nc_gid=R08MRdPqLaZQIMw7tV4W7A&amp;oh=00_AQIsx-F2dq_mm-MsVThtQTLEukhrSCmbsJisEK-llKG_BA&amp;oe=6AA04E7A&quot;,&quot;320&quot;:&quot;https:\\\/\\\/scontent-fra3-1.cdninstagram.com\\\/v\\\/t39.30808-6\\\/661245585_1450106550461184_1727532166227586079_n.jpg?stp=dst-jpg_e35_tt6&amp;_nc_cat=101&amp;ccb=7-5&amp;_nc_sid=18de74&amp;efg=eyJlZmdfdGFnIjoiRkVFRC5iZXN0X2ltYWdlX3VybGdlbi5DMyJ9&amp;_nc_ohc=NP3vAlM66GoQ7kNvwHtJzT6&amp;_nc_oc=Adoha--XmucfGKzYnBcD7-pavYZg5pQVE3CrUSbepmrIWglgTsA4mgxflAhxmM7Rf_4&amp;_nc_zt=23&amp;_nc_ht=scontent-fra3-1.cdninstagram.com&amp;edm=AM6HXa8EAAAA&amp;_nc_gid=R08MRdPqLaZQIMw7tV4W7A&amp;oh=00_AQIsx-F2dq_mm-MsVThtQTLEukhrSCmbsJisEK-llKG_BA&amp;oe=6AA04E7A&quot;,&quot;640&quot;:&quot;https:\\\/\\\/scontent-fra3-1.cdninstagram.com\\\/v\\\/t39.30808-6\\\/661245585_1450106550461184_1727532166227586079_n.jpg?stp=dst-jpg_e35_tt6&amp;_nc_cat=101&amp;ccb=7-5&amp;_nc_sid=18de74&amp;efg=eyJlZmdfdGFnIjoiRkVFRC5iZXN0X2ltYWdlX3VybGdlbi5DMyJ9&amp;_nc_ohc=NP3vAlM66GoQ7kNvwHtJzT6&amp;_nc_oc=Adoha--XmucfGKzYnBcD7-pavYZg5pQVE3CrUSbepmrIWglgTsA4mgxflAhxmM7Rf_4&amp;_nc_zt=23&amp;_nc_ht=scontent-fra3-1.cdninstagram.com&amp;edm=AM6HXa8EAAAA&amp;_nc_gid=R08MRdPqLaZQIMw7tV4W7A&amp;oh=00_AQIsx-F2dq_mm-MsVThtQTLEukhrSCmbsJisEK-llKG_BA&amp;oe=6AA04E7A&quot;}\">\r\n            <span class=\"sbi-screenreader\">Im Rahmen unseres Konzertes durften wir folgende A<\/span>\r\n            \t                    <img decoding=\"async\" src=\"https:\/\/www.mv-bernbach.de\/wordpress\/wp-content\/plugins\/instagram-feed\/img\/placeholder.png\" alt=\"Im Rahmen unseres Konzertes durften wir folgende Aktive unseres Vereins f\u00fcr langj\u00e4hrige Mitgliedschaften ehren:\n\n20 Jahre aktiv: Marc Kunzmann &amp; Andreas Kre\u00df\n25 Jahre aktiv: Michelle Ullmann &amp; Inka Giese\n40 Jahre aktiv: Monika Lange &amp;, Nadja Steigler\n60 Jahre aktiv: Wolfgang Rack &amp; Roland Streb\n\nWir freuen uns auf noch viele weitere Jahre. \n(Inka Giese und Nadja Steigler fehlen leider auf diesem Bild)\n\n #bernbach #Freigericht #follower #musikverein #blasmusik\">\r\n        <\/a>\r\n    <\/div>\r\n<\/div><div class=\"sbi_item sbi_type_image sbi_new sbi_transition\" id=\"sbi_18084476972038847\" data-date=\"1775754116\">\r\n    <div class=\"sbi_photo_wrap\">\r\n        <a class=\"sbi_photo\" href=\"https:\/\/www.instagram.com\/p\/DW6ybH_iVl8\/\" target=\"_blank\" rel=\"noopener nofollow\" data-full-res=\"https:\/\/scontent-fra5-2.cdninstagram.com\/v\/t39.30808-6\/660135957_1450098487128657_185374057183116966_n.jpg?stp=dst-jpg_e35_tt6&#038;_nc_cat=109&#038;ccb=7-5&#038;_nc_sid=18de74&#038;efg=eyJlZmdfdGFnIjoiRkVFRC5iZXN0X2ltYWdlX3VybGdlbi5DMyJ9&#038;_nc_ohc=4NBSJ7XUjPkQ7kNvwGWYs2e&#038;_nc_oc=Adqf6XAgu0SqyW0vkcibdr_8WkEeEreSZPRsGifFAm6ggnce9M2_1jbfAjj7rpIFhkk&#038;_nc_zt=23&#038;_nc_ht=scontent-fra5-2.cdninstagram.com&#038;edm=AM6HXa8EAAAA&#038;_nc_gid=R08MRdPqLaZQIMw7tV4W7A&#038;oh=00_AQLBMsoJJM8nrbaI7s9gRAa-6PLih2EGxobm2aPfoas4og&#038;oe=6AA03E59\" data-img-src-set=\"{&quot;d&quot;:&quot;https:\\\/\\\/scontent-fra5-2.cdninstagram.com\\\/v\\\/t39.30808-6\\\/660135957_1450098487128657_185374057183116966_n.jpg?stp=dst-jpg_e35_tt6&amp;_nc_cat=109&amp;ccb=7-5&amp;_nc_sid=18de74&amp;efg=eyJlZmdfdGFnIjoiRkVFRC5iZXN0X2ltYWdlX3VybGdlbi5DMyJ9&amp;_nc_ohc=4NBSJ7XUjPkQ7kNvwGWYs2e&amp;_nc_oc=Adqf6XAgu0SqyW0vkcibdr_8WkEeEreSZPRsGifFAm6ggnce9M2_1jbfAjj7rpIFhkk&amp;_nc_zt=23&amp;_nc_ht=scontent-fra5-2.cdninstagram.com&amp;edm=AM6HXa8EAAAA&amp;_nc_gid=R08MRdPqLaZQIMw7tV4W7A&amp;oh=00_AQLBMsoJJM8nrbaI7s9gRAa-6PLih2EGxobm2aPfoas4og&amp;oe=6AA03E59&quot;,&quot;150&quot;:&quot;https:\\\/\\\/scontent-fra5-2.cdninstagram.com\\\/v\\\/t39.30808-6\\\/660135957_1450098487128657_185374057183116966_n.jpg?stp=dst-jpg_e35_tt6&amp;_nc_cat=109&amp;ccb=7-5&amp;_nc_sid=18de74&amp;efg=eyJlZmdfdGFnIjoiRkVFRC5iZXN0X2ltYWdlX3VybGdlbi5DMyJ9&amp;_nc_ohc=4NBSJ7XUjPkQ7kNvwGWYs2e&amp;_nc_oc=Adqf6XAgu0SqyW0vkcibdr_8WkEeEreSZPRsGifFAm6ggnce9M2_1jbfAjj7rpIFhkk&amp;_nc_zt=23&amp;_nc_ht=scontent-fra5-2.cdninstagram.com&amp;edm=AM6HXa8EAAAA&amp;_nc_gid=R08MRdPqLaZQIMw7tV4W7A&amp;oh=00_AQLBMsoJJM8nrbaI7s9gRAa-6PLih2EGxobm2aPfoas4og&amp;oe=6AA03E59&quot;,&quot;320&quot;:&quot;https:\\\/\\\/scontent-fra5-2.cdninstagram.com\\\/v\\\/t39.30808-6\\\/660135957_1450098487128657_185374057183116966_n.jpg?stp=dst-jpg_e35_tt6&amp;_nc_cat=109&amp;ccb=7-5&amp;_nc_sid=18de74&amp;efg=eyJlZmdfdGFnIjoiRkVFRC5iZXN0X2ltYWdlX3VybGdlbi5DMyJ9&amp;_nc_ohc=4NBSJ7XUjPkQ7kNvwGWYs2e&amp;_nc_oc=Adqf6XAgu0SqyW0vkcibdr_8WkEeEreSZPRsGifFAm6ggnce9M2_1jbfAjj7rpIFhkk&amp;_nc_zt=23&amp;_nc_ht=scontent-fra5-2.cdninstagram.com&amp;edm=AM6HXa8EAAAA&amp;_nc_gid=R08MRdPqLaZQIMw7tV4W7A&amp;oh=00_AQLBMsoJJM8nrbaI7s9gRAa-6PLih2EGxobm2aPfoas4og&amp;oe=6AA03E59&quot;,&quot;640&quot;:&quot;https:\\\/\\\/scontent-fra5-2.cdninstagram.com\\\/v\\\/t39.30808-6\\\/660135957_1450098487128657_185374057183116966_n.jpg?stp=dst-jpg_e35_tt6&amp;_nc_cat=109&amp;ccb=7-5&amp;_nc_sid=18de74&amp;efg=eyJlZmdfdGFnIjoiRkVFRC5iZXN0X2ltYWdlX3VybGdlbi5DMyJ9&amp;_nc_ohc=4NBSJ7XUjPkQ7kNvwGWYs2e&amp;_nc_oc=Adqf6XAgu0SqyW0vkcibdr_8WkEeEreSZPRsGifFAm6ggnce9M2_1jbfAjj7rpIFhkk&amp;_nc_zt=23&amp;_nc_ht=scontent-fra5-2.cdninstagram.com&amp;edm=AM6HXa8EAAAA&amp;_nc_gid=R08MRdPqLaZQIMw7tV4W7A&amp;oh=00_AQLBMsoJJM8nrbaI7s9gRAa-6PLih2EGxobm2aPfoas4og&amp;oe=6AA03E59&quot;}\">\r\n            <span class=\"sbi-screenreader\">Im Rahmen unseres Konzertes durften wir Karsten Me<\/span>\r\n            \t                    <img decoding=\"async\" src=\"https:\/\/www.mv-bernbach.de\/wordpress\/wp-content\/plugins\/instagram-feed\/img\/placeholder.png\" alt=\"Im Rahmen unseres Konzertes durften wir Karsten Meier f\u00fcr 25 Jahre Dirigentschaft in unserem Verein ehren - wir freuen uns auf noch viele weitere Jahre. \n#bernbach #follower #Freigericht #musikverein\">\r\n        <\/a>\r\n    <\/div>\r\n<\/div><div class=\"sbi_item sbi_type_image sbi_new sbi_transition\" id=\"sbi_18109312714852609\" data-date=\"1775667408\">\r\n    <div class=\"sbi_photo_wrap\">\r\n        <a class=\"sbi_photo\" href=\"https:\/\/www.instagram.com\/p\/DW4NCexiFwV\/\" target=\"_blank\" rel=\"noopener nofollow\" data-full-res=\"https:\/\/scontent-fra5-2.cdninstagram.com\/v\/t39.30808-6\/669588510_1456721413133031_6287313547715355949_n.jpg?stp=dst-jpg_e35_tt6&#038;_nc_cat=109&#038;ccb=7-5&#038;_nc_sid=18de74&#038;efg=eyJlZmdfdGFnIjoiRkVFRC5iZXN0X2ltYWdlX3VybGdlbi5DMyJ9&#038;_nc_ohc=FFbA4sBiDcEQ7kNvwFEt5Fr&#038;_nc_oc=Adp3SoUkdDDhT51mGXa23xrTg5EtxV-PJtvI3pjDATX8jCe0NtYMGBM9sml4Rw3aNww&#038;_nc_zt=23&#038;_nc_ht=scontent-fra5-2.cdninstagram.com&#038;edm=AM6HXa8EAAAA&#038;_nc_gid=R08MRdPqLaZQIMw7tV4W7A&#038;oh=00_AQIQihVK4s09rhYV7dNigFpOW4-odr_EEFS5upUmD_Fy5Q&#038;oe=6AA0495D\" data-img-src-set=\"{&quot;d&quot;:&quot;https:\\\/\\\/scontent-fra5-2.cdninstagram.com\\\/v\\\/t39.30808-6\\\/669588510_1456721413133031_6287313547715355949_n.jpg?stp=dst-jpg_e35_tt6&amp;_nc_cat=109&amp;ccb=7-5&amp;_nc_sid=18de74&amp;efg=eyJlZmdfdGFnIjoiRkVFRC5iZXN0X2ltYWdlX3VybGdlbi5DMyJ9&amp;_nc_ohc=FFbA4sBiDcEQ7kNvwFEt5Fr&amp;_nc_oc=Adp3SoUkdDDhT51mGXa23xrTg5EtxV-PJtvI3pjDATX8jCe0NtYMGBM9sml4Rw3aNww&amp;_nc_zt=23&amp;_nc_ht=scontent-fra5-2.cdninstagram.com&amp;edm=AM6HXa8EAAAA&amp;_nc_gid=R08MRdPqLaZQIMw7tV4W7A&amp;oh=00_AQIQihVK4s09rhYV7dNigFpOW4-odr_EEFS5upUmD_Fy5Q&amp;oe=6AA0495D&quot;,&quot;150&quot;:&quot;https:\\\/\\\/scontent-fra5-2.cdninstagram.com\\\/v\\\/t39.30808-6\\\/669588510_1456721413133031_6287313547715355949_n.jpg?stp=dst-jpg_e35_tt6&amp;_nc_cat=109&amp;ccb=7-5&amp;_nc_sid=18de74&amp;efg=eyJlZmdfdGFnIjoiRkVFRC5iZXN0X2ltYWdlX3VybGdlbi5DMyJ9&amp;_nc_ohc=FFbA4sBiDcEQ7kNvwFEt5Fr&amp;_nc_oc=Adp3SoUkdDDhT51mGXa23xrTg5EtxV-PJtvI3pjDATX8jCe0NtYMGBM9sml4Rw3aNww&amp;_nc_zt=23&amp;_nc_ht=scontent-fra5-2.cdninstagram.com&amp;edm=AM6HXa8EAAAA&amp;_nc_gid=R08MRdPqLaZQIMw7tV4W7A&amp;oh=00_AQIQihVK4s09rhYV7dNigFpOW4-odr_EEFS5upUmD_Fy5Q&amp;oe=6AA0495D&quot;,&quot;320&quot;:&quot;https:\\\/\\\/scontent-fra5-2.cdninstagram.com\\\/v\\\/t39.30808-6\\\/669588510_1456721413133031_6287313547715355949_n.jpg?stp=dst-jpg_e35_tt6&amp;_nc_cat=109&amp;ccb=7-5&amp;_nc_sid=18de74&amp;efg=eyJlZmdfdGFnIjoiRkVFRC5iZXN0X2ltYWdlX3VybGdlbi5DMyJ9&amp;_nc_ohc=FFbA4sBiDcEQ7kNvwFEt5Fr&amp;_nc_oc=Adp3SoUkdDDhT51mGXa23xrTg5EtxV-PJtvI3pjDATX8jCe0NtYMGBM9sml4Rw3aNww&amp;_nc_zt=23&amp;_nc_ht=scontent-fra5-2.cdninstagram.com&amp;edm=AM6HXa8EAAAA&amp;_nc_gid=R08MRdPqLaZQIMw7tV4W7A&amp;oh=00_AQIQihVK4s09rhYV7dNigFpOW4-odr_EEFS5upUmD_Fy5Q&amp;oe=6AA0495D&quot;,&quot;640&quot;:&quot;https:\\\/\\\/scontent-fra5-2.cdninstagram.com\\\/v\\\/t39.30808-6\\\/669588510_1456721413133031_6287313547715355949_n.jpg?stp=dst-jpg_e35_tt6&amp;_nc_cat=109&amp;ccb=7-5&amp;_nc_sid=18de74&amp;efg=eyJlZmdfdGFnIjoiRkVFRC5iZXN0X2ltYWdlX3VybGdlbi5DMyJ9&amp;_nc_ohc=FFbA4sBiDcEQ7kNvwFEt5Fr&amp;_nc_oc=Adp3SoUkdDDhT51mGXa23xrTg5EtxV-PJtvI3pjDATX8jCe0NtYMGBM9sml4Rw3aNww&amp;_nc_zt=23&amp;_nc_ht=scontent-fra5-2.cdninstagram.com&amp;edm=AM6HXa8EAAAA&amp;_nc_gid=R08MRdPqLaZQIMw7tV4W7A&amp;oh=00_AQIQihVK4s09rhYV7dNigFpOW4-odr_EEFS5upUmD_Fy5Q&amp;oe=6AA0495D&quot;}\">\r\n            <span class=\"sbi-screenreader\">Sehr geehrte Vereinsmitglieder an alle, die es wer<\/span>\r\n            \t                    <img decoding=\"async\" src=\"https:\/\/www.mv-bernbach.de\/wordpress\/wp-content\/plugins\/instagram-feed\/img\/placeholder.png\" alt=\"Sehr geehrte Vereinsmitglieder an alle, die es werden wollen,\n\ndie n\u00e4chste Jahreshauptversammlung des Musikvereins findet statt am Donnerstag, dem 23.04.2026 um 20:30 Uhr im Proberaum am Dalles. Gerne laden wir alle Interessierte bereits ab 19:30 Uhr ein, um die davor stattfindende Musikprobe mitzuerleben.\n\nAn dieser Stelle m\u00f6chten wir uns bei allen aktiven und passiven Mitgliedern f\u00fcr die in den vergangenen Jahren zum Wohle des Musikvereins Bernbach geleistete Arbeit bedanken, verbunden mit der Hoffnung, dass wir auch weiterhin mit tatkr\u00e4ftiger Unterst\u00fctzung rechnen k\u00f6nnen.\n #follower #Freigericht #musikverein #bernbach\">\r\n        <\/a>\r\n    <\/div>\r\n<\/div><div class=\"sbi_item sbi_type_image sbi_new sbi_transition\" id=\"sbi_18033612707601525\" data-date=\"1774742644\">\r\n    <div class=\"sbi_photo_wrap\">\r\n        <a class=\"sbi_photo\" href=\"https:\/\/www.instagram.com\/p\/DWcpMRNiEg1\/\" target=\"_blank\" rel=\"noopener nofollow\" data-full-res=\"https:\/\/scontent-fra5-2.cdninstagram.com\/v\/t39.30808-6\/656171762_1447874957351010_3861999586664844586_n.jpg?stp=dst-jpg_e35_tt6&#038;_nc_cat=109&#038;ccb=7-5&#038;_nc_sid=18de74&#038;efg=eyJlZmdfdGFnIjoiRkVFRC5iZXN0X2ltYWdlX3VybGdlbi5DMyJ9&#038;_nc_ohc=u9yAbXBWuLwQ7kNvwG-Al7k&#038;_nc_oc=AdrS9ZSc6W5ttI4vBzQkgPbsYcJmpmoE5BNRzDtVB40a-nsX6Y_3RTBYP1teSFhJpk4&#038;_nc_zt=23&#038;_nc_ht=scontent-fra5-2.cdninstagram.com&#038;edm=AM6HXa8EAAAA&#038;_nc_gid=R08MRdPqLaZQIMw7tV4W7A&#038;oh=00_AQJROvmQsf7dxadIu7YIFnxnDr6RNfKgQCFzR6IZDwPijA&#038;oe=6AA04FEE\" data-img-src-set=\"{&quot;d&quot;:&quot;https:\\\/\\\/scontent-fra5-2.cdninstagram.com\\\/v\\\/t39.30808-6\\\/656171762_1447874957351010_3861999586664844586_n.jpg?stp=dst-jpg_e35_tt6&amp;_nc_cat=109&amp;ccb=7-5&amp;_nc_sid=18de74&amp;efg=eyJlZmdfdGFnIjoiRkVFRC5iZXN0X2ltYWdlX3VybGdlbi5DMyJ9&amp;_nc_ohc=u9yAbXBWuLwQ7kNvwG-Al7k&amp;_nc_oc=AdrS9ZSc6W5ttI4vBzQkgPbsYcJmpmoE5BNRzDtVB40a-nsX6Y_3RTBYP1teSFhJpk4&amp;_nc_zt=23&amp;_nc_ht=scontent-fra5-2.cdninstagram.com&amp;edm=AM6HXa8EAAAA&amp;_nc_gid=R08MRdPqLaZQIMw7tV4W7A&amp;oh=00_AQJROvmQsf7dxadIu7YIFnxnDr6RNfKgQCFzR6IZDwPijA&amp;oe=6AA04FEE&quot;,&quot;150&quot;:&quot;https:\\\/\\\/scontent-fra5-2.cdninstagram.com\\\/v\\\/t39.30808-6\\\/656171762_1447874957351010_3861999586664844586_n.jpg?stp=dst-jpg_e35_tt6&amp;_nc_cat=109&amp;ccb=7-5&amp;_nc_sid=18de74&amp;efg=eyJlZmdfdGFnIjoiRkVFRC5iZXN0X2ltYWdlX3VybGdlbi5DMyJ9&amp;_nc_ohc=u9yAbXBWuLwQ7kNvwG-Al7k&amp;_nc_oc=AdrS9ZSc6W5ttI4vBzQkgPbsYcJmpmoE5BNRzDtVB40a-nsX6Y_3RTBYP1teSFhJpk4&amp;_nc_zt=23&amp;_nc_ht=scontent-fra5-2.cdninstagram.com&amp;edm=AM6HXa8EAAAA&amp;_nc_gid=R08MRdPqLaZQIMw7tV4W7A&amp;oh=00_AQJROvmQsf7dxadIu7YIFnxnDr6RNfKgQCFzR6IZDwPijA&amp;oe=6AA04FEE&quot;,&quot;320&quot;:&quot;https:\\\/\\\/scontent-fra5-2.cdninstagram.com\\\/v\\\/t39.30808-6\\\/656171762_1447874957351010_3861999586664844586_n.jpg?stp=dst-jpg_e35_tt6&amp;_nc_cat=109&amp;ccb=7-5&amp;_nc_sid=18de74&amp;efg=eyJlZmdfdGFnIjoiRkVFRC5iZXN0X2ltYWdlX3VybGdlbi5DMyJ9&amp;_nc_ohc=u9yAbXBWuLwQ7kNvwG-Al7k&amp;_nc_oc=AdrS9ZSc6W5ttI4vBzQkgPbsYcJmpmoE5BNRzDtVB40a-nsX6Y_3RTBYP1teSFhJpk4&amp;_nc_zt=23&amp;_nc_ht=scontent-fra5-2.cdninstagram.com&amp;edm=AM6HXa8EAAAA&amp;_nc_gid=R08MRdPqLaZQIMw7tV4W7A&amp;oh=00_AQJROvmQsf7dxadIu7YIFnxnDr6RNfKgQCFzR6IZDwPijA&amp;oe=6AA04FEE&quot;,&quot;640&quot;:&quot;https:\\\/\\\/scontent-fra5-2.cdninstagram.com\\\/v\\\/t39.30808-6\\\/656171762_1447874957351010_3861999586664844586_n.jpg?stp=dst-jpg_e35_tt6&amp;_nc_cat=109&amp;ccb=7-5&amp;_nc_sid=18de74&amp;efg=eyJlZmdfdGFnIjoiRkVFRC5iZXN0X2ltYWdlX3VybGdlbi5DMyJ9&amp;_nc_ohc=u9yAbXBWuLwQ7kNvwG-Al7k&amp;_nc_oc=AdrS9ZSc6W5ttI4vBzQkgPbsYcJmpmoE5BNRzDtVB40a-nsX6Y_3RTBYP1teSFhJpk4&amp;_nc_zt=23&amp;_nc_ht=scontent-fra5-2.cdninstagram.com&amp;edm=AM6HXa8EAAAA&amp;_nc_gid=R08MRdPqLaZQIMw7tV4W7A&amp;oh=00_AQJROvmQsf7dxadIu7YIFnxnDr6RNfKgQCFzR6IZDwPijA&amp;oe=6AA04FEE&quot;}\">\r\n            <span class=\"sbi-screenreader\">Heute sagen wir vielen Dank an alle Konzertg\u00e4ste,<\/span>\r\n            \t                    <img decoding=\"async\" src=\"https:\/\/www.mv-bernbach.de\/wordpress\/wp-content\/plugins\/instagram-feed\/img\/placeholder.png\" alt=\"Heute sagen wir vielen Dank an alle Konzertg\u00e4ste, die wir gestern begr\u00fc\u00dfen durften. Es war ein toller Abend ... \n#konzert #musikverein #Freigericht #blasmusik #bernbach #mainkinzigkreis #follower #Bernbach\">\r\n        <\/a>\r\n    <\/div>\r\n<\/div><div class=\"sbi_item sbi_type_carousel sbi_new sbi_transition\" id=\"sbi_18070540796316458\" data-date=\"1774695622\">\r\n    <div class=\"sbi_photo_wrap\">\r\n        <a class=\"sbi_photo\" href=\"https:\/\/www.instagram.com\/p\/DWbPge_iOqt\/\" target=\"_blank\" rel=\"noopener nofollow\" data-full-res=\"https:\/\/scontent-fra5-2.cdninstagram.com\/v\/t39.30808-6\/657362880_1447399674065205_1121377783363105758_n.jpg?stp=dst-jpg_e35_tt6&#038;_nc_cat=107&#038;ccb=7-5&#038;_nc_sid=18de74&#038;efg=eyJlZmdfdGFnIjoiQ0FST1VTRUxfSVRFTS5iZXN0X2ltYWdlX3VybGdlbi5DMyJ9&#038;_nc_ohc=DEXU8xWrn1gQ7kNvwEZHuH9&#038;_nc_oc=AdopynctrmC5VVpGzAbsNEDMXViltePXDCZ_KCWyXHEtlRQtumpNh63zU2kX_gT7_Dg&#038;_nc_zt=23&#038;_nc_ht=scontent-fra5-2.cdninstagram.com&#038;edm=AM6HXa8EAAAA&#038;_nc_gid=R08MRdPqLaZQIMw7tV4W7A&#038;oh=00_AQJ_OfiSQ44p8A8WMJCUETV2K4JrDDydGkRPuDERVBKioA&#038;oe=6AA031B7\" data-img-src-set=\"{&quot;d&quot;:&quot;https:\\\/\\\/scontent-fra5-2.cdninstagram.com\\\/v\\\/t39.30808-6\\\/657362880_1447399674065205_1121377783363105758_n.jpg?stp=dst-jpg_e35_tt6&amp;_nc_cat=107&amp;ccb=7-5&amp;_nc_sid=18de74&amp;efg=eyJlZmdfdGFnIjoiQ0FST1VTRUxfSVRFTS5iZXN0X2ltYWdlX3VybGdlbi5DMyJ9&amp;_nc_ohc=DEXU8xWrn1gQ7kNvwEZHuH9&amp;_nc_oc=AdopynctrmC5VVpGzAbsNEDMXViltePXDCZ_KCWyXHEtlRQtumpNh63zU2kX_gT7_Dg&amp;_nc_zt=23&amp;_nc_ht=scontent-fra5-2.cdninstagram.com&amp;edm=AM6HXa8EAAAA&amp;_nc_gid=R08MRdPqLaZQIMw7tV4W7A&amp;oh=00_AQJ_OfiSQ44p8A8WMJCUETV2K4JrDDydGkRPuDERVBKioA&amp;oe=6AA031B7&quot;,&quot;150&quot;:&quot;https:\\\/\\\/scontent-fra5-2.cdninstagram.com\\\/v\\\/t39.30808-6\\\/657362880_1447399674065205_1121377783363105758_n.jpg?stp=dst-jpg_e35_tt6&amp;_nc_cat=107&amp;ccb=7-5&amp;_nc_sid=18de74&amp;efg=eyJlZmdfdGFnIjoiQ0FST1VTRUxfSVRFTS5iZXN0X2ltYWdlX3VybGdlbi5DMyJ9&amp;_nc_ohc=DEXU8xWrn1gQ7kNvwEZHuH9&amp;_nc_oc=AdopynctrmC5VVpGzAbsNEDMXViltePXDCZ_KCWyXHEtlRQtumpNh63zU2kX_gT7_Dg&amp;_nc_zt=23&amp;_nc_ht=scontent-fra5-2.cdninstagram.com&amp;edm=AM6HXa8EAAAA&amp;_nc_gid=R08MRdPqLaZQIMw7tV4W7A&amp;oh=00_AQJ_OfiSQ44p8A8WMJCUETV2K4JrDDydGkRPuDERVBKioA&amp;oe=6AA031B7&quot;,&quot;320&quot;:&quot;https:\\\/\\\/scontent-fra5-2.cdninstagram.com\\\/v\\\/t39.30808-6\\\/657362880_1447399674065205_1121377783363105758_n.jpg?stp=dst-jpg_e35_tt6&amp;_nc_cat=107&amp;ccb=7-5&amp;_nc_sid=18de74&amp;efg=eyJlZmdfdGFnIjoiQ0FST1VTRUxfSVRFTS5iZXN0X2ltYWdlX3VybGdlbi5DMyJ9&amp;_nc_ohc=DEXU8xWrn1gQ7kNvwEZHuH9&amp;_nc_oc=AdopynctrmC5VVpGzAbsNEDMXViltePXDCZ_KCWyXHEtlRQtumpNh63zU2kX_gT7_Dg&amp;_nc_zt=23&amp;_nc_ht=scontent-fra5-2.cdninstagram.com&amp;edm=AM6HXa8EAAAA&amp;_nc_gid=R08MRdPqLaZQIMw7tV4W7A&amp;oh=00_AQJ_OfiSQ44p8A8WMJCUETV2K4JrDDydGkRPuDERVBKioA&amp;oe=6AA031B7&quot;,&quot;640&quot;:&quot;https:\\\/\\\/scontent-fra5-2.cdninstagram.com\\\/v\\\/t39.30808-6\\\/657362880_1447399674065205_1121377783363105758_n.jpg?stp=dst-jpg_e35_tt6&amp;_nc_cat=107&amp;ccb=7-5&amp;_nc_sid=18de74&amp;efg=eyJlZmdfdGFnIjoiQ0FST1VTRUxfSVRFTS5iZXN0X2ltYWdlX3VybGdlbi5DMyJ9&amp;_nc_ohc=DEXU8xWrn1gQ7kNvwEZHuH9&amp;_nc_oc=AdopynctrmC5VVpGzAbsNEDMXViltePXDCZ_KCWyXHEtlRQtumpNh63zU2kX_gT7_Dg&amp;_nc_zt=23&amp;_nc_ht=scontent-fra5-2.cdninstagram.com&amp;edm=AM6HXa8EAAAA&amp;_nc_gid=R08MRdPqLaZQIMw7tV4W7A&amp;oh=00_AQJ_OfiSQ44p8A8WMJCUETV2K4JrDDydGkRPuDERVBKioA&amp;oe=6AA031B7&quot;}\">\r\n            <span class=\"sbi-screenreader\">Aufbau beendet, wir freuen uns auf heute Abend&#8230;\n<\/span>\r\n            <svg class=\"svg-inline--fa fa-clone fa-w-16 sbi_lightbox_carousel_icon\" aria-hidden=\"true\" aria-label=\"Clone\" data-fa-pro\u0192cessed=\"\" data-prefix=\"far\" data-icon=\"clone\" role=\"img\" xmlns=\"http:\/\/www.w3.org\/2000\/svg\" viewBox=\"0 0 512 512\">\n\t                <path fill=\"currentColor\" d=\"M464 0H144c-26.51 0-48 21.49-48 48v48H48c-26.51 0-48 21.49-48 48v320c0 26.51 21.49 48 48 48h320c26.51 0 48-21.49 48-48v-48h48c26.51 0 48-21.49 48-48V48c0-26.51-21.49-48-48-48zM362 464H54a6 6 0 0 1-6-6V150a6 6 0 0 1 6-6h42v224c0 26.51 21.49 48 48 48h224v42a6 6 0 0 1-6 6zm96-96H150a6 6 0 0 1-6-6V54a6 6 0 0 1 6-6h308a6 6 0 0 1 6 6v308a6 6 0 0 1-6 6z\"><\/path>\n\t            <\/svg>\t                    <img decoding=\"async\" src=\"https:\/\/www.mv-bernbach.de\/wordpress\/wp-content\/plugins\/instagram-feed\/img\/placeholder.png\" alt=\"Aufbau beendet, wir freuen uns auf heute Abend...\n #Freigericht #mainkinzigkreis #follower #blasmusik #bernbach #musikverein\">\r\n        <\/a>\r\n    <\/div>\r\n<\/div><div class=\"sbi_item sbi_type_carousel sbi_new sbi_transition\" id=\"sbi_17882756715476911\" data-date=\"1774559646\">\r\n    <div class=\"sbi_photo_wrap\">\r\n        <a class=\"sbi_photo\" href=\"https:\/\/www.instagram.com\/p\/DWXMJ0YgsMv\/\" target=\"_blank\" rel=\"noopener nofollow\" data-full-res=\"https:\/\/scontent-fra3-1.cdninstagram.com\/v\/t51.82787-15\/655874158_18094089674033659_1452207611579174277_n.webp?stp=dst-jpg_e35_tt6&#038;_nc_cat=108&#038;ccb=7-5&#038;_nc_sid=18de74&#038;efg=eyJlZmdfdGFnIjoiQ0FST1VTRUxfSVRFTS5iZXN0X2ltYWdlX3VybGdlbi5DMyJ9&#038;_nc_ohc=-KyxbTi91i4Q7kNvwEkB_FB&#038;_nc_oc=AdqwzwS8pDtyNIE57A04OI45CrD4_PlatQL4nYJiYG6Fo-3k4iD-e1JEez7VGp6zy7Q&#038;_nc_zt=23&#038;_nc_ht=scontent-fra3-1.cdninstagram.com&#038;edm=AM6HXa8EAAAA&#038;_nc_gid=IzQfu6tnI4guW8QrXlDkqA&#038;oh=00_AQJHBU9qMqtn-rO072bXczO5aqUL6XsWWBYzCTm5O2-ijQ&#038;oe=6AA05532\" data-img-src-set=\"{&quot;d&quot;:&quot;https:\\\/\\\/scontent-fra3-1.cdninstagram.com\\\/v\\\/t51.82787-15\\\/655874158_18094089674033659_1452207611579174277_n.webp?stp=dst-jpg_e35_tt6&amp;_nc_cat=108&amp;ccb=7-5&amp;_nc_sid=18de74&amp;efg=eyJlZmdfdGFnIjoiQ0FST1VTRUxfSVRFTS5iZXN0X2ltYWdlX3VybGdlbi5DMyJ9&amp;_nc_ohc=-KyxbTi91i4Q7kNvwEkB_FB&amp;_nc_oc=AdqwzwS8pDtyNIE57A04OI45CrD4_PlatQL4nYJiYG6Fo-3k4iD-e1JEez7VGp6zy7Q&amp;_nc_zt=23&amp;_nc_ht=scontent-fra3-1.cdninstagram.com&amp;edm=AM6HXa8EAAAA&amp;_nc_gid=IzQfu6tnI4guW8QrXlDkqA&amp;oh=00_AQJHBU9qMqtn-rO072bXczO5aqUL6XsWWBYzCTm5O2-ijQ&amp;oe=6AA05532&quot;,&quot;150&quot;:&quot;https:\\\/\\\/scontent-fra3-1.cdninstagram.com\\\/v\\\/t51.82787-15\\\/655874158_18094089674033659_1452207611579174277_n.webp?stp=dst-jpg_e35_tt6&amp;_nc_cat=108&amp;ccb=7-5&amp;_nc_sid=18de74&amp;efg=eyJlZmdfdGFnIjoiQ0FST1VTRUxfSVRFTS5iZXN0X2ltYWdlX3VybGdlbi5DMyJ9&amp;_nc_ohc=-KyxbTi91i4Q7kNvwEkB_FB&amp;_nc_oc=AdqwzwS8pDtyNIE57A04OI45CrD4_PlatQL4nYJiYG6Fo-3k4iD-e1JEez7VGp6zy7Q&amp;_nc_zt=23&amp;_nc_ht=scontent-fra3-1.cdninstagram.com&amp;edm=AM6HXa8EAAAA&amp;_nc_gid=IzQfu6tnI4guW8QrXlDkqA&amp;oh=00_AQJHBU9qMqtn-rO072bXczO5aqUL6XsWWBYzCTm5O2-ijQ&amp;oe=6AA05532&quot;,&quot;320&quot;:&quot;https:\\\/\\\/scontent-fra3-1.cdninstagram.com\\\/v\\\/t51.82787-15\\\/655874158_18094089674033659_1452207611579174277_n.webp?stp=dst-jpg_e35_tt6&amp;_nc_cat=108&amp;ccb=7-5&amp;_nc_sid=18de74&amp;efg=eyJlZmdfdGFnIjoiQ0FST1VTRUxfSVRFTS5iZXN0X2ltYWdlX3VybGdlbi5DMyJ9&amp;_nc_ohc=-KyxbTi91i4Q7kNvwEkB_FB&amp;_nc_oc=AdqwzwS8pDtyNIE57A04OI45CrD4_PlatQL4nYJiYG6Fo-3k4iD-e1JEez7VGp6zy7Q&amp;_nc_zt=23&amp;_nc_ht=scontent-fra3-1.cdninstagram.com&amp;edm=AM6HXa8EAAAA&amp;_nc_gid=IzQfu6tnI4guW8QrXlDkqA&amp;oh=00_AQJHBU9qMqtn-rO072bXczO5aqUL6XsWWBYzCTm5O2-ijQ&amp;oe=6AA05532&quot;,&quot;640&quot;:&quot;https:\\\/\\\/scontent-fra3-1.cdninstagram.com\\\/v\\\/t51.82787-15\\\/655874158_18094089674033659_1452207611579174277_n.webp?stp=dst-jpg_e35_tt6&amp;_nc_cat=108&amp;ccb=7-5&amp;_nc_sid=18de74&amp;efg=eyJlZmdfdGFnIjoiQ0FST1VTRUxfSVRFTS5iZXN0X2ltYWdlX3VybGdlbi5DMyJ9&amp;_nc_ohc=-KyxbTi91i4Q7kNvwEkB_FB&amp;_nc_oc=AdqwzwS8pDtyNIE57A04OI45CrD4_PlatQL4nYJiYG6Fo-3k4iD-e1JEez7VGp6zy7Q&amp;_nc_zt=23&amp;_nc_ht=scontent-fra3-1.cdninstagram.com&amp;edm=AM6HXa8EAAAA&amp;_nc_gid=IzQfu6tnI4guW8QrXlDkqA&amp;oh=00_AQJHBU9qMqtn-rO072bXczO5aqUL6XsWWBYzCTm5O2-ijQ&amp;oe=6AA05532&quot;}\">\r\n            <span class=\"sbi-screenreader\">Nach der heutigen Generalprobe freuen wir uns, vor<\/span>\r\n            <svg class=\"svg-inline--fa fa-clone fa-w-16 sbi_lightbox_carousel_icon\" aria-hidden=\"true\" aria-label=\"Clone\" data-fa-pro\u0192cessed=\"\" data-prefix=\"far\" data-icon=\"clone\" role=\"img\" xmlns=\"http:\/\/www.w3.org\/2000\/svg\" viewBox=\"0 0 512 512\">\n\t                <path fill=\"currentColor\" d=\"M464 0H144c-26.51 0-48 21.49-48 48v48H48c-26.51 0-48 21.49-48 48v320c0 26.51 21.49 48 48 48h320c26.51 0 48-21.49 48-48v-48h48c26.51 0 48-21.49 48-48V48c0-26.51-21.49-48-48-48zM362 464H54a6 6 0 0 1-6-6V150a6 6 0 0 1 6-6h42v224c0 26.51 21.49 48 48 48h224v42a6 6 0 0 1-6 6zm96-96H150a6 6 0 0 1-6-6V54a6 6 0 0 1 6-6h308a6 6 0 0 1 6 6v308a6 6 0 0 1-6 6z\"><\/path>\n\t            <\/svg>\t                    <img decoding=\"async\" src=\"https:\/\/www.mv-bernbach.de\/wordpress\/wp-content\/plugins\/instagram-feed\/img\/placeholder.png\" alt=\"Nach der heutigen Generalprobe freuen wir uns, vor hoffentlich voll besetzter Freigericht-Halle unser diesj\u00e4hriges Konzert zu spielen. Kommt vorbei, wird bestimmt ein toller Abend!\">\r\n        <\/a>\r\n    <\/div>\r\n<\/div><div class=\"sbi_item sbi_type_carousel sbi_new sbi_transition\" id=\"sbi_18076956059135471\" data-date=\"1774461681\">\r\n    <div class=\"sbi_photo_wrap\">\r\n        <a class=\"sbi_photo\" href=\"https:\/\/www.instagram.com\/p\/DWURTQjE0WW\/\" target=\"_blank\" rel=\"noopener nofollow\" data-full-res=\"https:\/\/scontent-fra3-1.cdninstagram.com\/v\/t39.30808-6\/654234214_1441932634611909_1995059951276700429_n.jpg?stp=dst-jpg_e35_tt6&#038;_nc_cat=103&#038;ccb=7-5&#038;_nc_sid=18de74&#038;efg=eyJlZmdfdGFnIjoiQ0FST1VTRUxfSVRFTS5iZXN0X2ltYWdlX3VybGdlbi5DMyJ9&#038;_nc_ohc=f4rGqlIIWlIQ7kNvwG_UDEg&#038;_nc_oc=AdrrATZuDbqyAxfkqpT4LNNsu0BoL8i4TDd2W9BBB1cg29fNDqm4PXeVvkfU41htZ_U&#038;_nc_zt=23&#038;_nc_ht=scontent-fra3-1.cdninstagram.com&#038;edm=AM6HXa8EAAAA&#038;_nc_gid=IzQfu6tnI4guW8QrXlDkqA&#038;oh=00_AQIBwCgSnHRkUzSfsorBXzda1ZJo7mGA6_jTHYdYpTGcWg&#038;oe=6AA02E7B\" data-img-src-set=\"{&quot;d&quot;:&quot;https:\\\/\\\/scontent-fra3-1.cdninstagram.com\\\/v\\\/t39.30808-6\\\/654234214_1441932634611909_1995059951276700429_n.jpg?stp=dst-jpg_e35_tt6&amp;_nc_cat=103&amp;ccb=7-5&amp;_nc_sid=18de74&amp;efg=eyJlZmdfdGFnIjoiQ0FST1VTRUxfSVRFTS5iZXN0X2ltYWdlX3VybGdlbi5DMyJ9&amp;_nc_ohc=f4rGqlIIWlIQ7kNvwG_UDEg&amp;_nc_oc=AdrrATZuDbqyAxfkqpT4LNNsu0BoL8i4TDd2W9BBB1cg29fNDqm4PXeVvkfU41htZ_U&amp;_nc_zt=23&amp;_nc_ht=scontent-fra3-1.cdninstagram.com&amp;edm=AM6HXa8EAAAA&amp;_nc_gid=IzQfu6tnI4guW8QrXlDkqA&amp;oh=00_AQIBwCgSnHRkUzSfsorBXzda1ZJo7mGA6_jTHYdYpTGcWg&amp;oe=6AA02E7B&quot;,&quot;150&quot;:&quot;https:\\\/\\\/scontent-fra3-1.cdninstagram.com\\\/v\\\/t39.30808-6\\\/654234214_1441932634611909_1995059951276700429_n.jpg?stp=dst-jpg_e35_tt6&amp;_nc_cat=103&amp;ccb=7-5&amp;_nc_sid=18de74&amp;efg=eyJlZmdfdGFnIjoiQ0FST1VTRUxfSVRFTS5iZXN0X2ltYWdlX3VybGdlbi5DMyJ9&amp;_nc_ohc=f4rGqlIIWlIQ7kNvwG_UDEg&amp;_nc_oc=AdrrATZuDbqyAxfkqpT4LNNsu0BoL8i4TDd2W9BBB1cg29fNDqm4PXeVvkfU41htZ_U&amp;_nc_zt=23&amp;_nc_ht=scontent-fra3-1.cdninstagram.com&amp;edm=AM6HXa8EAAAA&amp;_nc_gid=IzQfu6tnI4guW8QrXlDkqA&amp;oh=00_AQIBwCgSnHRkUzSfsorBXzda1ZJo7mGA6_jTHYdYpTGcWg&amp;oe=6AA02E7B&quot;,&quot;320&quot;:&quot;https:\\\/\\\/scontent-fra3-1.cdninstagram.com\\\/v\\\/t39.30808-6\\\/654234214_1441932634611909_1995059951276700429_n.jpg?stp=dst-jpg_e35_tt6&amp;_nc_cat=103&amp;ccb=7-5&amp;_nc_sid=18de74&amp;efg=eyJlZmdfdGFnIjoiQ0FST1VTRUxfSVRFTS5iZXN0X2ltYWdlX3VybGdlbi5DMyJ9&amp;_nc_ohc=f4rGqlIIWlIQ7kNvwG_UDEg&amp;_nc_oc=AdrrATZuDbqyAxfkqpT4LNNsu0BoL8i4TDd2W9BBB1cg29fNDqm4PXeVvkfU41htZ_U&amp;_nc_zt=23&amp;_nc_ht=scontent-fra3-1.cdninstagram.com&amp;edm=AM6HXa8EAAAA&amp;_nc_gid=IzQfu6tnI4guW8QrXlDkqA&amp;oh=00_AQIBwCgSnHRkUzSfsorBXzda1ZJo7mGA6_jTHYdYpTGcWg&amp;oe=6AA02E7B&quot;,&quot;640&quot;:&quot;https:\\\/\\\/scontent-fra3-1.cdninstagram.com\\\/v\\\/t39.30808-6\\\/654234214_1441932634611909_1995059951276700429_n.jpg?stp=dst-jpg_e35_tt6&amp;_nc_cat=103&amp;ccb=7-5&amp;_nc_sid=18de74&amp;efg=eyJlZmdfdGFnIjoiQ0FST1VTRUxfSVRFTS5iZXN0X2ltYWdlX3VybGdlbi5DMyJ9&amp;_nc_ohc=f4rGqlIIWlIQ7kNvwG_UDEg&amp;_nc_oc=AdrrATZuDbqyAxfkqpT4LNNsu0BoL8i4TDd2W9BBB1cg29fNDqm4PXeVvkfU41htZ_U&amp;_nc_zt=23&amp;_nc_ht=scontent-fra3-1.cdninstagram.com&amp;edm=AM6HXa8EAAAA&amp;_nc_gid=IzQfu6tnI4guW8QrXlDkqA&amp;oh=00_AQIBwCgSnHRkUzSfsorBXzda1ZJo7mGA6_jTHYdYpTGcWg&amp;oe=6AA02E7B&quot;}\">\r\n            <span class=\"sbi-screenreader\">Morgens registrieren lasse und abends unser Konzer<\/span>\r\n            <svg class=\"svg-inline--fa fa-clone fa-w-16 sbi_lightbox_carousel_icon\" aria-hidden=\"true\" aria-label=\"Clone\" data-fa-pro\u0192cessed=\"\" data-prefix=\"far\" data-icon=\"clone\" role=\"img\" xmlns=\"http:\/\/www.w3.org\/2000\/svg\" viewBox=\"0 0 512 512\">\n\t                <path fill=\"currentColor\" d=\"M464 0H144c-26.51 0-48 21.49-48 48v48H48c-26.51 0-48 21.49-48 48v320c0 26.51 21.49 48 48 48h320c26.51 0 48-21.49 48-48v-48h48c26.51 0 48-21.49 48-48V48c0-26.51-21.49-48-48-48zM362 464H54a6 6 0 0 1-6-6V150a6 6 0 0 1 6-6h42v224c0 26.51 21.49 48 48 48h224v42a6 6 0 0 1-6 6zm96-96H150a6 6 0 0 1-6-6V54a6 6 0 0 1 6-6h308a6 6 0 0 1 6 6v308a6 6 0 0 1-6 6z\"><\/path>\n\t            <\/svg>\t                    <img decoding=\"async\" src=\"https:\/\/www.mv-bernbach.de\/wordpress\/wp-content\/plugins\/instagram-feed\/img\/placeholder.png\" alt=\"Morgens registrieren lasse und abends unser Konzert besuchen ...\">\r\n        <\/a>\r\n    <\/div>\r\n<\/div><div class=\"sbi_item sbi_type_carousel sbi_new sbi_transition\" id=\"sbi_17889415611329568\" data-date=\"1774171813\">\r\n    <div class=\"sbi_photo_wrap\">\r\n        <a class=\"sbi_photo\" href=\"https:\/\/www.instagram.com\/p\/DWLoa9rk5-s\/\" target=\"_blank\" rel=\"noopener nofollow\" data-full-res=\"https:\/\/scontent-fra5-2.cdninstagram.com\/v\/t39.30808-6\/655712082_1441929427945563_6524526428620629734_n.jpg?stp=dst-jpg_e35_tt6&#038;_nc_cat=109&#038;ccb=7-5&#038;_nc_sid=18de74&#038;efg=eyJlZmdfdGFnIjoiQ0FST1VTRUxfSVRFTS5iZXN0X2ltYWdlX3VybGdlbi5DMyJ9&#038;_nc_ohc=vwk8LjdkMwcQ7kNvwFawMT2&#038;_nc_oc=AdrWS1dvLSZ5vB7lADoZ9Q7v5yQoN12ODJcw71sx8HdAtzfjx6aYj5q0t_tqdBC4vUE&#038;_nc_zt=23&#038;_nc_ht=scontent-fra5-2.cdninstagram.com&#038;edm=AM6HXa8EAAAA&#038;_nc_gid=IzQfu6tnI4guW8QrXlDkqA&#038;oh=00_AQIna1IuG8spcWVv7_ukC4hczfk0KVJNX1u06oL1Je1rDA&#038;oe=6AA03CB6\" data-img-src-set=\"{&quot;d&quot;:&quot;https:\\\/\\\/scontent-fra5-2.cdninstagram.com\\\/v\\\/t39.30808-6\\\/655712082_1441929427945563_6524526428620629734_n.jpg?stp=dst-jpg_e35_tt6&amp;_nc_cat=109&amp;ccb=7-5&amp;_nc_sid=18de74&amp;efg=eyJlZmdfdGFnIjoiQ0FST1VTRUxfSVRFTS5iZXN0X2ltYWdlX3VybGdlbi5DMyJ9&amp;_nc_ohc=vwk8LjdkMwcQ7kNvwFawMT2&amp;_nc_oc=AdrWS1dvLSZ5vB7lADoZ9Q7v5yQoN12ODJcw71sx8HdAtzfjx6aYj5q0t_tqdBC4vUE&amp;_nc_zt=23&amp;_nc_ht=scontent-fra5-2.cdninstagram.com&amp;edm=AM6HXa8EAAAA&amp;_nc_gid=IzQfu6tnI4guW8QrXlDkqA&amp;oh=00_AQIna1IuG8spcWVv7_ukC4hczfk0KVJNX1u06oL1Je1rDA&amp;oe=6AA03CB6&quot;,&quot;150&quot;:&quot;https:\\\/\\\/scontent-fra5-2.cdninstagram.com\\\/v\\\/t39.30808-6\\\/655712082_1441929427945563_6524526428620629734_n.jpg?stp=dst-jpg_e35_tt6&amp;_nc_cat=109&amp;ccb=7-5&amp;_nc_sid=18de74&amp;efg=eyJlZmdfdGFnIjoiQ0FST1VTRUxfSVRFTS5iZXN0X2ltYWdlX3VybGdlbi5DMyJ9&amp;_nc_ohc=vwk8LjdkMwcQ7kNvwFawMT2&amp;_nc_oc=AdrWS1dvLSZ5vB7lADoZ9Q7v5yQoN12ODJcw71sx8HdAtzfjx6aYj5q0t_tqdBC4vUE&amp;_nc_zt=23&amp;_nc_ht=scontent-fra5-2.cdninstagram.com&amp;edm=AM6HXa8EAAAA&amp;_nc_gid=IzQfu6tnI4guW8QrXlDkqA&amp;oh=00_AQIna1IuG8spcWVv7_ukC4hczfk0KVJNX1u06oL1Je1rDA&amp;oe=6AA03CB6&quot;,&quot;320&quot;:&quot;https:\\\/\\\/scontent-fra5-2.cdninstagram.com\\\/v\\\/t39.30808-6\\\/655712082_1441929427945563_6524526428620629734_n.jpg?stp=dst-jpg_e35_tt6&amp;_nc_cat=109&amp;ccb=7-5&amp;_nc_sid=18de74&amp;efg=eyJlZmdfdGFnIjoiQ0FST1VTRUxfSVRFTS5iZXN0X2ltYWdlX3VybGdlbi5DMyJ9&amp;_nc_ohc=vwk8LjdkMwcQ7kNvwFawMT2&amp;_nc_oc=AdrWS1dvLSZ5vB7lADoZ9Q7v5yQoN12ODJcw71sx8HdAtzfjx6aYj5q0t_tqdBC4vUE&amp;_nc_zt=23&amp;_nc_ht=scontent-fra5-2.cdninstagram.com&amp;edm=AM6HXa8EAAAA&amp;_nc_gid=IzQfu6tnI4guW8QrXlDkqA&amp;oh=00_AQIna1IuG8spcWVv7_ukC4hczfk0KVJNX1u06oL1Je1rDA&amp;oe=6AA03CB6&quot;,&quot;640&quot;:&quot;https:\\\/\\\/scontent-fra5-2.cdninstagram.com\\\/v\\\/t39.30808-6\\\/655712082_1441929427945563_6524526428620629734_n.jpg?stp=dst-jpg_e35_tt6&amp;_nc_cat=109&amp;ccb=7-5&amp;_nc_sid=18de74&amp;efg=eyJlZmdfdGFnIjoiQ0FST1VTRUxfSVRFTS5iZXN0X2ltYWdlX3VybGdlbi5DMyJ9&amp;_nc_ohc=vwk8LjdkMwcQ7kNvwFawMT2&amp;_nc_oc=AdrWS1dvLSZ5vB7lADoZ9Q7v5yQoN12ODJcw71sx8HdAtzfjx6aYj5q0t_tqdBC4vUE&amp;_nc_zt=23&amp;_nc_ht=scontent-fra5-2.cdninstagram.com&amp;edm=AM6HXa8EAAAA&amp;_nc_gid=IzQfu6tnI4guW8QrXlDkqA&amp;oh=00_AQIna1IuG8spcWVv7_ukC4hczfk0KVJNX1u06oL1Je1rDA&amp;oe=6AA03CB6&quot;}\">\r\n            <span class=\"sbi-screenreader\">Der Musikverein 1921 Bernbach l\u00e4dt euch ein zu ei<\/span>\r\n            <svg class=\"svg-inline--fa fa-clone fa-w-16 sbi_lightbox_carousel_icon\" aria-hidden=\"true\" aria-label=\"Clone\" data-fa-pro\u0192cessed=\"\" data-prefix=\"far\" data-icon=\"clone\" role=\"img\" xmlns=\"http:\/\/www.w3.org\/2000\/svg\" viewBox=\"0 0 512 512\">\n\t                <path fill=\"currentColor\" d=\"M464 0H144c-26.51 0-48 21.49-48 48v48H48c-26.51 0-48 21.49-48 48v320c0 26.51 21.49 48 48 48h320c26.51 0 48-21.49 48-48v-48h48c26.51 0 48-21.49 48-48V48c0-26.51-21.49-48-48-48zM362 464H54a6 6 0 0 1-6-6V150a6 6 0 0 1 6-6h42v224c0 26.51 21.49 48 48 48h224v42a6 6 0 0 1-6 6zm96-96H150a6 6 0 0 1-6-6V54a6 6 0 0 1 6-6h308a6 6 0 0 1 6 6v308a6 6 0 0 1-6 6z\"><\/path>\n\t            <\/svg>\t                    <img decoding=\"async\" src=\"https:\/\/www.mv-bernbach.de\/wordpress\/wp-content\/plugins\/instagram-feed\/img\/placeholder.png\" alt=\"Der Musikverein 1921 Bernbach l\u00e4dt euch ein zu einer klangvollen Entdeckungstour durch Natur, Fantasie und ferne Welten! \u2728\n\n\ud83d\udcc5 28. M\u00e4rz 2026\n\ud83d\udd62 19:30 Uhr (Einlass 19:00 Uhr)\n\ud83d\udccd Freigerichthalle\n\nUnsere Jugendkapelle sorgt f\u00fcr einen energiegeladenen Start \u2013 vom frechen \u201eSchabanack\u201c \u00fcber die magische Welt von \u201eWicked\u201c bis hin zum Kult Hit \u201eGhostbusters\u201c \ud83d\udc7b.\n\nDas Stammorchester nimmt euch mit in beeindruckende Klanglandschaften:\n\ud83c\udf1f Kraftvolle Fanfaren in \u201eOpening\u201c\n\u26cf\ufe0f Tiefe Bergwerksstimmung in \u201eMiners Rhapsody\u201c\n\ud83d\ude82 Weite Pr\u00e4rien &amp; Western Feeling in \u201eOregon\u201c\n\ud83c\udfb7 Swingende Gro\u00dfstadt N\u00e4chte mit \u201eSax Swingers\u201c\n\ud83c\udf32 Burgen, Zauberwald &amp; Nostalgie in \u201eLandscapes\u201c\n\ud83c\udfd6\ufe0f Sommerfeeling pur bei \u201eUnder the Boardwalk\u201c\n\u26f0\ufe0f Alpenromantik zum Finale im \u201eWei\u00dfen R\u00f6ssl\u201c\n\n\ud83c\udf9f Eintritt: VVK 10 \u20ac, Abendkasse 12 \u20ac - Karten erh\u00e4ltlich bei Getr\u00e4nke Lach, Kelterei Trageser Altenmittlau und allen Musikerinnen &amp; Musikern.\n\n\ud83d\udc49 Kommt vorbei und erlebt einen Abend voller Musik, Emotionen und Bilder im Kopf. Wir freuen uns auf euch! \ud83d\udc9b\ud83c\udfba\">\r\n        <\/a>\r\n    <\/div>\r\n<\/div>    <\/div>\r\n\r\n\t<div id=\"sbi_load\" >\r\n\r\n\t\t\t<a class=\"sbi_load_btn\" href=\"javascript:void(0);\" style=\"background: rgb(0,0,0);color: rgb(255,255,255);\">\r\n\t\t\t<span class=\"sbi_btn_text\">mehr<\/span>\r\n\t\t\t<span class=\"sbi_loader sbi_hidden\" style=\"background-color: rgb(255, 255, 255);\" aria-hidden=\"true\"><\/span>\r\n\t\t<\/a>\r\n\t\r\n\t\t\t<span class=\"sbi_follow_btn sbi_custom\">\r\n        <a href=\"https:\/\/www.instagram.com\/musikverein1921bernbach\/\" style=\"background: rgb(64,139,209);\" target=\"_blank\" rel=\"nofollow noopener\">\r\n            <svg class=\"svg-inline--fa fa-instagram fa-w-14\" aria-hidden=\"true\" data-fa-processed=\"\" aria-label=\"Instagram\" data-prefix=\"fab\" data-icon=\"instagram\" role=\"img\" viewBox=\"0 0 448 512\">\n\t                <path fill=\"currentColor\" d=\"M224.1 141c-63.6 0-114.9 51.3-114.9 114.9s51.3 114.9 114.9 114.9S339 319.5 339 255.9 287.7 141 224.1 141zm0 189.6c-41.1 0-74.7-33.5-74.7-74.7s33.5-74.7 74.7-74.7 74.7 33.5 74.7 74.7-33.6 74.7-74.7 74.7zm146.4-194.3c0 14.9-12 26.8-26.8 26.8-14.9 0-26.8-12-26.8-26.8s12-26.8 26.8-26.8 26.8 12 26.8 26.8zm76.1 27.2c-1.7-35.9-9.9-67.7-36.2-93.9-26.2-26.2-58-34.4-93.9-36.2-37-2.1-147.9-2.1-184.9 0-35.8 1.7-67.6 9.9-93.9 36.1s-34.4 58-36.2 93.9c-2.1 37-2.1 147.9 0 184.9 1.7 35.9 9.9 67.7 36.2 93.9s58 34.4 93.9 36.2c37 2.1 147.9 2.1 184.9 0 35.9-1.7 67.7-9.9 93.9-36.2 26.2-26.2 34.4-58 36.2-93.9 2.1-37 2.1-147.8 0-184.8zM398.8 388c-7.8 19.6-22.9 34.7-42.6 42.6-29.5 11.7-99.5 9-132.1 9s-102.7 2.6-132.1-9c-19.6-7.8-34.7-22.9-42.6-42.6-11.7-29.5-9-99.5-9-132.1s-2.6-102.7 9-132.1c7.8-19.6 22.9-34.7 42.6-42.6 29.5-11.7 99.5-9 132.1-9s102.7-2.6 132.1 9c19.6 7.8 34.7 22.9 42.6 42.6 11.7 29.5 9 99.5 9 132.1s2.7 102.7-9 132.1z\"><\/path>\n\t            <\/svg>            <span>Auf Instagram folgen<\/span>\r\n        <\/a>\r\n    <\/span>\r\n\t\r\n<\/div>\r\n\r\n\t    <span class=\"sbi_resized_image_data\" data-feed-id=\"*2\" data-resized=\"{&quot;17889415611329568&quot;:{&quot;id&quot;:&quot;655712082_1441929427945563_6524526428620629734_n&quot;,&quot;ratio&quot;:&quot;1.00&quot;,&quot;sizes&quot;:{&quot;full&quot;:640,&quot;low&quot;:320,&quot;thumb&quot;:150}},&quot;18076956059135471&quot;:{&quot;id&quot;:&quot;654234214_1441932634611909_1995059951276700429_n&quot;,&quot;ratio&quot;:&quot;0.80&quot;,&quot;sizes&quot;:{&quot;full&quot;:640,&quot;low&quot;:320,&quot;thumb&quot;:150}},&quot;17882756715476911&quot;:{&quot;id&quot;:&quot;655874158_18094089674033659_1452207611579174277_n.webp&quot;,&quot;ratio&quot;:&quot;1.00&quot;,&quot;sizes&quot;:{&quot;full&quot;:640,&quot;low&quot;:320,&quot;thumb&quot;:150}},&quot;18070540796316458&quot;:{&quot;id&quot;:&quot;657362880_1447399674065205_1121377783363105758_n&quot;,&quot;ratio&quot;:&quot;1.10&quot;,&quot;sizes&quot;:{&quot;full&quot;:640,&quot;low&quot;:320,&quot;thumb&quot;:150}},&quot;18033612707601525&quot;:{&quot;id&quot;:&quot;656171762_1447874957351010_3861999586664844586_n&quot;,&quot;ratio&quot;:&quot;1.60&quot;,&quot;sizes&quot;:{&quot;full&quot;:640,&quot;low&quot;:320,&quot;thumb&quot;:150}},&quot;18109312714852609&quot;:{&quot;id&quot;:&quot;669588510_1456721413133031_6287313547715355949_n&quot;,&quot;ratio&quot;:&quot;0.80&quot;,&quot;sizes&quot;:{&quot;full&quot;:640,&quot;low&quot;:320,&quot;thumb&quot;:150}},&quot;18084476972038847&quot;:{&quot;id&quot;:&quot;660135957_1450098487128657_185374057183116966_n&quot;,&quot;ratio&quot;:&quot;1.18&quot;,&quot;sizes&quot;:{&quot;full&quot;:640,&quot;low&quot;:320,&quot;thumb&quot;:150}},&quot;18069594389306254&quot;:{&quot;id&quot;:&quot;661245585_1450106550461184_1727532166227586079_n&quot;,&quot;ratio&quot;:&quot;1.91&quot;,&quot;sizes&quot;:{&quot;full&quot;:640,&quot;low&quot;:320,&quot;thumb&quot;:150}},&quot;17935340004208225&quot;:{&quot;id&quot;:&quot;679726767_1471553124983193_2157622287729909535_n&quot;,&quot;ratio&quot;:&quot;1.33&quot;,&quot;sizes&quot;:{&quot;full&quot;:640,&quot;low&quot;:320,&quot;thumb&quot;:150}},&quot;18082351847635559&quot;:{&quot;id&quot;:&quot;700087603_1490204273118078_1983515498059508827_n&quot;,&quot;ratio&quot;:&quot;1.33&quot;,&quot;sizes&quot;:{&quot;full&quot;:640,&quot;low&quot;:320,&quot;thumb&quot;:150}},&quot;17967689784112536&quot;:{&quot;id&quot;:&quot;702763543_1494052319399940_1495122048418278152_n&quot;,&quot;ratio&quot;:&quot;0.80&quot;,&quot;sizes&quot;:{&quot;full&quot;:640,&quot;low&quot;:320,&quot;thumb&quot;:150}},&quot;18004646690917247&quot;:{&quot;id&quot;:&quot;703687599_1496557799149392_7368943533381788349_n&quot;,&quot;ratio&quot;:&quot;1.00&quot;,&quot;sizes&quot;:{&quot;full&quot;:640,&quot;low&quot;:320,&quot;thumb&quot;:150}},&quot;18101610824270458&quot;:{&quot;id&quot;:&quot;733935583_18104150996033659_5229137338432182359_n&quot;,&quot;ratio&quot;:&quot;1.33&quot;,&quot;sizes&quot;:{&quot;full&quot;:640,&quot;low&quot;:320,&quot;thumb&quot;:150}},&quot;18033674102820957&quot;:{&quot;id&quot;:&quot;756341915_1553264156812089_4116757997671640132_n&quot;,&quot;ratio&quot;:&quot;0.66&quot;,&quot;sizes&quot;:{&quot;full&quot;:640,&quot;low&quot;:320,&quot;thumb&quot;:150}},&quot;18125215546738772&quot;:{&quot;id&quot;:&quot;759776605_1558994989572339_49517195550238127_n&quot;,&quot;ratio&quot;:&quot;1.00&quot;,&quot;sizes&quot;:{&quot;full&quot;:640,&quot;low&quot;:320,&quot;thumb&quot;:150}},&quot;18133566532624705&quot;:{&quot;id&quot;:&quot;771573130_18108201296033659_1288020457143355055_n.webp&quot;,&quot;ratio&quot;:&quot;1.00&quot;,&quot;sizes&quot;:{&quot;full&quot;:640,&quot;low&quot;:320,&quot;thumb&quot;:150}},&quot;18011538674936683&quot;:{&quot;id&quot;:&quot;773612850_1572790431526128_5313766995064455216_n&quot;,&quot;ratio&quot;:&quot;0.80&quot;,&quot;sizes&quot;:{&quot;full&quot;:640,&quot;low&quot;:320,&quot;thumb&quot;:150}},&quot;18216610930353134&quot;:{&quot;id&quot;:&quot;774512657_1573333621471809_6570130040087343849_n&quot;,&quot;ratio&quot;:&quot;0.80&quot;,&quot;sizes&quot;:{&quot;full&quot;:640,&quot;low&quot;:320,&quot;thumb&quot;:150}},&quot;18146196121543773&quot;:{&quot;id&quot;:&quot;788017442_1583267160478455_6099225568399018888_n&quot;,&quot;ratio&quot;:&quot;1.33&quot;,&quot;sizes&quot;:{&quot;full&quot;:640,&quot;low&quot;:320,&quot;thumb&quot;:150}},&quot;18127601182686229&quot;:{&quot;id&quot;:&quot;787542029_1584118873726617_4404033108718625308_n&quot;,&quot;ratio&quot;:&quot;0.80&quot;,&quot;sizes&quot;:{&quot;full&quot;:640,&quot;low&quot;:320,&quot;thumb&quot;:150}}}\">\n\t<\/span>\n\t<\/div>\r\n\r\n<\/p><p><div class=\"cff-wrapper\"><div class=\"cff-wrapper-ctn \" ><div id=\"cff\"  class=\"cff cff-list-container  cff-default-styles  cff-mob-cols-1 cff-tab-cols-1\"   style=\"width:100%;\"   data-char=\"400\" ><div class=\"cff-posts-wrap\"><div id=\"cff_121661704586851_1585741840230987\" class=\"cff-item cff-status-post cff-album author-musikverein-1921-bernbach-e-v-\"  style=\"border-bottom: 1px solid #ddd;\">\n\t<div class=\"cff-author\">\n\t<div class=\"cff-author-text\">\n\t\t\t\t\t<div class=\"cff-page-name cff-author-date\" >\n\t\t\t\t<a href=\"https:\/\/facebook.com\/121661704586851\" target=\"_blank\" rel=\"nofollow noopener\" >Musikverein 1921 Bernbach e.V.<\/a>\n\t\t\t\t<span class=\"cff-story\"> <\/span>\n\t\t\t<\/div>\n\t\t\t\n<p class=\"cff-date\" > 5 days ago <\/p>\n\t\t\t<\/div>\n\t<div class=\"cff-author-img \" data-avatar=\"https:\/\/scontent-fra3-1.xx.fbcdn.net\/v\/t39.30808-1\/312522059_511766654295183_4224899328543459166_n.jpg?stp=cp0_dst-jpg_s50x50_tt6&#038;_nc_cat=101&#038;ccb=1-7&#038;_nc_sid=f907e8&#038;_nc_ohc=kwTv62VbP8IQ7kNvwF4KoR6&#038;_nc_oc=AdrGFzbfoq6n1Q9xVs_HDShzEpPzbOCv-yk5KBPuY5HmSN-Th13nGRhW8PJhUi8s4uQ&#038;_nc_zt=24&#038;_nc_ht=scontent-fra3-1.xx&#038;edm=AKIiGfEEAAAA&#038;_nc_gid=EKBfQOXsyp0_rwf-o49DBA&#038;_nc_tpa=Q5bMBQI-sq6X41fttmt9LkOzUfrY-VHc3jhi7KokzUk5pFsfzBveQCIW7xPiEoW0DLyaG7QAv7W7MB8A7g&#038;oh=00_AQI7s4yBiGt308KXAmiEupP7v1OTqSLvRaMCMCulKBkNkA&#038;oe=6A9BAAFB\">\n\t\t<a href=\"https:\/\/facebook.com\/121661704586851\" target=\"_blank\" rel=\"nofollow noopener\" ><img decoding=\"async\" src=\"https:\/\/scontent-fra3-1.xx.fbcdn.net\/v\/t39.30808-1\/312522059_511766654295183_4224899328543459166_n.jpg?stp=cp0_dst-jpg_s50x50_tt6&#038;_nc_cat=101&#038;ccb=1-7&#038;_nc_sid=f907e8&#038;_nc_ohc=kwTv62VbP8IQ7kNvwF4KoR6&#038;_nc_oc=AdrGFzbfoq6n1Q9xVs_HDShzEpPzbOCv-yk5KBPuY5HmSN-Th13nGRhW8PJhUi8s4uQ&#038;_nc_zt=24&#038;_nc_ht=scontent-fra3-1.xx&#038;edm=AKIiGfEEAAAA&#038;_nc_gid=EKBfQOXsyp0_rwf-o49DBA&#038;_nc_tpa=Q5bMBQI-sq6X41fttmt9LkOzUfrY-VHc3jhi7KokzUk5pFsfzBveQCIW7xPiEoW0DLyaG7QAv7W7MB8A7g&#038;oh=00_AQI7s4yBiGt308KXAmiEupP7v1OTqSLvRaMCMCulKBkNkA&#038;oe=6A9BAAFB\" title=\"Musikverein 1921 Bernbach e.V.\" alt=\"Musikverein 1921 Bernbach e.V.\" width=40 height=40 onerror=\"this.style.display='none'\"><\/a>\n\t<\/div>\n<\/div>\n\n<div class=\"cff-post-text\" >\n\t<span class=\"cff-text\" data-color=\"\">\n\t\tNach der 1175-Jahr-Feier in Bernbach ist vor der Kerb. Den Biergarten haben wir gleich stehen gelassen, dieser l\u00e4dt ein zum gem\u00fctlichen Beisammensein. Kirchengemeinde und Musikverein freuen sich als gemeinsame Veranstalter auf zahlreiche Besucher.<img class=\"cff-linebreak\" \/> <a href=\"https:\/\/facebook.com\/499224120127232\">#freigericht<\/a> <a href=\"https:\/\/facebook.com\/458441037561475\">#follower<\/a> <a href=\"https:\/\/facebook.com\/486394398076052\">#livemusik<\/a> <a href=\"https:\/\/facebook.com\/180344105451412\">#blasmusik<\/a> <a href=\"https:\/\/facebook.com\/508542905860629\">#Bernbach<\/a> <a href=\"https:\/\/facebook.com\/546699858698498\">#mainkinzigkreis<\/a>\t\t\t<\/span>\n\t<span class=\"cff-expand\">&#8230; <a href=\"#\" style=\"color: #\"><span class=\"cff-more\">See More<\/span><span class=\"cff-less\">See Less<\/span><\/a><\/span>\n\n<\/div>\n\n<p class=\"cff-media-link\">\n\t<a href=\"https:\/\/www.facebook.com\/578268810978300\/posts\/1585741840230987\" target=\"_blank\" style=\"color: #\">\n\t\t<span style=\"padding-right: 5px;\" class=\"fa fas fa-picture-o fa-image\"><\/span>Photo\t<\/a>\n<\/p>\n\t<div class=\"cff-post-links\">\n\t\t\t\t\t<a class=\"cff-viewpost-facebook\" href=\"https:\/\/www.facebook.com\/578268810978300\/posts\/1585741840230987\" title=\"Auf Facebook anzeigen\" target=\"_blank\" rel=\"nofollow noopener\" >Auf Facebook anzeigen<\/a>\n\t\t\t\t\t\t\t<div class=\"cff-share-container\">\n\t\t\t\t\t\t\t\t\t<span class=\"cff-dot\" >&middot;<\/span>\n\t\t\t\t\t\t\t\t<a class=\"cff-share-link\" href=\"https:\/\/www.facebook.com\/sharer\/sharer.php?u=https%3A%2F%2Fwww.facebook.com%2F578268810978300%2Fposts%2F1585741840230987\" title=\"Teilen\" >Teilen<\/a>\n\t\t\t\t<p class=\"cff-share-tooltip\">\n\t\t\t\t\t\t\t\t\t\t\t<a href=\"https:\/\/www.facebook.com\/sharer\/sharer.php?u=https%3A%2F%2Fwww.facebook.com%2F578268810978300%2Fposts%2F1585741840230987\" target=\"_blank\" rel=\"noopener noreferrer\" class=\"cff-facebook-icon\">\n\t\t\t\t\t\t\t<span class=\"fa fab fa-facebook-square\" aria-hidden=\"true\"><\/span>\n\t\t\t\t\t\t\t<span class=\"cff-screenreader\">Auf Facebook teilen<\/span>\n\t\t\t\t\t\t<\/a>\n\t\t\t\t\t\t\t\t\t\t\t<a href=\"https:\/\/twitter.com\/intent\/tweet?text=https%3A%2F%2Fwww.facebook.com%2F578268810978300%2Fposts%2F1585741840230987\" target=\"_blank\" rel=\"noopener noreferrer\" class=\"cff-twitter-icon\">\n\t\t\t\t\t\t\t<span class=\"fa fab fa-twitter\" aria-hidden=\"true\"><\/span>\n\t\t\t\t\t\t\t<span class=\"cff-screenreader\">Auf Twitter teilen<\/span>\n\t\t\t\t\t\t<\/a>\n\t\t\t\t\t\t\t\t\t\t\t<a href=\"https:\/\/www.linkedin.com\/shareArticle?mini=true&#038;url=https%3A%2F%2Fwww.facebook.com%2F578268810978300%2Fposts%2F1585741840230987&#038;title=%09%09%09Nach%20der%201175-Jahr-Feier%20in%20Bernbach%20ist%20vor%20der%20Kerb.%20Den%20Biergarten%20haben%20wir%20gleich%20stehen%20gelassen%2C%20dieser%20l%C3%A4dt%20ein%20zum%20gem%C3%BCtlichen%20Beisammensein.%20Kirchengemeinde%20und%20Musikverein%20freuen%20sich%20als%20gemeinsame%20Veranstalter%20auf%20zahlreiche%20Besucher.%20%23freigericht%20%23follower%20%23livemusik%20%23blasmusik%20%23Bernbach%20%23mainkinzigkreis%09%09%09%09\" target=\"_blank\" rel=\"noopener noreferrer\" class=\"cff-linkedin-icon\">\n\t\t\t\t\t\t\t<span class=\"fa fab fa-linkedin\" aria-hidden=\"true\"><\/span>\n\t\t\t\t\t\t\t<span class=\"cff-screenreader\">Auf LinkedIn teilen<\/span>\n\t\t\t\t\t\t<\/a>\n\t\t\t\t\t\t\t\t\t\t\t<a href=\"mailto:?subject=Facebook&#038;body=https%3A%2F%2Fwww.facebook.com%2F578268810978300%2Fposts%2F1585741840230987%20-%20%0A%0A%09%0A%09%09Nach%20der%201175-Jahr-Feier%20in%20Bernbach%20ist%20vor%20der%20Kerb.%20Den%20Biergarten%20haben%20wir%20gleich%20stehen%20gelassen%2C%20dieser%20l%C3%A4dt%20ein%20zum%20gem%C3%BCtlichen%20Beisammensein.%20Kirchengemeinde%20und%20Musikverein%20freuen%20sich%20als%20gemeinsame%20Veranstalter%20auf%20zahlreiche%20Besucher.%20%23freigericht%20%23follower%20%23livemusik%20%23blasmusik%20%23Bernbach%20%23mainkinzigkreis%09%09%09%0A%09\" target=\"_blank\" rel=\"noopener noreferrer\" class=\"cff-email-icon\">\n\t\t\t\t\t\t\t<span class=\"fa fab fa-envelope\" aria-hidden=\"true\"><\/span>\n\t\t\t\t\t\t\t<span class=\"cff-screenreader\">Per E-Mail teilen<\/span>\n\t\t\t\t\t\t<\/a>\n\t\t\t\t\t\t\t\t\t<\/p>\n\t\t\t<\/div>\n\t\t\t<\/div>\n\t<\/div>\n\n\n\n<div id=\"cff_121661704586851_1583267360478435\" class=\"cff-item cff-status-post cff-album author-musikverein-1921-bernbach-e-v-\"  style=\"border-bottom: 1px solid #ddd;\">\n\t<div class=\"cff-author\">\n\t<div class=\"cff-author-text\">\n\t\t\t\t\t<div class=\"cff-page-name cff-author-date\" >\n\t\t\t\t<a href=\"https:\/\/facebook.com\/121661704586851\" target=\"_blank\" rel=\"nofollow noopener\" >Musikverein 1921 Bernbach e.V.<\/a>\n\t\t\t\t<span class=\"cff-story\">  f\u00fchlt sich fr\u00f6hlich \u2013 hier: Musikverein 1921 Bernbach e.V.<\/span>\n\t\t\t<\/div>\n\t\t\t\n<p class=\"cff-date\" > 1 week ago <\/p>\n\t\t\t<\/div>\n\t<div class=\"cff-author-img \" data-avatar=\"https:\/\/scontent-fra3-1.xx.fbcdn.net\/v\/t39.30808-1\/312522059_511766654295183_4224899328543459166_n.jpg?stp=cp0_dst-jpg_s50x50_tt6&#038;_nc_cat=101&#038;ccb=1-7&#038;_nc_sid=f907e8&#038;_nc_ohc=kwTv62VbP8IQ7kNvwF4KoR6&#038;_nc_oc=AdrGFzbfoq6n1Q9xVs_HDShzEpPzbOCv-yk5KBPuY5HmSN-Th13nGRhW8PJhUi8s4uQ&#038;_nc_zt=24&#038;_nc_ht=scontent-fra3-1.xx&#038;edm=AKIiGfEEAAAA&#038;_nc_gid=EKBfQOXsyp0_rwf-o49DBA&#038;_nc_tpa=Q5bMBQI-sq6X41fttmt9LkOzUfrY-VHc3jhi7KokzUk5pFsfzBveQCIW7xPiEoW0DLyaG7QAv7W7MB8A7g&#038;oh=00_AQI7s4yBiGt308KXAmiEupP7v1OTqSLvRaMCMCulKBkNkA&#038;oe=6A9BAAFB\">\n\t\t<a href=\"https:\/\/facebook.com\/121661704586851\" target=\"_blank\" rel=\"nofollow noopener\" ><img decoding=\"async\" src=\"https:\/\/scontent-fra3-1.xx.fbcdn.net\/v\/t39.30808-1\/312522059_511766654295183_4224899328543459166_n.jpg?stp=cp0_dst-jpg_s50x50_tt6&#038;_nc_cat=101&#038;ccb=1-7&#038;_nc_sid=f907e8&#038;_nc_ohc=kwTv62VbP8IQ7kNvwF4KoR6&#038;_nc_oc=AdrGFzbfoq6n1Q9xVs_HDShzEpPzbOCv-yk5KBPuY5HmSN-Th13nGRhW8PJhUi8s4uQ&#038;_nc_zt=24&#038;_nc_ht=scontent-fra3-1.xx&#038;edm=AKIiGfEEAAAA&#038;_nc_gid=EKBfQOXsyp0_rwf-o49DBA&#038;_nc_tpa=Q5bMBQI-sq6X41fttmt9LkOzUfrY-VHc3jhi7KokzUk5pFsfzBveQCIW7xPiEoW0DLyaG7QAv7W7MB8A7g&#038;oh=00_AQI7s4yBiGt308KXAmiEupP7v1OTqSLvRaMCMCulKBkNkA&#038;oe=6A9BAAFB\" title=\"Musikverein 1921 Bernbach e.V.\" alt=\"Musikverein 1921 Bernbach e.V.\" width=40 height=40 onerror=\"this.style.display='none'\"><\/a>\n\t<\/div>\n<\/div>\n\n<div class=\"cff-post-text\" >\n\t<span class=\"cff-text\" data-color=\"\">\n\t\tAm Dienstag probten zum ersten Mal die (wieder) neu gegr\u00fcndeten MusicKids unter der Leitung von Birgit Aul &#8211; wir w\u00fcnschen viel Spa\u00df beim gemeinsamen Musizieren.\t\t\t<\/span>\n\t<span class=\"cff-expand\">&#8230; <a href=\"#\" style=\"color: #\"><span class=\"cff-more\">See More<\/span><span class=\"cff-less\">See Less<\/span><\/a><\/span>\n\n<\/div>\n\n<p class=\"cff-media-link\">\n\t<a href=\"https:\/\/www.facebook.com\/578268810978300\/posts\/1583267360478435\" target=\"_blank\" style=\"color: #\">\n\t\t<span style=\"padding-right: 5px;\" class=\"fa fas fa-picture-o fa-image\"><\/span>Photo\t<\/a>\n<\/p>\n\t<div class=\"cff-post-links\">\n\t\t\t\t\t<a class=\"cff-viewpost-facebook\" href=\"https:\/\/www.facebook.com\/578268810978300\/posts\/1583267360478435\" title=\"Auf Facebook anzeigen\" target=\"_blank\" rel=\"nofollow noopener\" >Auf Facebook anzeigen<\/a>\n\t\t\t\t\t\t\t<div class=\"cff-share-container\">\n\t\t\t\t\t\t\t\t\t<span class=\"cff-dot\" >&middot;<\/span>\n\t\t\t\t\t\t\t\t<a class=\"cff-share-link\" href=\"https:\/\/www.facebook.com\/sharer\/sharer.php?u=https%3A%2F%2Fwww.facebook.com%2F578268810978300%2Fposts%2F1583267360478435\" title=\"Teilen\" >Teilen<\/a>\n\t\t\t\t<p class=\"cff-share-tooltip\">\n\t\t\t\t\t\t\t\t\t\t\t<a href=\"https:\/\/www.facebook.com\/sharer\/sharer.php?u=https%3A%2F%2Fwww.facebook.com%2F578268810978300%2Fposts%2F1583267360478435\" target=\"_blank\" rel=\"noopener noreferrer\" class=\"cff-facebook-icon\">\n\t\t\t\t\t\t\t<span class=\"fa fab fa-facebook-square\" aria-hidden=\"true\"><\/span>\n\t\t\t\t\t\t\t<span class=\"cff-screenreader\">Auf Facebook teilen<\/span>\n\t\t\t\t\t\t<\/a>\n\t\t\t\t\t\t\t\t\t\t\t<a href=\"https:\/\/twitter.com\/intent\/tweet?text=https%3A%2F%2Fwww.facebook.com%2F578268810978300%2Fposts%2F1583267360478435\" target=\"_blank\" rel=\"noopener noreferrer\" class=\"cff-twitter-icon\">\n\t\t\t\t\t\t\t<span class=\"fa fab fa-twitter\" aria-hidden=\"true\"><\/span>\n\t\t\t\t\t\t\t<span class=\"cff-screenreader\">Auf Twitter teilen<\/span>\n\t\t\t\t\t\t<\/a>\n\t\t\t\t\t\t\t\t\t\t\t<a href=\"https:\/\/www.linkedin.com\/shareArticle?mini=true&#038;url=https%3A%2F%2Fwww.facebook.com%2F578268810978300%2Fposts%2F1583267360478435&#038;title=%09%09%09Am%20Dienstag%20probten%20zum%20ersten%20Mal%20die%20%28wieder%29%20neu%20gegr%C3%BCndeten%20MusicKids%20unter%20der%20Leitung%20von%20Birgit%20Aul%20-%20wir%20w%C3%BCnschen%20viel%20Spa%C3%9F%20beim%20gemeinsamen%20Musizieren.%09%09%09%09\" target=\"_blank\" rel=\"noopener noreferrer\" class=\"cff-linkedin-icon\">\n\t\t\t\t\t\t\t<span class=\"fa fab fa-linkedin\" aria-hidden=\"true\"><\/span>\n\t\t\t\t\t\t\t<span class=\"cff-screenreader\">Auf LinkedIn teilen<\/span>\n\t\t\t\t\t\t<\/a>\n\t\t\t\t\t\t\t\t\t\t\t<a href=\"mailto:?subject=Facebook&#038;body=https%3A%2F%2Fwww.facebook.com%2F578268810978300%2Fposts%2F1583267360478435%20-%20%0A%0A%09%0A%09%09Am%20Dienstag%20probten%20zum%20ersten%20Mal%20die%20%28wieder%29%20neu%20gegr%C3%BCndeten%20MusicKids%20unter%20der%20Leitung%20von%20Birgit%20Aul%20-%20wir%20w%C3%BCnschen%20viel%20Spa%C3%9F%20beim%20gemeinsamen%20Musizieren.%09%09%09%0A%09\" target=\"_blank\" rel=\"noopener noreferrer\" class=\"cff-email-icon\">\n\t\t\t\t\t\t\t<span class=\"fa fab fa-envelope\" aria-hidden=\"true\"><\/span>\n\t\t\t\t\t\t\t<span class=\"cff-screenreader\">Per E-Mail teilen<\/span>\n\t\t\t\t\t\t<\/a>\n\t\t\t\t\t\t\t\t\t<\/p>\n\t\t\t<\/div>\n\t\t\t<\/div>\n\t<\/div>\n\n\n\n<div id=\"cff_121661704586851_1573333571471814\" class=\"cff-item cff-status-post cff-album author-musikverein-1921-bernbach-e-v-\"  style=\"border-bottom: 1px solid #ddd;\">\n\t<div class=\"cff-author\">\n\t<div class=\"cff-author-text\">\n\t\t\t\t\t<div class=\"cff-page-name cff-author-date\" >\n\t\t\t\t<a href=\"https:\/\/facebook.com\/121661704586851\" target=\"_blank\" rel=\"nofollow noopener\" >Musikverein 1921 Bernbach e.V.<\/a>\n\t\t\t\t<span class=\"cff-story\">  ist hier: St. Bartholom\u00e4us, Bernbach.<\/span>\n\t\t\t<\/div>\n\t\t\t\n<p class=\"cff-date\" > 3 weeks ago <\/p>\n\t\t\t<\/div>\n\t<div class=\"cff-author-img \" data-avatar=\"https:\/\/scontent-fra3-1.xx.fbcdn.net\/v\/t39.30808-1\/312522059_511766654295183_4224899328543459166_n.jpg?stp=cp0_dst-jpg_s50x50_tt6&#038;_nc_cat=101&#038;ccb=1-7&#038;_nc_sid=f907e8&#038;_nc_ohc=kwTv62VbP8IQ7kNvwF4KoR6&#038;_nc_oc=AdrGFzbfoq6n1Q9xVs_HDShzEpPzbOCv-yk5KBPuY5HmSN-Th13nGRhW8PJhUi8s4uQ&#038;_nc_zt=24&#038;_nc_ht=scontent-fra3-1.xx&#038;edm=AKIiGfEEAAAA&#038;_nc_gid=EKBfQOXsyp0_rwf-o49DBA&#038;_nc_tpa=Q5bMBQI-sq6X41fttmt9LkOzUfrY-VHc3jhi7KokzUk5pFsfzBveQCIW7xPiEoW0DLyaG7QAv7W7MB8A7g&#038;oh=00_AQI7s4yBiGt308KXAmiEupP7v1OTqSLvRaMCMCulKBkNkA&#038;oe=6A9BAAFB\">\n\t\t<a href=\"https:\/\/facebook.com\/121661704586851\" target=\"_blank\" rel=\"nofollow noopener\" ><img decoding=\"async\" src=\"https:\/\/scontent-fra3-1.xx.fbcdn.net\/v\/t39.30808-1\/312522059_511766654295183_4224899328543459166_n.jpg?stp=cp0_dst-jpg_s50x50_tt6&#038;_nc_cat=101&#038;ccb=1-7&#038;_nc_sid=f907e8&#038;_nc_ohc=kwTv62VbP8IQ7kNvwF4KoR6&#038;_nc_oc=AdrGFzbfoq6n1Q9xVs_HDShzEpPzbOCv-yk5KBPuY5HmSN-Th13nGRhW8PJhUi8s4uQ&#038;_nc_zt=24&#038;_nc_ht=scontent-fra3-1.xx&#038;edm=AKIiGfEEAAAA&#038;_nc_gid=EKBfQOXsyp0_rwf-o49DBA&#038;_nc_tpa=Q5bMBQI-sq6X41fttmt9LkOzUfrY-VHc3jhi7KokzUk5pFsfzBveQCIW7xPiEoW0DLyaG7QAv7W7MB8A7g&#038;oh=00_AQI7s4yBiGt308KXAmiEupP7v1OTqSLvRaMCMCulKBkNkA&#038;oe=6A9BAAFB\" title=\"Musikverein 1921 Bernbach e.V.\" alt=\"Musikverein 1921 Bernbach e.V.\" width=40 height=40 onerror=\"this.style.display='none'\"><\/a>\n\t<\/div>\n<\/div>\n\n<div class=\"cff-post-text\" >\n\t<span class=\"cff-text\" data-color=\"\">\n\t\tTolle 1175-Jahr-Feier, tolles Abschlussfoto. Vielen Dank f\u00fcr die harmonische Zusammenarbeit unter allen Vereinen und liebe Gr\u00fc\u00dfe von den durstigen L\u00f6schmusikanten&#8230; \ud83d\ude09\t\t\t<\/span>\n\t<span class=\"cff-expand\">&#8230; <a href=\"#\" style=\"color: #\"><span class=\"cff-more\">See More<\/span><span class=\"cff-less\">See Less<\/span><\/a><\/span>\n\n<\/div>\n\n<p class=\"cff-media-link\">\n\t<a href=\"https:\/\/www.facebook.com\/578268810978300\/posts\/1573333571471814\" target=\"_blank\" style=\"color: #\">\n\t\t<span style=\"padding-right: 5px;\" class=\"fa fas fa-picture-o fa-image\"><\/span>Photo\t<\/a>\n<\/p>\n\t<div class=\"cff-post-links\">\n\t\t\t\t\t<a class=\"cff-viewpost-facebook\" href=\"https:\/\/www.facebook.com\/578268810978300\/posts\/1573333571471814\" title=\"Auf Facebook anzeigen\" target=\"_blank\" rel=\"nofollow noopener\" >Auf Facebook anzeigen<\/a>\n\t\t\t\t\t\t\t<div class=\"cff-share-container\">\n\t\t\t\t\t\t\t\t\t<span class=\"cff-dot\" >&middot;<\/span>\n\t\t\t\t\t\t\t\t<a class=\"cff-share-link\" href=\"https:\/\/www.facebook.com\/sharer\/sharer.php?u=https%3A%2F%2Fwww.facebook.com%2F578268810978300%2Fposts%2F1573333571471814\" title=\"Teilen\" >Teilen<\/a>\n\t\t\t\t<p class=\"cff-share-tooltip\">\n\t\t\t\t\t\t\t\t\t\t\t<a href=\"https:\/\/www.facebook.com\/sharer\/sharer.php?u=https%3A%2F%2Fwww.facebook.com%2F578268810978300%2Fposts%2F1573333571471814\" target=\"_blank\" rel=\"noopener noreferrer\" class=\"cff-facebook-icon\">\n\t\t\t\t\t\t\t<span class=\"fa fab fa-facebook-square\" aria-hidden=\"true\"><\/span>\n\t\t\t\t\t\t\t<span class=\"cff-screenreader\">Auf Facebook teilen<\/span>\n\t\t\t\t\t\t<\/a>\n\t\t\t\t\t\t\t\t\t\t\t<a href=\"https:\/\/twitter.com\/intent\/tweet?text=https%3A%2F%2Fwww.facebook.com%2F578268810978300%2Fposts%2F1573333571471814\" target=\"_blank\" rel=\"noopener noreferrer\" class=\"cff-twitter-icon\">\n\t\t\t\t\t\t\t<span class=\"fa fab fa-twitter\" aria-hidden=\"true\"><\/span>\n\t\t\t\t\t\t\t<span class=\"cff-screenreader\">Auf Twitter teilen<\/span>\n\t\t\t\t\t\t<\/a>\n\t\t\t\t\t\t\t\t\t\t\t<a href=\"https:\/\/www.linkedin.com\/shareArticle?mini=true&#038;url=https%3A%2F%2Fwww.facebook.com%2F578268810978300%2Fposts%2F1573333571471814&#038;title=%09%09%09Tolle%201175-Jahr-Feier%2C%20tolles%20Abschlussfoto.%20Vielen%20Dank%20f%C3%BCr%20die%20harmonische%20Zusammenarbeit%20unter%20allen%20Vereinen%20und%20liebe%20Gr%C3%BC%C3%9Fe%20von%20den%20durstigen%20L%C3%B6schmusikanten...%20%3B-%29%09%09%09%09\" target=\"_blank\" rel=\"noopener noreferrer\" class=\"cff-linkedin-icon\">\n\t\t\t\t\t\t\t<span class=\"fa fab fa-linkedin\" aria-hidden=\"true\"><\/span>\n\t\t\t\t\t\t\t<span class=\"cff-screenreader\">Auf LinkedIn teilen<\/span>\n\t\t\t\t\t\t<\/a>\n\t\t\t\t\t\t\t\t\t\t\t<a href=\"mailto:?subject=Facebook&#038;body=https%3A%2F%2Fwww.facebook.com%2F578268810978300%2Fposts%2F1573333571471814%20-%20%0A%0A%09%0A%09%09Tolle%201175-Jahr-Feier%2C%20tolles%20Abschlussfoto.%20Vielen%20Dank%20f%C3%BCr%20die%20harmonische%20Zusammenarbeit%20unter%20allen%20Vereinen%20und%20liebe%20Gr%C3%BC%C3%9Fe%20von%20den%20durstigen%20L%C3%B6schmusikanten...%20%3B-%29%09%09%09%0A%09\" target=\"_blank\" rel=\"noopener noreferrer\" class=\"cff-email-icon\">\n\t\t\t\t\t\t\t<span class=\"fa fab fa-envelope\" aria-hidden=\"true\"><\/span>\n\t\t\t\t\t\t\t<span class=\"cff-screenreader\">Per E-Mail teilen<\/span>\n\t\t\t\t\t\t<\/a>\n\t\t\t\t\t\t\t\t\t<\/p>\n\t\t\t<\/div>\n\t\t\t<\/div>\n\t<\/div>\n\n\n\n<div id=\"cff_121661704586851_1572861428185695\" class=\"cff-item cff-video-post author-musikverein-1921-bernbach-e-v-\"  style=\"border-bottom: 1px solid #ddd;\">\n\t<div class=\"cff-author\">\n\t<div class=\"cff-author-text\">\n\t\t\t\t\t<div class=\"cff-page-name cff-author-date\" >\n\t\t\t\t<a href=\"https:\/\/facebook.com\/121661704586851\" target=\"_blank\" rel=\"nofollow noopener\" >Musikverein 1921 Bernbach e.V.<\/a>\n\t\t\t\t<span class=\"cff-story\"> <\/span>\n\t\t\t<\/div>\n\t\t\t\n<p class=\"cff-date\" > 3 weeks ago <\/p>\n\t\t\t<\/div>\n\t<div class=\"cff-author-img \" data-avatar=\"https:\/\/scontent-fra3-1.xx.fbcdn.net\/v\/t39.30808-1\/312522059_511766654295183_4224899328543459166_n.jpg?stp=cp0_dst-jpg_s50x50_tt6&#038;_nc_cat=101&#038;ccb=1-7&#038;_nc_sid=f907e8&#038;_nc_ohc=kwTv62VbP8IQ7kNvwF4KoR6&#038;_nc_oc=AdrGFzbfoq6n1Q9xVs_HDShzEpPzbOCv-yk5KBPuY5HmSN-Th13nGRhW8PJhUi8s4uQ&#038;_nc_zt=24&#038;_nc_ht=scontent-fra3-1.xx&#038;edm=AKIiGfEEAAAA&#038;_nc_gid=EKBfQOXsyp0_rwf-o49DBA&#038;_nc_tpa=Q5bMBQI-sq6X41fttmt9LkOzUfrY-VHc3jhi7KokzUk5pFsfzBveQCIW7xPiEoW0DLyaG7QAv7W7MB8A7g&#038;oh=00_AQI7s4yBiGt308KXAmiEupP7v1OTqSLvRaMCMCulKBkNkA&#038;oe=6A9BAAFB\">\n\t\t<a href=\"https:\/\/facebook.com\/121661704586851\" target=\"_blank\" rel=\"nofollow noopener\" ><img decoding=\"async\" src=\"https:\/\/scontent-fra3-1.xx.fbcdn.net\/v\/t39.30808-1\/312522059_511766654295183_4224899328543459166_n.jpg?stp=cp0_dst-jpg_s50x50_tt6&#038;_nc_cat=101&#038;ccb=1-7&#038;_nc_sid=f907e8&#038;_nc_ohc=kwTv62VbP8IQ7kNvwF4KoR6&#038;_nc_oc=AdrGFzbfoq6n1Q9xVs_HDShzEpPzbOCv-yk5KBPuY5HmSN-Th13nGRhW8PJhUi8s4uQ&#038;_nc_zt=24&#038;_nc_ht=scontent-fra3-1.xx&#038;edm=AKIiGfEEAAAA&#038;_nc_gid=EKBfQOXsyp0_rwf-o49DBA&#038;_nc_tpa=Q5bMBQI-sq6X41fttmt9LkOzUfrY-VHc3jhi7KokzUk5pFsfzBveQCIW7xPiEoW0DLyaG7QAv7W7MB8A7g&#038;oh=00_AQI7s4yBiGt308KXAmiEupP7v1OTqSLvRaMCMCulKBkNkA&#038;oe=6A9BAAFB\" title=\"Musikverein 1921 Bernbach e.V.\" alt=\"Musikverein 1921 Bernbach e.V.\" width=40 height=40 onerror=\"this.style.display='none'\"><\/a>\n\t<\/div>\n<\/div>\n\n<div class=\"cff-post-text\" >\n\t<span class=\"cff-text\" data-color=\"\">\n\t\tAuf geht&#039;s nach Bermich &#8230;.\t\t\t<\/span>\n\t<span class=\"cff-expand\">&#8230; <a href=\"#\" style=\"color: #\"><span class=\"cff-more\">See More<\/span><span class=\"cff-less\">See Less<\/span><\/a><\/span>\n\n<\/div>\n\n<p class=\"cff-media-link\">\n\t<a href=\"https:\/\/www.facebook.com\/121661704586851\/posts\/1572861428185695\" target=\"_blank\" style=\"color: #\">\n\t\t<span style=\"padding-right: 5px;\" class=\"fa fas fa-video-camera fa-video\"><\/span>Video\t<\/a>\n<\/p>\n\t<div class=\"cff-post-links\">\n\t\t\t\t\t<a class=\"cff-viewpost-facebook\" href=\"https:\/\/www.facebook.com\/121661704586851\/posts\/1572861428185695\" title=\"Auf Facebook anzeigen\" target=\"_blank\" rel=\"nofollow noopener\" >Auf Facebook anzeigen<\/a>\n\t\t\t\t\t\t\t<div class=\"cff-share-container\">\n\t\t\t\t\t\t\t\t\t<span class=\"cff-dot\" >&middot;<\/span>\n\t\t\t\t\t\t\t\t<a class=\"cff-share-link\" href=\"https:\/\/www.facebook.com\/sharer\/sharer.php?u=https%3A%2F%2Fwww.facebook.com%2F121661704586851%2Fposts%2F1572861428185695\" title=\"Teilen\" >Teilen<\/a>\n\t\t\t\t<p class=\"cff-share-tooltip\">\n\t\t\t\t\t\t\t\t\t\t\t<a href=\"https:\/\/www.facebook.com\/sharer\/sharer.php?u=https%3A%2F%2Fwww.facebook.com%2F121661704586851%2Fposts%2F1572861428185695\" target=\"_blank\" rel=\"noopener noreferrer\" class=\"cff-facebook-icon\">\n\t\t\t\t\t\t\t<span class=\"fa fab fa-facebook-square\" aria-hidden=\"true\"><\/span>\n\t\t\t\t\t\t\t<span class=\"cff-screenreader\">Auf Facebook teilen<\/span>\n\t\t\t\t\t\t<\/a>\n\t\t\t\t\t\t\t\t\t\t\t<a href=\"https:\/\/twitter.com\/intent\/tweet?text=https%3A%2F%2Fwww.facebook.com%2F121661704586851%2Fposts%2F1572861428185695\" target=\"_blank\" rel=\"noopener noreferrer\" class=\"cff-twitter-icon\">\n\t\t\t\t\t\t\t<span class=\"fa fab fa-twitter\" aria-hidden=\"true\"><\/span>\n\t\t\t\t\t\t\t<span class=\"cff-screenreader\">Auf Twitter teilen<\/span>\n\t\t\t\t\t\t<\/a>\n\t\t\t\t\t\t\t\t\t\t\t<a href=\"https:\/\/www.linkedin.com\/shareArticle?mini=true&#038;url=https%3A%2F%2Fwww.facebook.com%2F121661704586851%2Fposts%2F1572861428185695&#038;title=%09%09%09Auf%20geht%26%23039%3Bs%20nach%20Bermich%20....%09%09%09%09\" target=\"_blank\" rel=\"noopener noreferrer\" class=\"cff-linkedin-icon\">\n\t\t\t\t\t\t\t<span class=\"fa fab fa-linkedin\" aria-hidden=\"true\"><\/span>\n\t\t\t\t\t\t\t<span class=\"cff-screenreader\">Auf LinkedIn teilen<\/span>\n\t\t\t\t\t\t<\/a>\n\t\t\t\t\t\t\t\t\t\t\t<a href=\"mailto:?subject=Facebook&#038;body=https%3A%2F%2Fwww.facebook.com%2F121661704586851%2Fposts%2F1572861428185695%20-%20%0A%0A%09%0A%09%09Auf%20geht%26%23039%3Bs%20nach%20Bermich%20....%09%09%09%0A%09\" target=\"_blank\" rel=\"noopener noreferrer\" class=\"cff-email-icon\">\n\t\t\t\t\t\t\t<span class=\"fa fab fa-envelope\" aria-hidden=\"true\"><\/span>\n\t\t\t\t\t\t\t<span class=\"cff-screenreader\">Per E-Mail teilen<\/span>\n\t\t\t\t\t\t<\/a>\n\t\t\t\t\t\t\t\t\t<\/p>\n\t\t\t<\/div>\n\t\t\t<\/div>\n\t<\/div>\n\n\n\n<div id=\"cff_121661704586851_1572790464859458\" class=\"cff-item cff-photo-post author-musikverein-1921-bernbach-e-v-\"  style=\"border-bottom: 1px solid #ddd;\">\n\t<div class=\"cff-author\">\n\t<div class=\"cff-author-text\">\n\t\t\t\t\t<div class=\"cff-page-name cff-author-date\" >\n\t\t\t\t<a href=\"https:\/\/facebook.com\/121661704586851\" target=\"_blank\" rel=\"nofollow noopener\" >Musikverein 1921 Bernbach e.V.<\/a>\n\t\t\t\t<span class=\"cff-story\"> <\/span>\n\t\t\t<\/div>\n\t\t\t\n<p class=\"cff-date\" > 3 weeks ago <\/p>\n\t\t\t<\/div>\n\t<div class=\"cff-author-img \" data-avatar=\"https:\/\/scontent-fra3-1.xx.fbcdn.net\/v\/t39.30808-1\/312522059_511766654295183_4224899328543459166_n.jpg?stp=cp0_dst-jpg_s50x50_tt6&#038;_nc_cat=101&#038;ccb=1-7&#038;_nc_sid=f907e8&#038;_nc_ohc=kwTv62VbP8IQ7kNvwF4KoR6&#038;_nc_oc=AdrGFzbfoq6n1Q9xVs_HDShzEpPzbOCv-yk5KBPuY5HmSN-Th13nGRhW8PJhUi8s4uQ&#038;_nc_zt=24&#038;_nc_ht=scontent-fra3-1.xx&#038;edm=AKIiGfEEAAAA&#038;_nc_gid=EKBfQOXsyp0_rwf-o49DBA&#038;_nc_tpa=Q5bMBQI-sq6X41fttmt9LkOzUfrY-VHc3jhi7KokzUk5pFsfzBveQCIW7xPiEoW0DLyaG7QAv7W7MB8A7g&#038;oh=00_AQI7s4yBiGt308KXAmiEupP7v1OTqSLvRaMCMCulKBkNkA&#038;oe=6A9BAAFB\">\n\t\t<a href=\"https:\/\/facebook.com\/121661704586851\" target=\"_blank\" rel=\"nofollow noopener\" ><img decoding=\"async\" src=\"https:\/\/scontent-fra3-1.xx.fbcdn.net\/v\/t39.30808-1\/312522059_511766654295183_4224899328543459166_n.jpg?stp=cp0_dst-jpg_s50x50_tt6&#038;_nc_cat=101&#038;ccb=1-7&#038;_nc_sid=f907e8&#038;_nc_ohc=kwTv62VbP8IQ7kNvwF4KoR6&#038;_nc_oc=AdrGFzbfoq6n1Q9xVs_HDShzEpPzbOCv-yk5KBPuY5HmSN-Th13nGRhW8PJhUi8s4uQ&#038;_nc_zt=24&#038;_nc_ht=scontent-fra3-1.xx&#038;edm=AKIiGfEEAAAA&#038;_nc_gid=EKBfQOXsyp0_rwf-o49DBA&#038;_nc_tpa=Q5bMBQI-sq6X41fttmt9LkOzUfrY-VHc3jhi7KokzUk5pFsfzBveQCIW7xPiEoW0DLyaG7QAv7W7MB8A7g&#038;oh=00_AQI7s4yBiGt308KXAmiEupP7v1OTqSLvRaMCMCulKBkNkA&#038;oe=6A9BAAFB\" title=\"Musikverein 1921 Bernbach e.V.\" alt=\"Musikverein 1921 Bernbach e.V.\" width=40 height=40 onerror=\"this.style.display='none'\"><\/a>\n\t<\/div>\n<\/div>\n\n<div class=\"cff-post-text\" >\n\t<span class=\"cff-text\" data-color=\"\">\n\t\tKommen herbei und freuet Euch &#8230; \ud83d\ude42\t\t\t<\/span>\n\t<span class=\"cff-expand\">&#8230; <a href=\"#\" style=\"color: #\"><span class=\"cff-more\">See More<\/span><span class=\"cff-less\">See Less<\/span><\/a><\/span>\n\n<\/div>\n\n<p class=\"cff-media-link\">\n\t<a href=\"https:\/\/www.facebook.com\/photo.php?fbid=1572790428192795&#038;set=a.472010998270749&#038;type=3\" target=\"_blank\" style=\"color: #\">\n\t\t<span style=\"padding-right: 5px;\" class=\"fa fas fa-picture-o fa-image\"><\/span>Photo\t<\/a>\n<\/p>\n\t<div class=\"cff-post-links\">\n\t\t\t\t\t<a class=\"cff-viewpost-facebook\" href=\"https:\/\/www.facebook.com\/photo.php?fbid=1572790428192795&#038;set=a.472010998270749&#038;type=3\" title=\"Auf Facebook anzeigen\" target=\"_blank\" rel=\"nofollow noopener\" >Auf Facebook anzeigen<\/a>\n\t\t\t\t\t\t\t<div class=\"cff-share-container\">\n\t\t\t\t\t\t\t\t\t<span class=\"cff-dot\" >&middot;<\/span>\n\t\t\t\t\t\t\t\t<a class=\"cff-share-link\" href=\"https:\/\/www.facebook.com\/sharer\/sharer.php?u=https%3A%2F%2Fwww.facebook.com%2Fphoto.php%3Ffbid%3D1572790428192795%26amp%3Bset%3Da.472010998270749%26amp%3Btype%3D3\" title=\"Teilen\" >Teilen<\/a>\n\t\t\t\t<p class=\"cff-share-tooltip\">\n\t\t\t\t\t\t\t\t\t\t\t<a href=\"https:\/\/www.facebook.com\/sharer\/sharer.php?u=https%3A%2F%2Fwww.facebook.com%2Fphoto.php%3Ffbid%3D1572790428192795%26amp%3Bset%3Da.472010998270749%26amp%3Btype%3D3\" target=\"_blank\" rel=\"noopener noreferrer\" class=\"cff-facebook-icon\">\n\t\t\t\t\t\t\t<span class=\"fa fab fa-facebook-square\" aria-hidden=\"true\"><\/span>\n\t\t\t\t\t\t\t<span class=\"cff-screenreader\">Auf Facebook teilen<\/span>\n\t\t\t\t\t\t<\/a>\n\t\t\t\t\t\t\t\t\t\t\t<a href=\"https:\/\/twitter.com\/intent\/tweet?text=https%3A%2F%2Fwww.facebook.com%2Fphoto.php%3Ffbid%3D1572790428192795%26amp%3Bset%3Da.472010998270749%26amp%3Btype%3D3\" target=\"_blank\" rel=\"noopener noreferrer\" class=\"cff-twitter-icon\">\n\t\t\t\t\t\t\t<span class=\"fa fab fa-twitter\" aria-hidden=\"true\"><\/span>\n\t\t\t\t\t\t\t<span class=\"cff-screenreader\">Auf Twitter teilen<\/span>\n\t\t\t\t\t\t<\/a>\n\t\t\t\t\t\t\t\t\t\t\t<a href=\"https:\/\/www.linkedin.com\/shareArticle?mini=true&#038;url=https%3A%2F%2Fwww.facebook.com%2Fphoto.php%3Ffbid%3D1572790428192795%26amp%3Bset%3Da.472010998270749%26amp%3Btype%3D3&#038;title=%09%09%09Kommen%20herbei%20und%20freuet%20Euch%20...%20%3A-%29%09%09%09%09\" target=\"_blank\" rel=\"noopener noreferrer\" class=\"cff-linkedin-icon\">\n\t\t\t\t\t\t\t<span class=\"fa fab fa-linkedin\" aria-hidden=\"true\"><\/span>\n\t\t\t\t\t\t\t<span class=\"cff-screenreader\">Auf LinkedIn teilen<\/span>\n\t\t\t\t\t\t<\/a>\n\t\t\t\t\t\t\t\t\t\t\t<a href=\"mailto:?subject=Facebook&#038;body=https%3A%2F%2Fwww.facebook.com%2Fphoto.php%3Ffbid%3D1572790428192795%26amp%3Bset%3Da.472010998270749%26amp%3Btype%3D3%20-%20%0A%0A%09%0A%09%09Kommen%20herbei%20und%20freuet%20Euch%20...%20%3A-%29%09%09%09%0A%09\" target=\"_blank\" rel=\"noopener noreferrer\" class=\"cff-email-icon\">\n\t\t\t\t\t\t\t<span class=\"fa fab fa-envelope\" aria-hidden=\"true\"><\/span>\n\t\t\t\t\t\t\t<span class=\"cff-screenreader\">Per E-Mail teilen<\/span>\n\t\t\t\t\t\t<\/a>\n\t\t\t\t\t\t\t\t\t<\/p>\n\t\t\t<\/div>\n\t\t\t<\/div>\n\t<\/div>\n\n\n\n<div id=\"cff_121661704586851_1572535831551588\" class=\"cff-item cff-video-post author-musikverein-1921-bernbach-e-v-\"  style=\"border-bottom: 1px solid #ddd;\">\n\t<div class=\"cff-author\">\n\t<div class=\"cff-author-text\">\n\t\t\t\t\t<div class=\"cff-page-name cff-author-date\" >\n\t\t\t\t<a href=\"https:\/\/facebook.com\/121661704586851\" target=\"_blank\" rel=\"nofollow noopener\" >Musikverein 1921 Bernbach e.V.<\/a>\n\t\t\t\t<span class=\"cff-story\">  ist mit Paul Has Left hier: St. Bartholom\u00e4us, Bernbach.<\/span>\n\t\t\t<\/div>\n\t\t\t\n<p class=\"cff-date\" > 3 weeks ago <\/p>\n\t\t\t<\/div>\n\t<div class=\"cff-author-img \" data-avatar=\"https:\/\/scontent-fra3-1.xx.fbcdn.net\/v\/t39.30808-1\/312522059_511766654295183_4224899328543459166_n.jpg?stp=cp0_dst-jpg_s50x50_tt6&#038;_nc_cat=101&#038;ccb=1-7&#038;_nc_sid=f907e8&#038;_nc_ohc=kwTv62VbP8IQ7kNvwF4KoR6&#038;_nc_oc=AdrGFzbfoq6n1Q9xVs_HDShzEpPzbOCv-yk5KBPuY5HmSN-Th13nGRhW8PJhUi8s4uQ&#038;_nc_zt=24&#038;_nc_ht=scontent-fra3-1.xx&#038;edm=AKIiGfEEAAAA&#038;_nc_gid=EKBfQOXsyp0_rwf-o49DBA&#038;_nc_tpa=Q5bMBQI-sq6X41fttmt9LkOzUfrY-VHc3jhi7KokzUk5pFsfzBveQCIW7xPiEoW0DLyaG7QAv7W7MB8A7g&#038;oh=00_AQI7s4yBiGt308KXAmiEupP7v1OTqSLvRaMCMCulKBkNkA&#038;oe=6A9BAAFB\">\n\t\t<a href=\"https:\/\/facebook.com\/121661704586851\" target=\"_blank\" rel=\"nofollow noopener\" ><img decoding=\"async\" src=\"https:\/\/scontent-fra3-1.xx.fbcdn.net\/v\/t39.30808-1\/312522059_511766654295183_4224899328543459166_n.jpg?stp=cp0_dst-jpg_s50x50_tt6&#038;_nc_cat=101&#038;ccb=1-7&#038;_nc_sid=f907e8&#038;_nc_ohc=kwTv62VbP8IQ7kNvwF4KoR6&#038;_nc_oc=AdrGFzbfoq6n1Q9xVs_HDShzEpPzbOCv-yk5KBPuY5HmSN-Th13nGRhW8PJhUi8s4uQ&#038;_nc_zt=24&#038;_nc_ht=scontent-fra3-1.xx&#038;edm=AKIiGfEEAAAA&#038;_nc_gid=EKBfQOXsyp0_rwf-o49DBA&#038;_nc_tpa=Q5bMBQI-sq6X41fttmt9LkOzUfrY-VHc3jhi7KokzUk5pFsfzBveQCIW7xPiEoW0DLyaG7QAv7W7MB8A7g&#038;oh=00_AQI7s4yBiGt308KXAmiEupP7v1OTqSLvRaMCMCulKBkNkA&#038;oe=6A9BAAFB\" title=\"Musikverein 1921 Bernbach e.V.\" alt=\"Musikverein 1921 Bernbach e.V.\" width=40 height=40 onerror=\"this.style.display='none'\"><\/a>\n\t<\/div>\n<\/div>\n\n<div class=\"cff-post-text\" >\n\t<span class=\"cff-text\" data-color=\"\">\n\t\tToller zweiter Tag der 1175-Jahr-Feier geht zu Ende &#8230;\t\t\t<\/span>\n\t<span class=\"cff-expand\">&#8230; <a href=\"#\" style=\"color: #\"><span class=\"cff-more\">See More<\/span><span class=\"cff-less\">See Less<\/span><\/a><\/span>\n\n<\/div>\n\n<p class=\"cff-media-link\">\n\t<a href=\"https:\/\/www.facebook.com\/121661704586851\/posts\/1572535831551588\" target=\"_blank\" style=\"color: #\">\n\t\t<span style=\"padding-right: 5px;\" class=\"fa fas fa-video-camera fa-video\"><\/span>Video\t<\/a>\n<\/p>\n\t<div class=\"cff-post-links\">\n\t\t\t\t\t<a class=\"cff-viewpost-facebook\" href=\"https:\/\/www.facebook.com\/121661704586851\/posts\/1572535831551588\" title=\"Auf Facebook anzeigen\" target=\"_blank\" rel=\"nofollow noopener\" >Auf Facebook anzeigen<\/a>\n\t\t\t\t\t\t\t<div class=\"cff-share-container\">\n\t\t\t\t\t\t\t\t\t<span class=\"cff-dot\" >&middot;<\/span>\n\t\t\t\t\t\t\t\t<a class=\"cff-share-link\" href=\"https:\/\/www.facebook.com\/sharer\/sharer.php?u=https%3A%2F%2Fwww.facebook.com%2F121661704586851%2Fposts%2F1572535831551588\" title=\"Teilen\" >Teilen<\/a>\n\t\t\t\t<p class=\"cff-share-tooltip\">\n\t\t\t\t\t\t\t\t\t\t\t<a href=\"https:\/\/www.facebook.com\/sharer\/sharer.php?u=https%3A%2F%2Fwww.facebook.com%2F121661704586851%2Fposts%2F1572535831551588\" target=\"_blank\" rel=\"noopener noreferrer\" class=\"cff-facebook-icon\">\n\t\t\t\t\t\t\t<span class=\"fa fab fa-facebook-square\" aria-hidden=\"true\"><\/span>\n\t\t\t\t\t\t\t<span class=\"cff-screenreader\">Auf Facebook teilen<\/span>\n\t\t\t\t\t\t<\/a>\n\t\t\t\t\t\t\t\t\t\t\t<a href=\"https:\/\/twitter.com\/intent\/tweet?text=https%3A%2F%2Fwww.facebook.com%2F121661704586851%2Fposts%2F1572535831551588\" target=\"_blank\" rel=\"noopener noreferrer\" class=\"cff-twitter-icon\">\n\t\t\t\t\t\t\t<span class=\"fa fab fa-twitter\" aria-hidden=\"true\"><\/span>\n\t\t\t\t\t\t\t<span class=\"cff-screenreader\">Auf Twitter teilen<\/span>\n\t\t\t\t\t\t<\/a>\n\t\t\t\t\t\t\t\t\t\t\t<a href=\"https:\/\/www.linkedin.com\/shareArticle?mini=true&#038;url=https%3A%2F%2Fwww.facebook.com%2F121661704586851%2Fposts%2F1572535831551588&#038;title=%09%09%09Toller%20zweiter%20Tag%20der%201175-Jahr-Feier%20geht%20zu%20Ende%20...%09%09%09%09\" target=\"_blank\" rel=\"noopener noreferrer\" class=\"cff-linkedin-icon\">\n\t\t\t\t\t\t\t<span class=\"fa fab fa-linkedin\" aria-hidden=\"true\"><\/span>\n\t\t\t\t\t\t\t<span class=\"cff-screenreader\">Auf LinkedIn teilen<\/span>\n\t\t\t\t\t\t<\/a>\n\t\t\t\t\t\t\t\t\t\t\t<a href=\"mailto:?subject=Facebook&#038;body=https%3A%2F%2Fwww.facebook.com%2F121661704586851%2Fposts%2F1572535831551588%20-%20%0A%0A%09%0A%09%09Toller%20zweiter%20Tag%20der%201175-Jahr-Feier%20geht%20zu%20Ende%20...%09%09%09%0A%09\" target=\"_blank\" rel=\"noopener noreferrer\" class=\"cff-email-icon\">\n\t\t\t\t\t\t\t<span class=\"fa fab fa-envelope\" aria-hidden=\"true\"><\/span>\n\t\t\t\t\t\t\t<span class=\"cff-screenreader\">Per E-Mail teilen<\/span>\n\t\t\t\t\t\t<\/a>\n\t\t\t\t\t\t\t\t\t<\/p>\n\t\t\t<\/div>\n\t\t\t<\/div>\n\t<\/div>\n\n\n\n<div id=\"cff_121661704586851_1572017721603399\" class=\"cff-item cff-photo-post author-musikverein-1921-bernbach-e-v-\"  style=\"border-bottom: 1px solid #ddd;\">\n\t<div class=\"cff-author\">\n\t<div class=\"cff-author-text\">\n\t\t\t\t\t<div class=\"cff-page-name cff-author-date\" >\n\t\t\t\t<a href=\"https:\/\/facebook.com\/121661704586851\" target=\"_blank\" rel=\"nofollow noopener\" >Musikverein 1921 Bernbach e.V.<\/a>\n\t\t\t\t<span class=\"cff-story\"> <\/span>\n\t\t\t<\/div>\n\t\t\t\n<p class=\"cff-date\" > 3 weeks ago <\/p>\n\t\t\t<\/div>\n\t<div class=\"cff-author-img \" data-avatar=\"https:\/\/scontent-fra3-1.xx.fbcdn.net\/v\/t39.30808-1\/312522059_511766654295183_4224899328543459166_n.jpg?stp=cp0_dst-jpg_s50x50_tt6&#038;_nc_cat=101&#038;ccb=1-7&#038;_nc_sid=f907e8&#038;_nc_ohc=kwTv62VbP8IQ7kNvwF4KoR6&#038;_nc_oc=AdrGFzbfoq6n1Q9xVs_HDShzEpPzbOCv-yk5KBPuY5HmSN-Th13nGRhW8PJhUi8s4uQ&#038;_nc_zt=24&#038;_nc_ht=scontent-fra3-1.xx&#038;edm=AKIiGfEEAAAA&#038;_nc_gid=EKBfQOXsyp0_rwf-o49DBA&#038;_nc_tpa=Q5bMBQI-sq6X41fttmt9LkOzUfrY-VHc3jhi7KokzUk5pFsfzBveQCIW7xPiEoW0DLyaG7QAv7W7MB8A7g&#038;oh=00_AQI7s4yBiGt308KXAmiEupP7v1OTqSLvRaMCMCulKBkNkA&#038;oe=6A9BAAFB\">\n\t\t<a href=\"https:\/\/facebook.com\/121661704586851\" target=\"_blank\" rel=\"nofollow noopener\" ><img decoding=\"async\" src=\"https:\/\/scontent-fra3-1.xx.fbcdn.net\/v\/t39.30808-1\/312522059_511766654295183_4224899328543459166_n.jpg?stp=cp0_dst-jpg_s50x50_tt6&#038;_nc_cat=101&#038;ccb=1-7&#038;_nc_sid=f907e8&#038;_nc_ohc=kwTv62VbP8IQ7kNvwF4KoR6&#038;_nc_oc=AdrGFzbfoq6n1Q9xVs_HDShzEpPzbOCv-yk5KBPuY5HmSN-Th13nGRhW8PJhUi8s4uQ&#038;_nc_zt=24&#038;_nc_ht=scontent-fra3-1.xx&#038;edm=AKIiGfEEAAAA&#038;_nc_gid=EKBfQOXsyp0_rwf-o49DBA&#038;_nc_tpa=Q5bMBQI-sq6X41fttmt9LkOzUfrY-VHc3jhi7KokzUk5pFsfzBveQCIW7xPiEoW0DLyaG7QAv7W7MB8A7g&#038;oh=00_AQI7s4yBiGt308KXAmiEupP7v1OTqSLvRaMCMCulKBkNkA&#038;oe=6A9BAAFB\" title=\"Musikverein 1921 Bernbach e.V.\" alt=\"Musikverein 1921 Bernbach e.V.\" width=40 height=40 onerror=\"this.style.display='none'\"><\/a>\n\t<\/div>\n<\/div>\n\n<div class=\"cff-post-text\" >\n\t<span class=\"cff-text\" data-color=\"\">\n\t\tDas heutige Programm &#8230;\t\t\t<\/span>\n\t<span class=\"cff-expand\">&#8230; <a href=\"#\" style=\"color: #\"><span class=\"cff-more\">See More<\/span><span class=\"cff-less\">See Less<\/span><\/a><\/span>\n\n<\/div>\n\n<p class=\"cff-media-link\">\n\t<a href=\"https:\/\/www.facebook.com\/photo.php?fbid=1572017684936736&#038;set=a.472010998270749&#038;type=3\" target=\"_blank\" style=\"color: #\">\n\t\t<span style=\"padding-right: 5px;\" class=\"fa fas fa-picture-o fa-image\"><\/span>Photo\t<\/a>\n<\/p>\n\t<div class=\"cff-post-links\">\n\t\t\t\t\t<a class=\"cff-viewpost-facebook\" href=\"https:\/\/www.facebook.com\/photo.php?fbid=1572017684936736&#038;set=a.472010998270749&#038;type=3\" title=\"Auf Facebook anzeigen\" target=\"_blank\" rel=\"nofollow noopener\" >Auf Facebook anzeigen<\/a>\n\t\t\t\t\t\t\t<div class=\"cff-share-container\">\n\t\t\t\t\t\t\t\t\t<span class=\"cff-dot\" >&middot;<\/span>\n\t\t\t\t\t\t\t\t<a class=\"cff-share-link\" href=\"https:\/\/www.facebook.com\/sharer\/sharer.php?u=https%3A%2F%2Fwww.facebook.com%2Fphoto.php%3Ffbid%3D1572017684936736%26amp%3Bset%3Da.472010998270749%26amp%3Btype%3D3\" title=\"Teilen\" >Teilen<\/a>\n\t\t\t\t<p class=\"cff-share-tooltip\">\n\t\t\t\t\t\t\t\t\t\t\t<a href=\"https:\/\/www.facebook.com\/sharer\/sharer.php?u=https%3A%2F%2Fwww.facebook.com%2Fphoto.php%3Ffbid%3D1572017684936736%26amp%3Bset%3Da.472010998270749%26amp%3Btype%3D3\" target=\"_blank\" rel=\"noopener noreferrer\" class=\"cff-facebook-icon\">\n\t\t\t\t\t\t\t<span class=\"fa fab fa-facebook-square\" aria-hidden=\"true\"><\/span>\n\t\t\t\t\t\t\t<span class=\"cff-screenreader\">Auf Facebook teilen<\/span>\n\t\t\t\t\t\t<\/a>\n\t\t\t\t\t\t\t\t\t\t\t<a href=\"https:\/\/twitter.com\/intent\/tweet?text=https%3A%2F%2Fwww.facebook.com%2Fphoto.php%3Ffbid%3D1572017684936736%26amp%3Bset%3Da.472010998270749%26amp%3Btype%3D3\" target=\"_blank\" rel=\"noopener noreferrer\" class=\"cff-twitter-icon\">\n\t\t\t\t\t\t\t<span class=\"fa fab fa-twitter\" aria-hidden=\"true\"><\/span>\n\t\t\t\t\t\t\t<span class=\"cff-screenreader\">Auf Twitter teilen<\/span>\n\t\t\t\t\t\t<\/a>\n\t\t\t\t\t\t\t\t\t\t\t<a href=\"https:\/\/www.linkedin.com\/shareArticle?mini=true&#038;url=https%3A%2F%2Fwww.facebook.com%2Fphoto.php%3Ffbid%3D1572017684936736%26amp%3Bset%3Da.472010998270749%26amp%3Btype%3D3&#038;title=%09%09%09Das%20heutige%20Programm%20...%09%09%09%09\" target=\"_blank\" rel=\"noopener noreferrer\" class=\"cff-linkedin-icon\">\n\t\t\t\t\t\t\t<span class=\"fa fab fa-linkedin\" aria-hidden=\"true\"><\/span>\n\t\t\t\t\t\t\t<span class=\"cff-screenreader\">Auf LinkedIn teilen<\/span>\n\t\t\t\t\t\t<\/a>\n\t\t\t\t\t\t\t\t\t\t\t<a href=\"mailto:?subject=Facebook&#038;body=https%3A%2F%2Fwww.facebook.com%2Fphoto.php%3Ffbid%3D1572017684936736%26amp%3Bset%3Da.472010998270749%26amp%3Btype%3D3%20-%20%0A%0A%09%0A%09%09Das%20heutige%20Programm%20...%09%09%09%0A%09\" target=\"_blank\" rel=\"noopener noreferrer\" class=\"cff-email-icon\">\n\t\t\t\t\t\t\t<span class=\"fa fab fa-envelope\" aria-hidden=\"true\"><\/span>\n\t\t\t\t\t\t\t<span class=\"cff-screenreader\">Per E-Mail teilen<\/span>\n\t\t\t\t\t\t<\/a>\n\t\t\t\t\t\t\t\t\t<\/p>\n\t\t\t<\/div>\n\t\t\t<\/div>\n\t<\/div>\n\n\n\n<div id=\"cff_121661704586851_1570803181724853\" class=\"cff-item cff-status-post cff-album author-musikverein-1921-bernbach-e-v-\"  style=\"border-bottom: 1px solid #ddd;\">\n\t<div class=\"cff-author\">\n\t<div class=\"cff-author-text\">\n\t\t\t\t\t<div class=\"cff-page-name cff-author-date\" >\n\t\t\t\t<a href=\"https:\/\/facebook.com\/121661704586851\" target=\"_blank\" rel=\"nofollow noopener\" >Musikverein 1921 Bernbach e.V.<\/a>\n\t\t\t\t<span class=\"cff-story\"> <\/span>\n\t\t\t<\/div>\n\t\t\t\n<p class=\"cff-date\" > 3 weeks ago <\/p>\n\t\t\t<\/div>\n\t<div class=\"cff-author-img \" data-avatar=\"https:\/\/scontent-fra3-1.xx.fbcdn.net\/v\/t39.30808-1\/312522059_511766654295183_4224899328543459166_n.jpg?stp=cp0_dst-jpg_s50x50_tt6&#038;_nc_cat=101&#038;ccb=1-7&#038;_nc_sid=f907e8&#038;_nc_ohc=kwTv62VbP8IQ7kNvwF4KoR6&#038;_nc_oc=AdrGFzbfoq6n1Q9xVs_HDShzEpPzbOCv-yk5KBPuY5HmSN-Th13nGRhW8PJhUi8s4uQ&#038;_nc_zt=24&#038;_nc_ht=scontent-fra3-1.xx&#038;edm=AKIiGfEEAAAA&#038;_nc_gid=EKBfQOXsyp0_rwf-o49DBA&#038;_nc_tpa=Q5bMBQI-sq6X41fttmt9LkOzUfrY-VHc3jhi7KokzUk5pFsfzBveQCIW7xPiEoW0DLyaG7QAv7W7MB8A7g&#038;oh=00_AQI7s4yBiGt308KXAmiEupP7v1OTqSLvRaMCMCulKBkNkA&#038;oe=6A9BAAFB\">\n\t\t<a href=\"https:\/\/facebook.com\/121661704586851\" target=\"_blank\" rel=\"nofollow noopener\" ><img decoding=\"async\" src=\"https:\/\/scontent-fra3-1.xx.fbcdn.net\/v\/t39.30808-1\/312522059_511766654295183_4224899328543459166_n.jpg?stp=cp0_dst-jpg_s50x50_tt6&#038;_nc_cat=101&#038;ccb=1-7&#038;_nc_sid=f907e8&#038;_nc_ohc=kwTv62VbP8IQ7kNvwF4KoR6&#038;_nc_oc=AdrGFzbfoq6n1Q9xVs_HDShzEpPzbOCv-yk5KBPuY5HmSN-Th13nGRhW8PJhUi8s4uQ&#038;_nc_zt=24&#038;_nc_ht=scontent-fra3-1.xx&#038;edm=AKIiGfEEAAAA&#038;_nc_gid=EKBfQOXsyp0_rwf-o49DBA&#038;_nc_tpa=Q5bMBQI-sq6X41fttmt9LkOzUfrY-VHc3jhi7KokzUk5pFsfzBveQCIW7xPiEoW0DLyaG7QAv7W7MB8A7g&#038;oh=00_AQI7s4yBiGt308KXAmiEupP7v1OTqSLvRaMCMCulKBkNkA&#038;oe=6A9BAAFB\" title=\"Musikverein 1921 Bernbach e.V.\" alt=\"Musikverein 1921 Bernbach e.V.\" width=40 height=40 onerror=\"this.style.display='none'\"><\/a>\n\t<\/div>\n<\/div>\n\n<div class=\"cff-post-text\" >\n\t<span class=\"cff-text\" data-color=\"\">\n\t\tHeute steht beim Aufbau noch der letzte Feinschliff an, dann kann Um 17:00 Uhr die Party steigen. Feuerwehr und Musikverein freuen sich auf zahlreiche Besucher im Biergarten &quot;Zum durstigen L\u00f6schmusikanten&quot;, aber auch alle anderen St\u00e4nde freuen sich auf Euch. Tolles Wetter, tolles Programm &#8211; auf geht&#039;s zur 1175-Jahr-Feier nach Bermich&#8230; \ud83d\ude09\t\t\t<\/span>\n\t<span class=\"cff-expand\">&#8230; <a href=\"#\" style=\"color: #\"><span class=\"cff-more\">See More<\/span><span class=\"cff-less\">See Less<\/span><\/a><\/span>\n\n<\/div>\n\n<p class=\"cff-media-link\">\n\t<a href=\"https:\/\/www.facebook.com\/578268810978300\/posts\/1570803181724853\" target=\"_blank\" style=\"color: #\">\n\t\t<span style=\"padding-right: 5px;\" class=\"fa fas fa-picture-o fa-image\"><\/span>Photo\t<\/a>\n<\/p>\n\t<div class=\"cff-post-links\">\n\t\t\t\t\t<a class=\"cff-viewpost-facebook\" href=\"https:\/\/www.facebook.com\/578268810978300\/posts\/1570803181724853\" title=\"Auf Facebook anzeigen\" target=\"_blank\" rel=\"nofollow noopener\" >Auf Facebook anzeigen<\/a>\n\t\t\t\t\t\t\t<div class=\"cff-share-container\">\n\t\t\t\t\t\t\t\t\t<span class=\"cff-dot\" >&middot;<\/span>\n\t\t\t\t\t\t\t\t<a class=\"cff-share-link\" href=\"https:\/\/www.facebook.com\/sharer\/sharer.php?u=https%3A%2F%2Fwww.facebook.com%2F578268810978300%2Fposts%2F1570803181724853\" title=\"Teilen\" >Teilen<\/a>\n\t\t\t\t<p class=\"cff-share-tooltip\">\n\t\t\t\t\t\t\t\t\t\t\t<a href=\"https:\/\/www.facebook.com\/sharer\/sharer.php?u=https%3A%2F%2Fwww.facebook.com%2F578268810978300%2Fposts%2F1570803181724853\" target=\"_blank\" rel=\"noopener noreferrer\" class=\"cff-facebook-icon\">\n\t\t\t\t\t\t\t<span class=\"fa fab fa-facebook-square\" aria-hidden=\"true\"><\/span>\n\t\t\t\t\t\t\t<span class=\"cff-screenreader\">Auf Facebook teilen<\/span>\n\t\t\t\t\t\t<\/a>\n\t\t\t\t\t\t\t\t\t\t\t<a href=\"https:\/\/twitter.com\/intent\/tweet?text=https%3A%2F%2Fwww.facebook.com%2F578268810978300%2Fposts%2F1570803181724853\" target=\"_blank\" rel=\"noopener noreferrer\" class=\"cff-twitter-icon\">\n\t\t\t\t\t\t\t<span class=\"fa fab fa-twitter\" aria-hidden=\"true\"><\/span>\n\t\t\t\t\t\t\t<span class=\"cff-screenreader\">Auf Twitter teilen<\/span>\n\t\t\t\t\t\t<\/a>\n\t\t\t\t\t\t\t\t\t\t\t<a href=\"https:\/\/www.linkedin.com\/shareArticle?mini=true&#038;url=https%3A%2F%2Fwww.facebook.com%2F578268810978300%2Fposts%2F1570803181724853&#038;title=%09%09%09Heute%20steht%20beim%20Aufbau%20noch%20der%20letzte%20Feinschliff%20an%2C%20dann%20kann%20Um%2017%3A00%20Uhr%20die%20Party%20steigen.%20Feuerwehr%20und%20Musikverein%20freuen%20sich%20auf%20zahlreiche%20Besucher%20im%20Biergarten%20%26quot%3BZum%20durstigen%20L%C3%B6schmusikanten%26quot%3B%2C%20aber%20auch%20alle%20anderen%20St%C3%A4nde%20freuen%20sich%20auf%20Euch.%20Tolles%20Wetter%2C%20tolles%20Programm%20-%20auf%20geht%26%23039%3Bs%20zur%201175-Jahr-Feier%20nach%20Bermich...%20%3B-%29%09%09%09%09\" target=\"_blank\" rel=\"noopener noreferrer\" class=\"cff-linkedin-icon\">\n\t\t\t\t\t\t\t<span class=\"fa fab fa-linkedin\" aria-hidden=\"true\"><\/span>\n\t\t\t\t\t\t\t<span class=\"cff-screenreader\">Auf LinkedIn teilen<\/span>\n\t\t\t\t\t\t<\/a>\n\t\t\t\t\t\t\t\t\t\t\t<a href=\"mailto:?subject=Facebook&#038;body=https%3A%2F%2Fwww.facebook.com%2F578268810978300%2Fposts%2F1570803181724853%20-%20%0A%0A%09%0A%09%09Heute%20steht%20beim%20Aufbau%20noch%20der%20letzte%20Feinschliff%20an%2C%20dann%20kann%20Um%2017%3A00%20Uhr%20die%20Party%20steigen.%20Feuerwehr%20und%20Musikverein%20freuen%20sich%20auf%20zahlreiche%20Besucher%20im%20Biergarten%20%26quot%3BZum%20durstigen%20L%C3%B6schmusikanten%26quot%3B%2C%20aber%20auch%20alle%20anderen%20St%C3%A4nde%20freuen%20sich%20auf%20Euch.%20Tolles%20Wetter%2C%20tolles%20Programm%20-%20auf%20geht%26%23039%3Bs%20zur%201175-Jahr-Feier%20nach%20Bermich...%20%3B-%29%09%09%09%0A%09\" target=\"_blank\" rel=\"noopener noreferrer\" class=\"cff-email-icon\">\n\t\t\t\t\t\t\t<span class=\"fa fab fa-envelope\" aria-hidden=\"true\"><\/span>\n\t\t\t\t\t\t\t<span class=\"cff-screenreader\">Per E-Mail teilen<\/span>\n\t\t\t\t\t\t<\/a>\n\t\t\t\t\t\t\t\t\t<\/p>\n\t\t\t<\/div>\n\t\t\t<\/div>\n\t<\/div>\n\n\n\n<div id=\"cff_121661704586851_1569876958484142\" class=\"cff-item cff-status-post cff-album author-musikverein-1921-bernbach-e-v-\"  style=\"border-bottom: 1px solid #ddd;\">\n\t<div class=\"cff-author\">\n\t<div class=\"cff-author-text\">\n\t\t\t\t\t<div class=\"cff-page-name cff-author-date\" >\n\t\t\t\t<a href=\"https:\/\/facebook.com\/121661704586851\" target=\"_blank\" rel=\"nofollow noopener\" >Musikverein 1921 Bernbach e.V.<\/a>\n\t\t\t\t<span class=\"cff-story\"> <\/span>\n\t\t\t<\/div>\n\t\t\t\n<p class=\"cff-date\" > 3 weeks ago <\/p>\n\t\t\t<\/div>\n\t<div class=\"cff-author-img \" data-avatar=\"https:\/\/scontent-fra3-1.xx.fbcdn.net\/v\/t39.30808-1\/312522059_511766654295183_4224899328543459166_n.jpg?stp=cp0_dst-jpg_s50x50_tt6&#038;_nc_cat=101&#038;ccb=1-7&#038;_nc_sid=f907e8&#038;_nc_ohc=kwTv62VbP8IQ7kNvwF4KoR6&#038;_nc_oc=AdrGFzbfoq6n1Q9xVs_HDShzEpPzbOCv-yk5KBPuY5HmSN-Th13nGRhW8PJhUi8s4uQ&#038;_nc_zt=24&#038;_nc_ht=scontent-fra3-1.xx&#038;edm=AKIiGfEEAAAA&#038;_nc_gid=EKBfQOXsyp0_rwf-o49DBA&#038;_nc_tpa=Q5bMBQI-sq6X41fttmt9LkOzUfrY-VHc3jhi7KokzUk5pFsfzBveQCIW7xPiEoW0DLyaG7QAv7W7MB8A7g&#038;oh=00_AQI7s4yBiGt308KXAmiEupP7v1OTqSLvRaMCMCulKBkNkA&#038;oe=6A9BAAFB\">\n\t\t<a href=\"https:\/\/facebook.com\/121661704586851\" target=\"_blank\" rel=\"nofollow noopener\" ><img decoding=\"async\" src=\"https:\/\/scontent-fra3-1.xx.fbcdn.net\/v\/t39.30808-1\/312522059_511766654295183_4224899328543459166_n.jpg?stp=cp0_dst-jpg_s50x50_tt6&#038;_nc_cat=101&#038;ccb=1-7&#038;_nc_sid=f907e8&#038;_nc_ohc=kwTv62VbP8IQ7kNvwF4KoR6&#038;_nc_oc=AdrGFzbfoq6n1Q9xVs_HDShzEpPzbOCv-yk5KBPuY5HmSN-Th13nGRhW8PJhUi8s4uQ&#038;_nc_zt=24&#038;_nc_ht=scontent-fra3-1.xx&#038;edm=AKIiGfEEAAAA&#038;_nc_gid=EKBfQOXsyp0_rwf-o49DBA&#038;_nc_tpa=Q5bMBQI-sq6X41fttmt9LkOzUfrY-VHc3jhi7KokzUk5pFsfzBveQCIW7xPiEoW0DLyaG7QAv7W7MB8A7g&#038;oh=00_AQI7s4yBiGt308KXAmiEupP7v1OTqSLvRaMCMCulKBkNkA&#038;oe=6A9BAAFB\" title=\"Musikverein 1921 Bernbach e.V.\" alt=\"Musikverein 1921 Bernbach e.V.\" width=40 height=40 onerror=\"this.style.display='none'\"><\/a>\n\t<\/div>\n<\/div>\n\n<div class=\"cff-post-text\" >\n\t<span class=\"cff-text\" data-color=\"\">\n\t\tMorgen geht es los! \ud83e\udd73Unser Gro\u00dfes Jubil\u00e4umsfest zu 1175 Jahre Bernbach startet! \ud83c\udf89<img class=\"cff-linebreak\" \/><img class=\"cff-linebreak\" \/>Wer noch nicht auf unserer Homepage war um das Programm zu sichten erh\u00e4lt hier nochmal Einblick in unser Programm. \ud83d\udc40<img class=\"cff-linebreak\" \/><img class=\"cff-linebreak\" \/>Neben dem Programm findet ihr unter <a href=\"https:\/\/www.vereintfuerbernbach.de\" rel='nofollow noopener noreferrer'>www.vereintfuerbernbach.de<\/a> noch viel mehr aktuelles zum Fest wie zum Beispiel die Getr\u00e4nke- und Speisekarten, den Lageplan oder sogar die digitale Festschrift!<img class=\"cff-linebreak\" \/><img class=\"cff-linebreak\" \/>Schaut gerne jederzeit rein. Wir sehen uns am Fest! \ud83d\ude09<img class=\"cff-linebreak\" \/><img class=\"cff-linebreak\" \/><a href=\"https:\/\/facebook.com\/27213791531590974\">#1175jahrebernbach<\/a> <a href=\"https:\/\/facebook.com\/508542905860629\">#Bernbach<\/a> <a href=\"https:\/\/facebook.com\/158593587643262\">#dorffest<\/a> <a href=\"https:\/\/facebook.com\/499224120127232\">#freigericht<\/a> <a href=\"https:\/\/facebook.com\/546699858698498\">#mainkinzigkreis<\/a>\t\t\t<\/span>\n\t<span class=\"cff-expand\">&#8230; <a href=\"#\" style=\"color: #\"><span class=\"cff-more\">See More<\/span><span class=\"cff-less\">See Less<\/span><\/a><\/span>\n\n<\/div>\n\n<p class=\"cff-media-link\">\n\t<a href=\"https:\/\/www.facebook.com\/578268810978300\/posts\/1569876958484142\" target=\"_blank\" style=\"color: #\">\n\t\t<span style=\"padding-right: 5px;\" class=\"fa fas fa-picture-o fa-image\"><\/span>Photo\t<\/a>\n<\/p>\n\t<div class=\"cff-post-links\">\n\t\t\t\t\t<a class=\"cff-viewpost-facebook\" href=\"https:\/\/www.facebook.com\/578268810978300\/posts\/1569876958484142\" title=\"Auf Facebook anzeigen\" target=\"_blank\" rel=\"nofollow noopener\" >Auf Facebook anzeigen<\/a>\n\t\t\t\t\t\t\t<div class=\"cff-share-container\">\n\t\t\t\t\t\t\t\t\t<span class=\"cff-dot\" >&middot;<\/span>\n\t\t\t\t\t\t\t\t<a class=\"cff-share-link\" href=\"https:\/\/www.facebook.com\/sharer\/sharer.php?u=https%3A%2F%2Fwww.facebook.com%2F578268810978300%2Fposts%2F1569876958484142\" title=\"Teilen\" >Teilen<\/a>\n\t\t\t\t<p class=\"cff-share-tooltip\">\n\t\t\t\t\t\t\t\t\t\t\t<a href=\"https:\/\/www.facebook.com\/sharer\/sharer.php?u=https%3A%2F%2Fwww.facebook.com%2F578268810978300%2Fposts%2F1569876958484142\" target=\"_blank\" rel=\"noopener noreferrer\" class=\"cff-facebook-icon\">\n\t\t\t\t\t\t\t<span class=\"fa fab fa-facebook-square\" aria-hidden=\"true\"><\/span>\n\t\t\t\t\t\t\t<span class=\"cff-screenreader\">Auf Facebook teilen<\/span>\n\t\t\t\t\t\t<\/a>\n\t\t\t\t\t\t\t\t\t\t\t<a href=\"https:\/\/twitter.com\/intent\/tweet?text=https%3A%2F%2Fwww.facebook.com%2F578268810978300%2Fposts%2F1569876958484142\" target=\"_blank\" rel=\"noopener noreferrer\" class=\"cff-twitter-icon\">\n\t\t\t\t\t\t\t<span class=\"fa fab fa-twitter\" aria-hidden=\"true\"><\/span>\n\t\t\t\t\t\t\t<span class=\"cff-screenreader\">Auf Twitter teilen<\/span>\n\t\t\t\t\t\t<\/a>\n\t\t\t\t\t\t\t\t\t\t\t<a href=\"https:\/\/www.linkedin.com\/shareArticle?mini=true&#038;url=https%3A%2F%2Fwww.facebook.com%2F578268810978300%2Fposts%2F1569876958484142&#038;title=%09%09%09Morgen%20geht%20es%20los%21%20%F0%9F%A5%B3Unser%20Gro%C3%9Fes%20Jubil%C3%A4umsfest%20zu%201175%20Jahre%20Bernbach%20startet%21%20%F0%9F%8E%89Wer%20noch%20nicht%20auf%20unserer%20Homepage%20war%20um%20das%20Programm%20zu%20sichten%20erh%C3%A4lt%20hier%20nochmal%20Einblick%20in%20unser%20Programm.%20%F0%9F%91%80Neben%20dem%20Programm%20findet%20ihr%20unter%20www.vereintfuerbernbach.de%20noch%20viel%20mehr%20aktuelles%20zum%20Fest%20wie%20zum%20Beispiel%20die%20Getr%C3%A4nke-%20und%20Speisekarten%2C%20den%20Lageplan%20oder%20sogar%20die%20digitale%20Festschrift%21Schaut%20gerne%20jederzeit%20rein.%20Wir%20sehen%20uns%20am%20Fest%21%20%F0%9F%98%89%231175jahrebernbach%20%23Bernbach%20%23dorffest%20%23freigericht%20%23mainkinzigkreis%09%09%09%09\" target=\"_blank\" rel=\"noopener noreferrer\" class=\"cff-linkedin-icon\">\n\t\t\t\t\t\t\t<span class=\"fa fab fa-linkedin\" aria-hidden=\"true\"><\/span>\n\t\t\t\t\t\t\t<span class=\"cff-screenreader\">Auf LinkedIn teilen<\/span>\n\t\t\t\t\t\t<\/a>\n\t\t\t\t\t\t\t\t\t\t\t<a href=\"mailto:?subject=Facebook&#038;body=https%3A%2F%2Fwww.facebook.com%2F578268810978300%2Fposts%2F1569876958484142%20-%20%0A%0A%09%0A%09%09Morgen%20geht%20es%20los%21%20%F0%9F%A5%B3Unser%20Gro%C3%9Fes%20Jubil%C3%A4umsfest%20zu%201175%20Jahre%20Bernbach%20startet%21%20%F0%9F%8E%89Wer%20noch%20nicht%20auf%20unserer%20Homepage%20war%20um%20das%20Programm%20zu%20sichten%20erh%C3%A4lt%20hier%20nochmal%20Einblick%20in%20unser%20Programm.%20%F0%9F%91%80Neben%20dem%20Programm%20findet%20ihr%20unter%20www.vereintfuerbernbach.de%20noch%20viel%20mehr%20aktuelles%20zum%20Fest%20wie%20zum%20Beispiel%20die%20Getr%C3%A4nke-%20und%20Speisekarten%2C%20den%20Lageplan%20oder%20sogar%20die%20digitale%20Festschrift%21Schaut%20gerne%20jederzeit%20rein.%20Wir%20sehen%20uns%20am%20Fest%21%20%F0%9F%98%89%231175jahrebernbach%20%23Bernbach%20%23dorffest%20%23freigericht%20%23mainkinzigkreis%09%09%09%0A%09\" target=\"_blank\" rel=\"noopener noreferrer\" class=\"cff-email-icon\">\n\t\t\t\t\t\t\t<span class=\"fa fab fa-envelope\" aria-hidden=\"true\"><\/span>\n\t\t\t\t\t\t\t<span class=\"cff-screenreader\">Per E-Mail teilen<\/span>\n\t\t\t\t\t\t<\/a>\n\t\t\t\t\t\t\t\t\t<\/p>\n\t\t\t<\/div>\n\t\t\t<\/div>\n\t<\/div>\n\n\n\n<div id=\"cff_121661704586851_1569873138484524\" class=\"cff-item cff-status-post cff-album author-musikverein-1921-bernbach-e-v-\"  style=\"border-bottom: 1px solid #ddd;\">\n\t<div class=\"cff-author\">\n\t<div class=\"cff-author-text\">\n\t\t\t\t\t<div class=\"cff-page-name cff-author-date\" >\n\t\t\t\t<a href=\"https:\/\/facebook.com\/121661704586851\" target=\"_blank\" rel=\"nofollow noopener\" >Musikverein 1921 Bernbach e.V.<\/a>\n\t\t\t\t<span class=\"cff-story\"> <\/span>\n\t\t\t<\/div>\n\t\t\t\n<p class=\"cff-date\" > 3 weeks ago <\/p>\n\t\t\t<\/div>\n\t<div class=\"cff-author-img \" data-avatar=\"https:\/\/scontent-fra3-1.xx.fbcdn.net\/v\/t39.30808-1\/312522059_511766654295183_4224899328543459166_n.jpg?stp=cp0_dst-jpg_s50x50_tt6&#038;_nc_cat=101&#038;ccb=1-7&#038;_nc_sid=f907e8&#038;_nc_ohc=kwTv62VbP8IQ7kNvwF4KoR6&#038;_nc_oc=AdrGFzbfoq6n1Q9xVs_HDShzEpPzbOCv-yk5KBPuY5HmSN-Th13nGRhW8PJhUi8s4uQ&#038;_nc_zt=24&#038;_nc_ht=scontent-fra3-1.xx&#038;edm=AKIiGfEEAAAA&#038;_nc_gid=EKBfQOXsyp0_rwf-o49DBA&#038;_nc_tpa=Q5bMBQI-sq6X41fttmt9LkOzUfrY-VHc3jhi7KokzUk5pFsfzBveQCIW7xPiEoW0DLyaG7QAv7W7MB8A7g&#038;oh=00_AQI7s4yBiGt308KXAmiEupP7v1OTqSLvRaMCMCulKBkNkA&#038;oe=6A9BAAFB\">\n\t\t<a href=\"https:\/\/facebook.com\/121661704586851\" target=\"_blank\" rel=\"nofollow noopener\" ><img decoding=\"async\" src=\"https:\/\/scontent-fra3-1.xx.fbcdn.net\/v\/t39.30808-1\/312522059_511766654295183_4224899328543459166_n.jpg?stp=cp0_dst-jpg_s50x50_tt6&#038;_nc_cat=101&#038;ccb=1-7&#038;_nc_sid=f907e8&#038;_nc_ohc=kwTv62VbP8IQ7kNvwF4KoR6&#038;_nc_oc=AdrGFzbfoq6n1Q9xVs_HDShzEpPzbOCv-yk5KBPuY5HmSN-Th13nGRhW8PJhUi8s4uQ&#038;_nc_zt=24&#038;_nc_ht=scontent-fra3-1.xx&#038;edm=AKIiGfEEAAAA&#038;_nc_gid=EKBfQOXsyp0_rwf-o49DBA&#038;_nc_tpa=Q5bMBQI-sq6X41fttmt9LkOzUfrY-VHc3jhi7KokzUk5pFsfzBveQCIW7xPiEoW0DLyaG7QAv7W7MB8A7g&#038;oh=00_AQI7s4yBiGt308KXAmiEupP7v1OTqSLvRaMCMCulKBkNkA&#038;oe=6A9BAAFB\" title=\"Musikverein 1921 Bernbach e.V.\" alt=\"Musikverein 1921 Bernbach e.V.\" width=40 height=40 onerror=\"this.style.display='none'\"><\/a>\n\t<\/div>\n<\/div>\n\n<div class=\"cff-post-text\" >\n\t<span class=\"cff-text\" data-color=\"\">\n\t\tMorgen geht es los! \ud83e\udd73Unser Gro\u00dfes Jubil\u00e4umsfest zu 1175 Jahre Bernbach startet! \ud83c\udf89<img class=\"cff-linebreak\" \/><img class=\"cff-linebreak\" \/>Wer noch nicht auf unserer Homepage war um das Programm zu sichten erh\u00e4lt hier nochmal Einblick in unser Programm. \ud83d\udc40<img class=\"cff-linebreak\" \/><img class=\"cff-linebreak\" \/>Neben dem Programm findet ihr unter <a href=\"https:\/\/www.vereintfuerbernbach.de\" rel='nofollow noopener noreferrer'>www.vereintfuerbernbach.de<\/a> noch viel mehr aktuelles zum Fest wie zum Beispiel die Getr\u00e4nke- und Speisekarten, den Lageplan oder sogar die digitale Festschrift!<img class=\"cff-linebreak\" \/><img class=\"cff-linebreak\" \/>Schaut gerne jederzeit rein. Wir sehen uns am Fest! \ud83d\ude09<img class=\"cff-linebreak\" \/><img class=\"cff-linebreak\" \/><a href=\"https:\/\/facebook.com\/27213791531590974\">#1175jahrebernbach<\/a> <a href=\"https:\/\/facebook.com\/508542905860629\">#Bernbach<\/a> <a href=\"https:\/\/facebook.com\/158593587643262\">#dorffest<\/a> <a href=\"https:\/\/facebook.com\/499224120127232\">#freigericht<\/a> <a href=\"https:\/\/facebook.com\/546699858698498\">#mainkinzigkreis<\/a>\t\t\t<\/span>\n\t<span class=\"cff-expand\">&#8230; <a href=\"#\" style=\"color: #\"><span class=\"cff-more\">See More<\/span><span class=\"cff-less\">See Less<\/span><\/a><\/span>\n\n<\/div>\n\n<p class=\"cff-media-link\">\n\t<a href=\"https:\/\/www.facebook.com\/578268810978300\/posts\/1569873138484524\" target=\"_blank\" style=\"color: #\">\n\t\t<span style=\"padding-right: 5px;\" class=\"fa fas fa-picture-o fa-image\"><\/span>Photo\t<\/a>\n<\/p>\n\t<div class=\"cff-post-links\">\n\t\t\t\t\t<a class=\"cff-viewpost-facebook\" href=\"https:\/\/www.facebook.com\/578268810978300\/posts\/1569873138484524\" title=\"Auf Facebook anzeigen\" target=\"_blank\" rel=\"nofollow noopener\" >Auf Facebook anzeigen<\/a>\n\t\t\t\t\t\t\t<div class=\"cff-share-container\">\n\t\t\t\t\t\t\t\t\t<span class=\"cff-dot\" >&middot;<\/span>\n\t\t\t\t\t\t\t\t<a class=\"cff-share-link\" href=\"https:\/\/www.facebook.com\/sharer\/sharer.php?u=https%3A%2F%2Fwww.facebook.com%2F578268810978300%2Fposts%2F1569873138484524\" title=\"Teilen\" >Teilen<\/a>\n\t\t\t\t<p class=\"cff-share-tooltip\">\n\t\t\t\t\t\t\t\t\t\t\t<a href=\"https:\/\/www.facebook.com\/sharer\/sharer.php?u=https%3A%2F%2Fwww.facebook.com%2F578268810978300%2Fposts%2F1569873138484524\" target=\"_blank\" rel=\"noopener noreferrer\" class=\"cff-facebook-icon\">\n\t\t\t\t\t\t\t<span class=\"fa fab fa-facebook-square\" aria-hidden=\"true\"><\/span>\n\t\t\t\t\t\t\t<span class=\"cff-screenreader\">Auf Facebook teilen<\/span>\n\t\t\t\t\t\t<\/a>\n\t\t\t\t\t\t\t\t\t\t\t<a href=\"https:\/\/twitter.com\/intent\/tweet?text=https%3A%2F%2Fwww.facebook.com%2F578268810978300%2Fposts%2F1569873138484524\" target=\"_blank\" rel=\"noopener noreferrer\" class=\"cff-twitter-icon\">\n\t\t\t\t\t\t\t<span class=\"fa fab fa-twitter\" aria-hidden=\"true\"><\/span>\n\t\t\t\t\t\t\t<span class=\"cff-screenreader\">Auf Twitter teilen<\/span>\n\t\t\t\t\t\t<\/a>\n\t\t\t\t\t\t\t\t\t\t\t<a href=\"https:\/\/www.linkedin.com\/shareArticle?mini=true&#038;url=https%3A%2F%2Fwww.facebook.com%2F578268810978300%2Fposts%2F1569873138484524&#038;title=%09%09%09Morgen%20geht%20es%20los%21%20%F0%9F%A5%B3Unser%20Gro%C3%9Fes%20Jubil%C3%A4umsfest%20zu%201175%20Jahre%20Bernbach%20startet%21%20%F0%9F%8E%89Wer%20noch%20nicht%20auf%20unserer%20Homepage%20war%20um%20das%20Programm%20zu%20sichten%20erh%C3%A4lt%20hier%20nochmal%20Einblick%20in%20unser%20Programm.%20%F0%9F%91%80Neben%20dem%20Programm%20findet%20ihr%20unter%20www.vereintfuerbernbach.de%20noch%20viel%20mehr%20aktuelles%20zum%20Fest%20wie%20zum%20Beispiel%20die%20Getr%C3%A4nke-%20und%20Speisekarten%2C%20den%20Lageplan%20oder%20sogar%20die%20digitale%20Festschrift%21Schaut%20gerne%20jederzeit%20rein.%20Wir%20sehen%20uns%20am%20Fest%21%20%F0%9F%98%89%231175jahrebernbach%20%23Bernbach%20%23dorffest%20%23freigericht%20%23mainkinzigkreis%09%09%09%09\" target=\"_blank\" rel=\"noopener noreferrer\" class=\"cff-linkedin-icon\">\n\t\t\t\t\t\t\t<span class=\"fa fab fa-linkedin\" aria-hidden=\"true\"><\/span>\n\t\t\t\t\t\t\t<span class=\"cff-screenreader\">Auf LinkedIn teilen<\/span>\n\t\t\t\t\t\t<\/a>\n\t\t\t\t\t\t\t\t\t\t\t<a href=\"mailto:?subject=Facebook&#038;body=https%3A%2F%2Fwww.facebook.com%2F578268810978300%2Fposts%2F1569873138484524%20-%20%0A%0A%09%0A%09%09Morgen%20geht%20es%20los%21%20%F0%9F%A5%B3Unser%20Gro%C3%9Fes%20Jubil%C3%A4umsfest%20zu%201175%20Jahre%20Bernbach%20startet%21%20%F0%9F%8E%89Wer%20noch%20nicht%20auf%20unserer%20Homepage%20war%20um%20das%20Programm%20zu%20sichten%20erh%C3%A4lt%20hier%20nochmal%20Einblick%20in%20unser%20Programm.%20%F0%9F%91%80Neben%20dem%20Programm%20findet%20ihr%20unter%20www.vereintfuerbernbach.de%20noch%20viel%20mehr%20aktuelles%20zum%20Fest%20wie%20zum%20Beispiel%20die%20Getr%C3%A4nke-%20und%20Speisekarten%2C%20den%20Lageplan%20oder%20sogar%20die%20digitale%20Festschrift%21Schaut%20gerne%20jederzeit%20rein.%20Wir%20sehen%20uns%20am%20Fest%21%20%F0%9F%98%89%231175jahrebernbach%20%23Bernbach%20%23dorffest%20%23freigericht%20%23mainkinzigkreis%09%09%09%0A%09\" target=\"_blank\" rel=\"noopener noreferrer\" class=\"cff-email-icon\">\n\t\t\t\t\t\t\t<span class=\"fa fab fa-envelope\" aria-hidden=\"true\"><\/span>\n\t\t\t\t\t\t\t<span class=\"cff-screenreader\">Per E-Mail teilen<\/span>\n\t\t\t\t\t\t<\/a>\n\t\t\t\t\t\t\t\t\t<\/p>\n\t\t\t<\/div>\n\t\t\t<\/div>\n\t<\/div>\n\n\n\n<div id=\"cff_121661704586851_1569195028552335\" class=\"cff-item cff-video-post author-musikverein-1921-bernbach-e-v-\"  style=\"border-bottom: 1px solid #ddd;\">\n\t<div class=\"cff-author\">\n\t<div class=\"cff-author-text\">\n\t\t\t\t\t<div class=\"cff-page-name cff-author-date\" >\n\t\t\t\t<a href=\"https:\/\/facebook.com\/121661704586851\" target=\"_blank\" rel=\"nofollow noopener\" >Musikverein 1921 Bernbach e.V.<\/a>\n\t\t\t\t<span class=\"cff-story\"> <\/span>\n\t\t\t<\/div>\n\t\t\t\n<p class=\"cff-date\" > 3 weeks ago <\/p>\n\t\t\t<\/div>\n\t<div class=\"cff-author-img \" data-avatar=\"https:\/\/scontent-fra3-1.xx.fbcdn.net\/v\/t39.30808-1\/312522059_511766654295183_4224899328543459166_n.jpg?stp=cp0_dst-jpg_s50x50_tt6&#038;_nc_cat=101&#038;ccb=1-7&#038;_nc_sid=f907e8&#038;_nc_ohc=kwTv62VbP8IQ7kNvwF4KoR6&#038;_nc_oc=AdrGFzbfoq6n1Q9xVs_HDShzEpPzbOCv-yk5KBPuY5HmSN-Th13nGRhW8PJhUi8s4uQ&#038;_nc_zt=24&#038;_nc_ht=scontent-fra3-1.xx&#038;edm=AKIiGfEEAAAA&#038;_nc_gid=EKBfQOXsyp0_rwf-o49DBA&#038;_nc_tpa=Q5bMBQI-sq6X41fttmt9LkOzUfrY-VHc3jhi7KokzUk5pFsfzBveQCIW7xPiEoW0DLyaG7QAv7W7MB8A7g&#038;oh=00_AQI7s4yBiGt308KXAmiEupP7v1OTqSLvRaMCMCulKBkNkA&#038;oe=6A9BAAFB\">\n\t\t<a href=\"https:\/\/facebook.com\/121661704586851\" target=\"_blank\" rel=\"nofollow noopener\" ><img decoding=\"async\" src=\"https:\/\/scontent-fra3-1.xx.fbcdn.net\/v\/t39.30808-1\/312522059_511766654295183_4224899328543459166_n.jpg?stp=cp0_dst-jpg_s50x50_tt6&#038;_nc_cat=101&#038;ccb=1-7&#038;_nc_sid=f907e8&#038;_nc_ohc=kwTv62VbP8IQ7kNvwF4KoR6&#038;_nc_oc=AdrGFzbfoq6n1Q9xVs_HDShzEpPzbOCv-yk5KBPuY5HmSN-Th13nGRhW8PJhUi8s4uQ&#038;_nc_zt=24&#038;_nc_ht=scontent-fra3-1.xx&#038;edm=AKIiGfEEAAAA&#038;_nc_gid=EKBfQOXsyp0_rwf-o49DBA&#038;_nc_tpa=Q5bMBQI-sq6X41fttmt9LkOzUfrY-VHc3jhi7KokzUk5pFsfzBveQCIW7xPiEoW0DLyaG7QAv7W7MB8A7g&#038;oh=00_AQI7s4yBiGt308KXAmiEupP7v1OTqSLvRaMCMCulKBkNkA&#038;oe=6A9BAAFB\" title=\"Musikverein 1921 Bernbach e.V.\" alt=\"Musikverein 1921 Bernbach e.V.\" width=40 height=40 onerror=\"this.style.display='none'\"><\/a>\n\t<\/div>\n<\/div>\n<p class=\"cff-media-link\">\n\t<a href=\"https:\/\/www.facebook.com\/121661704586851\/posts\/1569195028552335\" target=\"_blank\" style=\"color: #\">\n\t\t<span style=\"padding-right: 5px;\" class=\"fa fas fa-video-camera fa-video\"><\/span>Video\t<\/a>\n<\/p>\n\t<div class=\"cff-post-links\">\n\t\t\t\t\t<a class=\"cff-viewpost-facebook\" href=\"https:\/\/www.facebook.com\/121661704586851\/posts\/1569195028552335\" title=\"Auf Facebook anzeigen\" target=\"_blank\" rel=\"nofollow noopener\" >Auf Facebook anzeigen<\/a>\n\t\t\t\t\t\t\t<div class=\"cff-share-container\">\n\t\t\t\t\t\t\t\t\t<span class=\"cff-dot\" >&middot;<\/span>\n\t\t\t\t\t\t\t\t<a class=\"cff-share-link\" href=\"https:\/\/www.facebook.com\/sharer\/sharer.php?u=https%3A%2F%2Fwww.facebook.com%2F121661704586851%2Fposts%2F1569195028552335\" title=\"Teilen\" >Teilen<\/a>\n\t\t\t\t<p class=\"cff-share-tooltip\">\n\t\t\t\t\t\t\t\t\t\t\t<a href=\"https:\/\/www.facebook.com\/sharer\/sharer.php?u=https%3A%2F%2Fwww.facebook.com%2F121661704586851%2Fposts%2F1569195028552335\" target=\"_blank\" rel=\"noopener noreferrer\" class=\"cff-facebook-icon\">\n\t\t\t\t\t\t\t<span class=\"fa fab fa-facebook-square\" aria-hidden=\"true\"><\/span>\n\t\t\t\t\t\t\t<span class=\"cff-screenreader\">Auf Facebook teilen<\/span>\n\t\t\t\t\t\t<\/a>\n\t\t\t\t\t\t\t\t\t\t\t<a href=\"https:\/\/twitter.com\/intent\/tweet?text=https%3A%2F%2Fwww.facebook.com%2F121661704586851%2Fposts%2F1569195028552335\" target=\"_blank\" rel=\"noopener noreferrer\" class=\"cff-twitter-icon\">\n\t\t\t\t\t\t\t<span class=\"fa fab fa-twitter\" aria-hidden=\"true\"><\/span>\n\t\t\t\t\t\t\t<span class=\"cff-screenreader\">Auf Twitter teilen<\/span>\n\t\t\t\t\t\t<\/a>\n\t\t\t\t\t\t\t\t\t\t\t<a href=\"https:\/\/www.linkedin.com\/shareArticle?mini=true&#038;url=https%3A%2F%2Fwww.facebook.com%2F121661704586851%2Fposts%2F1569195028552335&#038;title=\" target=\"_blank\" rel=\"noopener noreferrer\" class=\"cff-linkedin-icon\">\n\t\t\t\t\t\t\t<span class=\"fa fab fa-linkedin\" aria-hidden=\"true\"><\/span>\n\t\t\t\t\t\t\t<span class=\"cff-screenreader\">Auf LinkedIn teilen<\/span>\n\t\t\t\t\t\t<\/a>\n\t\t\t\t\t\t\t\t\t\t\t<a href=\"mailto:?subject=Facebook&#038;body=https%3A%2F%2Fwww.facebook.com%2F121661704586851%2Fposts%2F1569195028552335%20-%20\" target=\"_blank\" rel=\"noopener noreferrer\" class=\"cff-email-icon\">\n\t\t\t\t\t\t\t<span class=\"fa fab fa-envelope\" aria-hidden=\"true\"><\/span>\n\t\t\t\t\t\t\t<span class=\"cff-screenreader\">Per E-Mail teilen<\/span>\n\t\t\t\t\t\t<\/a>\n\t\t\t\t\t\t\t\t\t<\/p>\n\t\t\t<\/div>\n\t\t\t<\/div>\n\t<\/div>\n\n\n\n<div id=\"cff_121661704586851_1565015408970297\" class=\"cff-item cff-link-item author-musikverein-1921-bernbach-e-v-\"  style=\"border-bottom: 1px solid #ddd;\">\n\t<div class=\"cff-author\">\n\t<div class=\"cff-author-text\">\n\t\t\t\t\t<div class=\"cff-page-name cff-author-date\" >\n\t\t\t\t<a href=\"https:\/\/facebook.com\/121661704586851\" target=\"_blank\" rel=\"nofollow noopener\" >Musikverein 1921 Bernbach e.V.<\/a>\n\t\t\t\t<span class=\"cff-story\"> <\/span>\n\t\t\t<\/div>\n\t\t\t\n<p class=\"cff-date\" > 4 weeks ago <\/p>\n\t\t\t<\/div>\n\t<div class=\"cff-author-img \" data-avatar=\"https:\/\/scontent-fra3-1.xx.fbcdn.net\/v\/t39.30808-1\/312522059_511766654295183_4224899328543459166_n.jpg?stp=cp0_dst-jpg_s50x50_tt6&#038;_nc_cat=101&#038;ccb=1-7&#038;_nc_sid=f907e8&#038;_nc_ohc=kwTv62VbP8IQ7kNvwF4KoR6&#038;_nc_oc=AdrGFzbfoq6n1Q9xVs_HDShzEpPzbOCv-yk5KBPuY5HmSN-Th13nGRhW8PJhUi8s4uQ&#038;_nc_zt=24&#038;_nc_ht=scontent-fra3-1.xx&#038;edm=AKIiGfEEAAAA&#038;_nc_gid=EKBfQOXsyp0_rwf-o49DBA&#038;_nc_tpa=Q5bMBQI-sq6X41fttmt9LkOzUfrY-VHc3jhi7KokzUk5pFsfzBveQCIW7xPiEoW0DLyaG7QAv7W7MB8A7g&#038;oh=00_AQI7s4yBiGt308KXAmiEupP7v1OTqSLvRaMCMCulKBkNkA&#038;oe=6A9BAAFB\">\n\t\t<a href=\"https:\/\/facebook.com\/121661704586851\" target=\"_blank\" rel=\"nofollow noopener\" ><img decoding=\"async\" src=\"https:\/\/scontent-fra3-1.xx.fbcdn.net\/v\/t39.30808-1\/312522059_511766654295183_4224899328543459166_n.jpg?stp=cp0_dst-jpg_s50x50_tt6&#038;_nc_cat=101&#038;ccb=1-7&#038;_nc_sid=f907e8&#038;_nc_ohc=kwTv62VbP8IQ7kNvwF4KoR6&#038;_nc_oc=AdrGFzbfoq6n1Q9xVs_HDShzEpPzbOCv-yk5KBPuY5HmSN-Th13nGRhW8PJhUi8s4uQ&#038;_nc_zt=24&#038;_nc_ht=scontent-fra3-1.xx&#038;edm=AKIiGfEEAAAA&#038;_nc_gid=EKBfQOXsyp0_rwf-o49DBA&#038;_nc_tpa=Q5bMBQI-sq6X41fttmt9LkOzUfrY-VHc3jhi7KokzUk5pFsfzBveQCIW7xPiEoW0DLyaG7QAv7W7MB8A7g&#038;oh=00_AQI7s4yBiGt308KXAmiEupP7v1OTqSLvRaMCMCulKBkNkA&#038;oe=6A9BAAFB\" title=\"Musikverein 1921 Bernbach e.V.\" alt=\"Musikverein 1921 Bernbach e.V.\" width=40 height=40 onerror=\"this.style.display='none'\"><\/a>\n\t<\/div>\n<\/div>\n\n<div class=\"cff-post-text\" >\n\t<span class=\"cff-text\" data-color=\"\">\n\t\tDas lesenswerte 186-seitige Festmagazin zum Jubil\u00e4umsfest 1175 Jahre Bernbach!<img class=\"cff-linebreak\" \/>Hier als download: <img class=\"cff-linebreak\" \/>\t\t\t<\/span>\n\t<span class=\"cff-expand\">&#8230; <a href=\"#\" style=\"color: #\"><span class=\"cff-more\">See More<\/span><span class=\"cff-less\">See Less<\/span><\/a><\/span>\n\n<\/div>\n\n\n<div class=\"cff-shared-link \" >\n\t<div class=\"cff-text-link cff-no-image\">\n\t\t\t\t\t<p class=\"cff-link-title\" >\n\t\t\t\t<a href=\"https:\/\/vereintfuerbernbach.de\/1175-jahre-festschrift\/\" target=\"_blank\"  rel=\"nofollow noopener noreferrer\" style=\"color:#;\">1175 Jahre Festschrift &#8211; Vereint f\u00fcr Bernbach e.V.<\/a>\n\t\t\t<\/p>\n\t\t\n\t\t\t\t\t<p class=\"cff-link-caption\"  style=\"font-size:12px;\" >vereintfuerbernbach.de<\/p>\n\t\t\n\t\t\t\t\t<span class=\"cff-post-desc\" >Vereint f\u00fcr Bernbach e.V. \u2013 Wir f\u00f6rdern Heimatpflege, Gemeinschaft und Ortsversch\u00f6nerung in Bernbach. Jetzt mitfeiern: 1175 Jahre Bernbach, 14.\u201316. August 2026!<\/span>\n\t\t\n\t<\/div>\n<\/div>\n\n\t<div class=\"cff-post-links\">\n\t\t\t\t\t<a class=\"cff-viewpost-facebook\" href=\"https:\/\/www.facebook.com\/121661704586851_1565015408970297\" title=\"Auf Facebook anzeigen\" target=\"_blank\" rel=\"nofollow noopener\" >Auf Facebook anzeigen<\/a>\n\t\t\t\t\t\t\t<div class=\"cff-share-container\">\n\t\t\t\t\t\t\t\t\t<span class=\"cff-dot\" >&middot;<\/span>\n\t\t\t\t\t\t\t\t<a class=\"cff-share-link\" href=\"https:\/\/www.facebook.com\/sharer\/sharer.php?u=https%3A%2F%2Fwww.facebook.com%2F121661704586851_1565015408970297\" title=\"Teilen\" >Teilen<\/a>\n\t\t\t\t<p class=\"cff-share-tooltip\">\n\t\t\t\t\t\t\t\t\t\t\t<a href=\"https:\/\/www.facebook.com\/sharer\/sharer.php?u=https%3A%2F%2Fwww.facebook.com%2F121661704586851_1565015408970297\" target=\"_blank\" rel=\"noopener noreferrer\" class=\"cff-facebook-icon\">\n\t\t\t\t\t\t\t<span class=\"fa fab fa-facebook-square\" aria-hidden=\"true\"><\/span>\n\t\t\t\t\t\t\t<span class=\"cff-screenreader\">Auf Facebook teilen<\/span>\n\t\t\t\t\t\t<\/a>\n\t\t\t\t\t\t\t\t\t\t\t<a href=\"https:\/\/twitter.com\/intent\/tweet?text=https%3A%2F%2Fwww.facebook.com%2F121661704586851_1565015408970297\" target=\"_blank\" rel=\"noopener noreferrer\" class=\"cff-twitter-icon\">\n\t\t\t\t\t\t\t<span class=\"fa fab fa-twitter\" aria-hidden=\"true\"><\/span>\n\t\t\t\t\t\t\t<span class=\"cff-screenreader\">Auf Twitter teilen<\/span>\n\t\t\t\t\t\t<\/a>\n\t\t\t\t\t\t\t\t\t\t\t<a href=\"https:\/\/www.linkedin.com\/shareArticle?mini=true&#038;url=https%3A%2F%2Fwww.facebook.com%2F121661704586851_1565015408970297&#038;title=%09%09%09Das%20lesenswerte%20186-seitige%20Festmagazin%20zum%20Jubil%C3%A4umsfest%201175%20Jahre%20Bernbach%21Hier%20als%20download%3A%20%09%09%09%09\" target=\"_blank\" rel=\"noopener noreferrer\" class=\"cff-linkedin-icon\">\n\t\t\t\t\t\t\t<span class=\"fa fab fa-linkedin\" aria-hidden=\"true\"><\/span>\n\t\t\t\t\t\t\t<span class=\"cff-screenreader\">Auf LinkedIn teilen<\/span>\n\t\t\t\t\t\t<\/a>\n\t\t\t\t\t\t\t\t\t\t\t<a href=\"mailto:?subject=Facebook&#038;body=https%3A%2F%2Fwww.facebook.com%2F121661704586851_1565015408970297%20-%20%0A%0A%09%0A%09%09Das%20lesenswerte%20186-seitige%20Festmagazin%20zum%20Jubil%C3%A4umsfest%201175%20Jahre%20Bernbach%21Hier%20als%20download%3A%20%09%09%09%0A%09\" target=\"_blank\" rel=\"noopener noreferrer\" class=\"cff-email-icon\">\n\t\t\t\t\t\t\t<span class=\"fa fab fa-envelope\" aria-hidden=\"true\"><\/span>\n\t\t\t\t\t\t\t<span class=\"cff-screenreader\">Per E-Mail teilen<\/span>\n\t\t\t\t\t\t<\/a>\n\t\t\t\t\t\t\t\t\t<\/p>\n\t\t\t<\/div>\n\t\t\t<\/div>\n\t<\/div>\n\n\n\n<div id=\"cff_121661704586851_1562133652591806\" class=\"cff-item cff-video-post author-musikverein-1921-bernbach-e-v-\"  style=\"border-bottom: 1px solid #ddd;\">\n\t<div class=\"cff-author\">\n\t<div class=\"cff-author-text\">\n\t\t\t\t\t<div class=\"cff-page-name cff-author-date\" >\n\t\t\t\t<a href=\"https:\/\/facebook.com\/121661704586851\" target=\"_blank\" rel=\"nofollow noopener\" >Musikverein 1921 Bernbach e.V.<\/a>\n\t\t\t\t<span class=\"cff-story\"> <\/span>\n\t\t\t<\/div>\n\t\t\t\n<p class=\"cff-date\" > 1 month ago <\/p>\n\t\t\t<\/div>\n\t<div class=\"cff-author-img \" data-avatar=\"https:\/\/scontent-fra3-1.xx.fbcdn.net\/v\/t39.30808-1\/312522059_511766654295183_4224899328543459166_n.jpg?stp=cp0_dst-jpg_s50x50_tt6&#038;_nc_cat=101&#038;ccb=1-7&#038;_nc_sid=f907e8&#038;_nc_ohc=kwTv62VbP8IQ7kNvwF4KoR6&#038;_nc_oc=AdrGFzbfoq6n1Q9xVs_HDShzEpPzbOCv-yk5KBPuY5HmSN-Th13nGRhW8PJhUi8s4uQ&#038;_nc_zt=24&#038;_nc_ht=scontent-fra3-1.xx&#038;edm=AKIiGfEEAAAA&#038;_nc_gid=EKBfQOXsyp0_rwf-o49DBA&#038;_nc_tpa=Q5bMBQI-sq6X41fttmt9LkOzUfrY-VHc3jhi7KokzUk5pFsfzBveQCIW7xPiEoW0DLyaG7QAv7W7MB8A7g&#038;oh=00_AQI7s4yBiGt308KXAmiEupP7v1OTqSLvRaMCMCulKBkNkA&#038;oe=6A9BAAFB\">\n\t\t<a href=\"https:\/\/facebook.com\/121661704586851\" target=\"_blank\" rel=\"nofollow noopener\" ><img decoding=\"async\" src=\"https:\/\/scontent-fra3-1.xx.fbcdn.net\/v\/t39.30808-1\/312522059_511766654295183_4224899328543459166_n.jpg?stp=cp0_dst-jpg_s50x50_tt6&#038;_nc_cat=101&#038;ccb=1-7&#038;_nc_sid=f907e8&#038;_nc_ohc=kwTv62VbP8IQ7kNvwF4KoR6&#038;_nc_oc=AdrGFzbfoq6n1Q9xVs_HDShzEpPzbOCv-yk5KBPuY5HmSN-Th13nGRhW8PJhUi8s4uQ&#038;_nc_zt=24&#038;_nc_ht=scontent-fra3-1.xx&#038;edm=AKIiGfEEAAAA&#038;_nc_gid=EKBfQOXsyp0_rwf-o49DBA&#038;_nc_tpa=Q5bMBQI-sq6X41fttmt9LkOzUfrY-VHc3jhi7KokzUk5pFsfzBveQCIW7xPiEoW0DLyaG7QAv7W7MB8A7g&#038;oh=00_AQI7s4yBiGt308KXAmiEupP7v1OTqSLvRaMCMCulKBkNkA&#038;oe=6A9BAAFB\" title=\"Musikverein 1921 Bernbach e.V.\" alt=\"Musikverein 1921 Bernbach e.V.\" width=40 height=40 onerror=\"this.style.display='none'\"><\/a>\n\t<\/div>\n<\/div>\n\n<div class=\"cff-post-text\" >\n\t<span class=\"cff-text\" data-color=\"\">\n\t\t\u201eHier gibt\u2019s was auf die Ohren\u201c h\u00e4tten wir schreiben k\u00f6nnen. <img class=\"cff-linebreak\" \/>Aber unter Hasen hei\u00dft das nat\u00fcrlich: Drei Tage ordentlich was auf die L\u00f6ffel! \ud83d\udc30\ud83c\udfb6\ud83c\udf7b<img class=\"cff-linebreak\" \/><img class=\"cff-linebreak\" \/>Wir sehen uns beim Fest in Bermich! \ud83c\udf89\t\t\t<\/span>\n\t<span class=\"cff-expand\">&#8230; <a href=\"#\" style=\"color: #\"><span class=\"cff-more\">See More<\/span><span class=\"cff-less\">See Less<\/span><\/a><\/span>\n\n<\/div>\n\n<p class=\"cff-media-link\">\n\t<a href=\"https:\/\/www.facebook.com\/121661704586851\/posts\/1562133652591806\" target=\"_blank\" style=\"color: #\">\n\t\t<span style=\"padding-right: 5px;\" class=\"fa fas fa-video-camera fa-video\"><\/span>Video\t<\/a>\n<\/p>\n\t<div class=\"cff-post-links\">\n\t\t\t\t\t<a class=\"cff-viewpost-facebook\" href=\"https:\/\/www.facebook.com\/121661704586851\/posts\/1562133652591806\" title=\"Auf Facebook anzeigen\" target=\"_blank\" rel=\"nofollow noopener\" >Auf Facebook anzeigen<\/a>\n\t\t\t\t\t\t\t<div class=\"cff-share-container\">\n\t\t\t\t\t\t\t\t\t<span class=\"cff-dot\" >&middot;<\/span>\n\t\t\t\t\t\t\t\t<a class=\"cff-share-link\" href=\"https:\/\/www.facebook.com\/sharer\/sharer.php?u=https%3A%2F%2Fwww.facebook.com%2F121661704586851%2Fposts%2F1562133652591806\" title=\"Teilen\" >Teilen<\/a>\n\t\t\t\t<p class=\"cff-share-tooltip\">\n\t\t\t\t\t\t\t\t\t\t\t<a href=\"https:\/\/www.facebook.com\/sharer\/sharer.php?u=https%3A%2F%2Fwww.facebook.com%2F121661704586851%2Fposts%2F1562133652591806\" target=\"_blank\" rel=\"noopener noreferrer\" class=\"cff-facebook-icon\">\n\t\t\t\t\t\t\t<span class=\"fa fab fa-facebook-square\" aria-hidden=\"true\"><\/span>\n\t\t\t\t\t\t\t<span class=\"cff-screenreader\">Auf Facebook teilen<\/span>\n\t\t\t\t\t\t<\/a>\n\t\t\t\t\t\t\t\t\t\t\t<a href=\"https:\/\/twitter.com\/intent\/tweet?text=https%3A%2F%2Fwww.facebook.com%2F121661704586851%2Fposts%2F1562133652591806\" target=\"_blank\" rel=\"noopener noreferrer\" class=\"cff-twitter-icon\">\n\t\t\t\t\t\t\t<span class=\"fa fab fa-twitter\" aria-hidden=\"true\"><\/span>\n\t\t\t\t\t\t\t<span class=\"cff-screenreader\">Auf Twitter teilen<\/span>\n\t\t\t\t\t\t<\/a>\n\t\t\t\t\t\t\t\t\t\t\t<a href=\"https:\/\/www.linkedin.com\/shareArticle?mini=true&#038;url=https%3A%2F%2Fwww.facebook.com%2F121661704586851%2Fposts%2F1562133652591806&#038;title=%09%09%09%E2%80%9EHier%20gibt%E2%80%99s%20was%20auf%20die%20Ohren%E2%80%9C%20h%C3%A4tten%20wir%20schreiben%20k%C3%B6nnen.%20Aber%20unter%20Hasen%20hei%C3%9Ft%20das%20nat%C3%BCrlich%3A%20Drei%20Tage%20ordentlich%20was%20auf%20die%20L%C3%B6ffel%21%20%F0%9F%90%B0%F0%9F%8E%B6%F0%9F%8D%BBWir%20sehen%20uns%20beim%20Fest%20in%20Bermich%21%20%F0%9F%8E%89%09%09%09%09\" target=\"_blank\" rel=\"noopener noreferrer\" class=\"cff-linkedin-icon\">\n\t\t\t\t\t\t\t<span class=\"fa fab fa-linkedin\" aria-hidden=\"true\"><\/span>\n\t\t\t\t\t\t\t<span class=\"cff-screenreader\">Auf LinkedIn teilen<\/span>\n\t\t\t\t\t\t<\/a>\n\t\t\t\t\t\t\t\t\t\t\t<a href=\"mailto:?subject=Facebook&#038;body=https%3A%2F%2Fwww.facebook.com%2F121661704586851%2Fposts%2F1562133652591806%20-%20%0A%0A%09%0A%09%09%E2%80%9EHier%20gibt%E2%80%99s%20was%20auf%20die%20Ohren%E2%80%9C%20h%C3%A4tten%20wir%20schreiben%20k%C3%B6nnen.%20Aber%20unter%20Hasen%20hei%C3%9Ft%20das%20nat%C3%BCrlich%3A%20Drei%20Tage%20ordentlich%20was%20auf%20die%20L%C3%B6ffel%21%20%F0%9F%90%B0%F0%9F%8E%B6%F0%9F%8D%BBWir%20sehen%20uns%20beim%20Fest%20in%20Bermich%21%20%F0%9F%8E%89%09%09%09%0A%09\" target=\"_blank\" rel=\"noopener noreferrer\" class=\"cff-email-icon\">\n\t\t\t\t\t\t\t<span class=\"fa fab fa-envelope\" aria-hidden=\"true\"><\/span>\n\t\t\t\t\t\t\t<span class=\"cff-screenreader\">Per E-Mail teilen<\/span>\n\t\t\t\t\t\t<\/a>\n\t\t\t\t\t\t\t\t\t<\/p>\n\t\t\t<\/div>\n\t\t\t<\/div>\n\t<\/div>\n\n\n\n<div id=\"cff_121661704586851_1559859689485869\" class=\"cff-item cff-photo-post author-musikverein-1921-bernbach-e-v-\"  style=\"border-bottom: 1px solid #ddd;\">\n\t<div class=\"cff-author\">\n\t<div class=\"cff-author-text\">\n\t\t\t\t\t<div class=\"cff-page-name cff-author-date\" >\n\t\t\t\t<a href=\"https:\/\/facebook.com\/121661704586851\" target=\"_blank\" rel=\"nofollow noopener\" >Musikverein 1921 Bernbach e.V.<\/a>\n\t\t\t\t<span class=\"cff-story\"> <\/span>\n\t\t\t<\/div>\n\t\t\t\n<p class=\"cff-date\" > 1 month ago <\/p>\n\t\t\t<\/div>\n\t<div class=\"cff-author-img \" data-avatar=\"https:\/\/scontent-fra3-1.xx.fbcdn.net\/v\/t39.30808-1\/312522059_511766654295183_4224899328543459166_n.jpg?stp=cp0_dst-jpg_s50x50_tt6&#038;_nc_cat=101&#038;ccb=1-7&#038;_nc_sid=f907e8&#038;_nc_ohc=kwTv62VbP8IQ7kNvwF4KoR6&#038;_nc_oc=AdrGFzbfoq6n1Q9xVs_HDShzEpPzbOCv-yk5KBPuY5HmSN-Th13nGRhW8PJhUi8s4uQ&#038;_nc_zt=24&#038;_nc_ht=scontent-fra3-1.xx&#038;edm=AKIiGfEEAAAA&#038;_nc_gid=EKBfQOXsyp0_rwf-o49DBA&#038;_nc_tpa=Q5bMBQI-sq6X41fttmt9LkOzUfrY-VHc3jhi7KokzUk5pFsfzBveQCIW7xPiEoW0DLyaG7QAv7W7MB8A7g&#038;oh=00_AQI7s4yBiGt308KXAmiEupP7v1OTqSLvRaMCMCulKBkNkA&#038;oe=6A9BAAFB\">\n\t\t<a href=\"https:\/\/facebook.com\/121661704586851\" target=\"_blank\" rel=\"nofollow noopener\" ><img decoding=\"async\" src=\"https:\/\/scontent-fra3-1.xx.fbcdn.net\/v\/t39.30808-1\/312522059_511766654295183_4224899328543459166_n.jpg?stp=cp0_dst-jpg_s50x50_tt6&#038;_nc_cat=101&#038;ccb=1-7&#038;_nc_sid=f907e8&#038;_nc_ohc=kwTv62VbP8IQ7kNvwF4KoR6&#038;_nc_oc=AdrGFzbfoq6n1Q9xVs_HDShzEpPzbOCv-yk5KBPuY5HmSN-Th13nGRhW8PJhUi8s4uQ&#038;_nc_zt=24&#038;_nc_ht=scontent-fra3-1.xx&#038;edm=AKIiGfEEAAAA&#038;_nc_gid=EKBfQOXsyp0_rwf-o49DBA&#038;_nc_tpa=Q5bMBQI-sq6X41fttmt9LkOzUfrY-VHc3jhi7KokzUk5pFsfzBveQCIW7xPiEoW0DLyaG7QAv7W7MB8A7g&#038;oh=00_AQI7s4yBiGt308KXAmiEupP7v1OTqSLvRaMCMCulKBkNkA&#038;oe=6A9BAAFB\" title=\"Musikverein 1921 Bernbach e.V.\" alt=\"Musikverein 1921 Bernbach e.V.\" width=40 height=40 onerror=\"this.style.display='none'\"><\/a>\n\t<\/div>\n<\/div>\n\n<div class=\"cff-post-text\" >\n\t<span class=\"cff-text\" data-color=\"\">\n\t\tDie Vorfreude auf die 1175-Jahr-Feier steigt mit jedem Tag und die Vorbereitungen gehen langsam in die Endphase. Gemeinsam mit der Feuerwehr haben wir die Getr\u00e4nketheke \u00fcbernommen und freuen uns schon heute, m\u00f6glichst viele bekannte und unbekannte Gesichter zu sehen, wird bestimmt ein tolles Fest. <a href=\"https:\/\/facebook.com\/508542905860629\">#Bernbach<\/a> <a href=\"https:\/\/facebook.com\/546699858698498\">#mainkinzigkreis<\/a> <a href=\"https:\/\/facebook.com\/441027865981201\">#eintrittfrei<\/a> <a href=\"https:\/\/facebook.com\/486394398076052\">#livemusik<\/a> <a href=\"https:\/\/facebook.com\/491582344229491\">#Fatima<\/a> <a href=\"https:\/\/facebook.com\/474807929258778\">#vereint<\/a> <a href=\"https:\/\/facebook.com\/458441037561475\">#follower<\/a>\t\t\t<\/span>\n\t<span class=\"cff-expand\">&#8230; <a href=\"#\" style=\"color: #\"><span class=\"cff-more\">See More<\/span><span class=\"cff-less\">See Less<\/span><\/a><\/span>\n\n<\/div>\n\n<p class=\"cff-media-link\">\n\t<a href=\"https:\/\/www.facebook.com\/photo.php?fbid=1559859639485874&#038;set=a.472010988270750&#038;type=3\" target=\"_blank\" style=\"color: #\">\n\t\t<span style=\"padding-right: 5px;\" class=\"fa fas fa-picture-o fa-image\"><\/span>Photo\t<\/a>\n<\/p>\n\t<div class=\"cff-post-links\">\n\t\t\t\t\t<a class=\"cff-viewpost-facebook\" href=\"https:\/\/www.facebook.com\/photo.php?fbid=1559859639485874&#038;set=a.472010988270750&#038;type=3\" title=\"Auf Facebook anzeigen\" target=\"_blank\" rel=\"nofollow noopener\" >Auf Facebook anzeigen<\/a>\n\t\t\t\t\t\t\t<div class=\"cff-share-container\">\n\t\t\t\t\t\t\t\t\t<span class=\"cff-dot\" >&middot;<\/span>\n\t\t\t\t\t\t\t\t<a class=\"cff-share-link\" href=\"https:\/\/www.facebook.com\/sharer\/sharer.php?u=https%3A%2F%2Fwww.facebook.com%2Fphoto.php%3Ffbid%3D1559859639485874%26amp%3Bset%3Da.472010988270750%26amp%3Btype%3D3\" title=\"Teilen\" >Teilen<\/a>\n\t\t\t\t<p class=\"cff-share-tooltip\">\n\t\t\t\t\t\t\t\t\t\t\t<a href=\"https:\/\/www.facebook.com\/sharer\/sharer.php?u=https%3A%2F%2Fwww.facebook.com%2Fphoto.php%3Ffbid%3D1559859639485874%26amp%3Bset%3Da.472010988270750%26amp%3Btype%3D3\" target=\"_blank\" rel=\"noopener noreferrer\" class=\"cff-facebook-icon\">\n\t\t\t\t\t\t\t<span class=\"fa fab fa-facebook-square\" aria-hidden=\"true\"><\/span>\n\t\t\t\t\t\t\t<span class=\"cff-screenreader\">Auf Facebook teilen<\/span>\n\t\t\t\t\t\t<\/a>\n\t\t\t\t\t\t\t\t\t\t\t<a href=\"https:\/\/twitter.com\/intent\/tweet?text=https%3A%2F%2Fwww.facebook.com%2Fphoto.php%3Ffbid%3D1559859639485874%26amp%3Bset%3Da.472010988270750%26amp%3Btype%3D3\" target=\"_blank\" rel=\"noopener noreferrer\" class=\"cff-twitter-icon\">\n\t\t\t\t\t\t\t<span class=\"fa fab fa-twitter\" aria-hidden=\"true\"><\/span>\n\t\t\t\t\t\t\t<span class=\"cff-screenreader\">Auf Twitter teilen<\/span>\n\t\t\t\t\t\t<\/a>\n\t\t\t\t\t\t\t\t\t\t\t<a href=\"https:\/\/www.linkedin.com\/shareArticle?mini=true&#038;url=https%3A%2F%2Fwww.facebook.com%2Fphoto.php%3Ffbid%3D1559859639485874%26amp%3Bset%3Da.472010988270750%26amp%3Btype%3D3&#038;title=%09%09%09Die%20Vorfreude%20auf%20die%201175-Jahr-Feier%20steigt%20mit%20jedem%20Tag%20und%20die%20Vorbereitungen%20gehen%20langsam%20in%20die%20Endphase.%20Gemeinsam%20mit%20der%20Feuerwehr%20haben%20wir%20die%20Getr%C3%A4nketheke%20%C3%BCbernommen%20und%20freuen%20uns%20schon%20heute%2C%20m%C3%B6glichst%20viele%20bekannte%20und%20unbekannte%20Gesichter%20zu%20sehen%2C%20wird%20bestimmt%20ein%20tolles%20Fest.%20%23Bernbach%20%23mainkinzigkreis%20%23eintrittfrei%20%23livemusik%20%23Fatima%20%23vereint%20%23follower%09%09%09%09\" target=\"_blank\" rel=\"noopener noreferrer\" class=\"cff-linkedin-icon\">\n\t\t\t\t\t\t\t<span class=\"fa fab fa-linkedin\" aria-hidden=\"true\"><\/span>\n\t\t\t\t\t\t\t<span class=\"cff-screenreader\">Auf LinkedIn teilen<\/span>\n\t\t\t\t\t\t<\/a>\n\t\t\t\t\t\t\t\t\t\t\t<a href=\"mailto:?subject=Facebook&#038;body=https%3A%2F%2Fwww.facebook.com%2Fphoto.php%3Ffbid%3D1559859639485874%26amp%3Bset%3Da.472010988270750%26amp%3Btype%3D3%20-%20%0A%0A%09%0A%09%09Die%20Vorfreude%20auf%20die%201175-Jahr-Feier%20steigt%20mit%20jedem%20Tag%20und%20die%20Vorbereitungen%20gehen%20langsam%20in%20die%20Endphase.%20Gemeinsam%20mit%20der%20Feuerwehr%20haben%20wir%20die%20Getr%C3%A4nketheke%20%C3%BCbernommen%20und%20freuen%20uns%20schon%20heute%2C%20m%C3%B6glichst%20viele%20bekannte%20und%20unbekannte%20Gesichter%20zu%20sehen%2C%20wird%20bestimmt%20ein%20tolles%20Fest.%20%23Bernbach%20%23mainkinzigkreis%20%23eintrittfrei%20%23livemusik%20%23Fatima%20%23vereint%20%23follower%09%09%09%0A%09\" target=\"_blank\" rel=\"noopener noreferrer\" class=\"cff-email-icon\">\n\t\t\t\t\t\t\t<span class=\"fa fab fa-envelope\" aria-hidden=\"true\"><\/span>\n\t\t\t\t\t\t\t<span class=\"cff-screenreader\">Per E-Mail teilen<\/span>\n\t\t\t\t\t\t<\/a>\n\t\t\t\t\t\t\t\t\t<\/p>\n\t\t\t<\/div>\n\t\t\t<\/div>\n\t<\/div>\n\n\n\n<div id=\"cff_121661704586851_1553264553478716\" class=\"cff-item cff-status-post cff-album author-musikverein-1921-bernbach-e-v-\"  style=\"border-bottom: 1px solid #ddd;\">\n\t<div class=\"cff-author\">\n\t<div class=\"cff-author-text\">\n\t\t\t\t\t<div class=\"cff-page-name cff-author-date\" >\n\t\t\t\t<a href=\"https:\/\/facebook.com\/121661704586851\" target=\"_blank\" rel=\"nofollow noopener\" >Musikverein 1921 Bernbach e.V.<\/a>\n\t\t\t\t<span class=\"cff-story\"> <\/span>\n\t\t\t<\/div>\n\t\t\t\n<p class=\"cff-date\" > 1 month ago <\/p>\n\t\t\t<\/div>\n\t<div class=\"cff-author-img \" data-avatar=\"https:\/\/scontent-fra3-1.xx.fbcdn.net\/v\/t39.30808-1\/312522059_511766654295183_4224899328543459166_n.jpg?stp=cp0_dst-jpg_s50x50_tt6&#038;_nc_cat=101&#038;ccb=1-7&#038;_nc_sid=f907e8&#038;_nc_ohc=kwTv62VbP8IQ7kNvwF4KoR6&#038;_nc_oc=AdrGFzbfoq6n1Q9xVs_HDShzEpPzbOCv-yk5KBPuY5HmSN-Th13nGRhW8PJhUi8s4uQ&#038;_nc_zt=24&#038;_nc_ht=scontent-fra3-1.xx&#038;edm=AKIiGfEEAAAA&#038;_nc_gid=EKBfQOXsyp0_rwf-o49DBA&#038;_nc_tpa=Q5bMBQI-sq6X41fttmt9LkOzUfrY-VHc3jhi7KokzUk5pFsfzBveQCIW7xPiEoW0DLyaG7QAv7W7MB8A7g&#038;oh=00_AQI7s4yBiGt308KXAmiEupP7v1OTqSLvRaMCMCulKBkNkA&#038;oe=6A9BAAFB\">\n\t\t<a href=\"https:\/\/facebook.com\/121661704586851\" target=\"_blank\" rel=\"nofollow noopener\" ><img decoding=\"async\" src=\"https:\/\/scontent-fra3-1.xx.fbcdn.net\/v\/t39.30808-1\/312522059_511766654295183_4224899328543459166_n.jpg?stp=cp0_dst-jpg_s50x50_tt6&#038;_nc_cat=101&#038;ccb=1-7&#038;_nc_sid=f907e8&#038;_nc_ohc=kwTv62VbP8IQ7kNvwF4KoR6&#038;_nc_oc=AdrGFzbfoq6n1Q9xVs_HDShzEpPzbOCv-yk5KBPuY5HmSN-Th13nGRhW8PJhUi8s4uQ&#038;_nc_zt=24&#038;_nc_ht=scontent-fra3-1.xx&#038;edm=AKIiGfEEAAAA&#038;_nc_gid=EKBfQOXsyp0_rwf-o49DBA&#038;_nc_tpa=Q5bMBQI-sq6X41fttmt9LkOzUfrY-VHc3jhi7KokzUk5pFsfzBveQCIW7xPiEoW0DLyaG7QAv7W7MB8A7g&#038;oh=00_AQI7s4yBiGt308KXAmiEupP7v1OTqSLvRaMCMCulKBkNkA&#038;oe=6A9BAAFB\" title=\"Musikverein 1921 Bernbach e.V.\" alt=\"Musikverein 1921 Bernbach e.V.\" width=40 height=40 onerror=\"this.style.display='none'\"><\/a>\n\t<\/div>\n<\/div>\n\n<div class=\"cff-post-text\" >\n\t<span class=\"cff-text\" data-color=\"\">\n\t\tDie Vorfreude auf die 1175-Jahr-Feier steigt mit jedem Tag und die Vorbereitungen gehen langsam in die Endphase. Wir freuen uns schon heute, m\u00f6glichst viele bekannte und unbekannte Gesichter zu sehen, wird bestimmt ein tolles Fest. <a href=\"https:\/\/facebook.com\/508542905860629\">#Bernbach<\/a> <a href=\"https:\/\/facebook.com\/546699858698498\">#mainkinzigkreis<\/a> <a href=\"https:\/\/facebook.com\/441027865981201\">#eintrittfrei<\/a> <a href=\"https:\/\/facebook.com\/486394398076052\">#livemusik<\/a> <a href=\"https:\/\/facebook.com\/491582344229491\">#Fatima<\/a> <a href=\"https:\/\/facebook.com\/474807929258778\">#vereint<\/a>\t\t\t<\/span>\n\t<span class=\"cff-expand\">&#8230; <a href=\"#\" style=\"color: #\"><span class=\"cff-more\">See More<\/span><span class=\"cff-less\">See Less<\/span><\/a><\/span>\n\n<\/div>\n\n<p class=\"cff-media-link\">\n\t<a href=\"https:\/\/www.facebook.com\/578268810978300\/posts\/1553264553478716\" target=\"_blank\" style=\"color: #\">\n\t\t<span style=\"padding-right: 5px;\" class=\"fa fas fa-picture-o fa-image\"><\/span>Photo\t<\/a>\n<\/p>\n\t<div class=\"cff-post-links\">\n\t\t\t\t\t<a class=\"cff-viewpost-facebook\" href=\"https:\/\/www.facebook.com\/578268810978300\/posts\/1553264553478716\" title=\"Auf Facebook anzeigen\" target=\"_blank\" rel=\"nofollow noopener\" >Auf Facebook anzeigen<\/a>\n\t\t\t\t\t\t\t<div class=\"cff-share-container\">\n\t\t\t\t\t\t\t\t\t<span class=\"cff-dot\" >&middot;<\/span>\n\t\t\t\t\t\t\t\t<a class=\"cff-share-link\" href=\"https:\/\/www.facebook.com\/sharer\/sharer.php?u=https%3A%2F%2Fwww.facebook.com%2F578268810978300%2Fposts%2F1553264553478716\" title=\"Teilen\" >Teilen<\/a>\n\t\t\t\t<p class=\"cff-share-tooltip\">\n\t\t\t\t\t\t\t\t\t\t\t<a href=\"https:\/\/www.facebook.com\/sharer\/sharer.php?u=https%3A%2F%2Fwww.facebook.com%2F578268810978300%2Fposts%2F1553264553478716\" target=\"_blank\" rel=\"noopener noreferrer\" class=\"cff-facebook-icon\">\n\t\t\t\t\t\t\t<span class=\"fa fab fa-facebook-square\" aria-hidden=\"true\"><\/span>\n\t\t\t\t\t\t\t<span class=\"cff-screenreader\">Auf Facebook teilen<\/span>\n\t\t\t\t\t\t<\/a>\n\t\t\t\t\t\t\t\t\t\t\t<a href=\"https:\/\/twitter.com\/intent\/tweet?text=https%3A%2F%2Fwww.facebook.com%2F578268810978300%2Fposts%2F1553264553478716\" target=\"_blank\" rel=\"noopener noreferrer\" class=\"cff-twitter-icon\">\n\t\t\t\t\t\t\t<span class=\"fa fab fa-twitter\" aria-hidden=\"true\"><\/span>\n\t\t\t\t\t\t\t<span class=\"cff-screenreader\">Auf Twitter teilen<\/span>\n\t\t\t\t\t\t<\/a>\n\t\t\t\t\t\t\t\t\t\t\t<a href=\"https:\/\/www.linkedin.com\/shareArticle?mini=true&#038;url=https%3A%2F%2Fwww.facebook.com%2F578268810978300%2Fposts%2F1553264553478716&#038;title=%09%09%09Die%20Vorfreude%20auf%20die%201175-Jahr-Feier%20steigt%20mit%20jedem%20Tag%20und%20die%20Vorbereitungen%20gehen%20langsam%20in%20die%20Endphase.%20Wir%20freuen%20uns%20schon%20heute%2C%20m%C3%B6glichst%20viele%20bekannte%20und%20unbekannte%20Gesichter%20zu%20sehen%2C%20wird%20bestimmt%20ein%20tolles%20Fest.%20%23Bernbach%20%23mainkinzigkreis%20%23eintrittfrei%20%23livemusik%20%23Fatima%20%23vereint%09%09%09%09\" target=\"_blank\" rel=\"noopener noreferrer\" class=\"cff-linkedin-icon\">\n\t\t\t\t\t\t\t<span class=\"fa fab fa-linkedin\" aria-hidden=\"true\"><\/span>\n\t\t\t\t\t\t\t<span class=\"cff-screenreader\">Auf LinkedIn teilen<\/span>\n\t\t\t\t\t\t<\/a>\n\t\t\t\t\t\t\t\t\t\t\t<a href=\"mailto:?subject=Facebook&#038;body=https%3A%2F%2Fwww.facebook.com%2F578268810978300%2Fposts%2F1553264553478716%20-%20%0A%0A%09%0A%09%09Die%20Vorfreude%20auf%20die%201175-Jahr-Feier%20steigt%20mit%20jedem%20Tag%20und%20die%20Vorbereitungen%20gehen%20langsam%20in%20die%20Endphase.%20Wir%20freuen%20uns%20schon%20heute%2C%20m%C3%B6glichst%20viele%20bekannte%20und%20unbekannte%20Gesichter%20zu%20sehen%2C%20wird%20bestimmt%20ein%20tolles%20Fest.%20%23Bernbach%20%23mainkinzigkreis%20%23eintrittfrei%20%23livemusik%20%23Fatima%20%23vereint%09%09%09%0A%09\" target=\"_blank\" rel=\"noopener noreferrer\" class=\"cff-email-icon\">\n\t\t\t\t\t\t\t<span class=\"fa fab fa-envelope\" aria-hidden=\"true\"><\/span>\n\t\t\t\t\t\t\t<span class=\"cff-screenreader\">Per E-Mail teilen<\/span>\n\t\t\t\t\t\t<\/a>\n\t\t\t\t\t\t\t\t\t<\/p>\n\t\t\t<\/div>\n\t\t\t<\/div>\n\t<\/div>\n\n\n\n<\/div><input class=\"cff-pag-url\" type=\"hidden\" data-locatornonce=\"a9b65b6884\" data-cff-shortcode=\"{&quot;feed&quot;: &quot;2&quot;}\" data-post-id=\"1275\" data-feed-id=\"121661704586851\"><\/div><\/div><div class=\"cff-clear\"><\/div><\/div><\/p>\t\t\t\t\t\t<\/div>\n\t\t\t\t<\/div>\n\t\t\t\t<div class=\"elementor-element elementor-element-5cb0649 e-grid-align-left elementor-shape-rounded elementor-grid-0 elementor-widget elementor-widget-social-icons\" data-id=\"5cb0649\" data-element_type=\"widget\" data-widget_type=\"social-icons.default\">\n\t\t\t\t<div class=\"elementor-widget-container\">\n\t\t\t<style>\/*! elementor - v3.9.2 - 21-12-2022 *\/\n.elementor-widget-social-icons.elementor-grid-0 .elementor-widget-container,.elementor-widget-social-icons.elementor-grid-mobile-0 .elementor-widget-container,.elementor-widget-social-icons.elementor-grid-tablet-0 .elementor-widget-container{line-height:1;font-size:0}.elementor-widget-social-icons:not(.elementor-grid-0):not(.elementor-grid-tablet-0):not(.elementor-grid-mobile-0) .elementor-grid{display:inline-grid}.elementor-widget-social-icons .elementor-grid{grid-column-gap:var(--grid-column-gap,5px);grid-row-gap:var(--grid-row-gap,5px);grid-template-columns:var(--grid-template-columns);justify-content:var(--justify-content,center);justify-items:var(--justify-content,center)}.elementor-icon.elementor-social-icon{font-size:var(--icon-size,25px);line-height:var(--icon-size,25px);width:calc(var(--icon-size, 25px) + (2 * var(--icon-padding, .5em)));height:calc(var(--icon-size, 25px) + (2 * var(--icon-padding, .5em)))}.elementor-social-icon{--e-social-icon-icon-color:#fff;display:inline-flex;background-color:#818a91;align-items:center;justify-content:center;text-align:center;cursor:pointer}.elementor-social-icon i{color:var(--e-social-icon-icon-color)}.elementor-social-icon svg{fill:var(--e-social-icon-icon-color)}.elementor-social-icon:last-child{margin:0}.elementor-social-icon:hover{opacity:.9;color:#fff}.elementor-social-icon-android{background-color:#a4c639}.elementor-social-icon-apple{background-color:#999}.elementor-social-icon-behance{background-color:#1769ff}.elementor-social-icon-bitbucket{background-color:#205081}.elementor-social-icon-codepen{background-color:#000}.elementor-social-icon-delicious{background-color:#39f}.elementor-social-icon-deviantart{background-color:#05cc47}.elementor-social-icon-digg{background-color:#005be2}.elementor-social-icon-dribbble{background-color:#ea4c89}.elementor-social-icon-elementor{background-color:#d30c5c}.elementor-social-icon-envelope{background-color:#ea4335}.elementor-social-icon-facebook,.elementor-social-icon-facebook-f{background-color:#3b5998}.elementor-social-icon-flickr{background-color:#0063dc}.elementor-social-icon-foursquare{background-color:#2d5be3}.elementor-social-icon-free-code-camp,.elementor-social-icon-freecodecamp{background-color:#006400}.elementor-social-icon-github{background-color:#333}.elementor-social-icon-gitlab{background-color:#e24329}.elementor-social-icon-globe{background-color:#818a91}.elementor-social-icon-google-plus,.elementor-social-icon-google-plus-g{background-color:#dd4b39}.elementor-social-icon-houzz{background-color:#7ac142}.elementor-social-icon-instagram{background-color:#262626}.elementor-social-icon-jsfiddle{background-color:#487aa2}.elementor-social-icon-link{background-color:#818a91}.elementor-social-icon-linkedin,.elementor-social-icon-linkedin-in{background-color:#0077b5}.elementor-social-icon-medium{background-color:#00ab6b}.elementor-social-icon-meetup{background-color:#ec1c40}.elementor-social-icon-mixcloud{background-color:#273a4b}.elementor-social-icon-odnoklassniki{background-color:#f4731c}.elementor-social-icon-pinterest{background-color:#bd081c}.elementor-social-icon-product-hunt{background-color:#da552f}.elementor-social-icon-reddit{background-color:#ff4500}.elementor-social-icon-rss{background-color:#f26522}.elementor-social-icon-shopping-cart{background-color:#4caf50}.elementor-social-icon-skype{background-color:#00aff0}.elementor-social-icon-slideshare{background-color:#0077b5}.elementor-social-icon-snapchat{background-color:#fffc00}.elementor-social-icon-soundcloud{background-color:#f80}.elementor-social-icon-spotify{background-color:#2ebd59}.elementor-social-icon-stack-overflow{background-color:#fe7a15}.elementor-social-icon-steam{background-color:#00adee}.elementor-social-icon-stumbleupon{background-color:#eb4924}.elementor-social-icon-telegram{background-color:#2ca5e0}.elementor-social-icon-thumb-tack{background-color:#1aa1d8}.elementor-social-icon-tripadvisor{background-color:#589442}.elementor-social-icon-tumblr{background-color:#35465c}.elementor-social-icon-twitch{background-color:#6441a5}.elementor-social-icon-twitter{background-color:#1da1f2}.elementor-social-icon-viber{background-color:#665cac}.elementor-social-icon-vimeo{background-color:#1ab7ea}.elementor-social-icon-vk{background-color:#45668e}.elementor-social-icon-weibo{background-color:#dd2430}.elementor-social-icon-weixin{background-color:#31a918}.elementor-social-icon-whatsapp{background-color:#25d366}.elementor-social-icon-wordpress{background-color:#21759b}.elementor-social-icon-xing{background-color:#026466}.elementor-social-icon-yelp{background-color:#af0606}.elementor-social-icon-youtube{background-color:#cd201f}.elementor-social-icon-500px{background-color:#0099e5}.elementor-shape-rounded .elementor-icon.elementor-social-icon{border-radius:10%}.elementor-shape-circle .elementor-icon.elementor-social-icon{border-radius:50%}<\/style>\t\t<div class=\"elementor-social-icons-wrapper elementor-grid\">\n\t\t\t\t\t\t\t<span class=\"elementor-grid-item\">\n\t\t\t\t\t<a class=\"elementor-icon elementor-social-icon elementor-social-icon-facebook elementor-repeater-item-d9916f0\" href=\"https:\/\/www.facebook.com\/MusikvereinBernbach\" target=\"_blank\">\n\t\t\t\t\t\t<span class=\"elementor-screen-only\">Facebook<\/span>\n\t\t\t\t\t\t<i class=\"fab fa-facebook\"><\/i>\t\t\t\t\t<\/a>\n\t\t\t\t<\/span>\n\t\t\t\t\t\t\t<span class=\"elementor-grid-item\">\n\t\t\t\t\t<a class=\"elementor-icon elementor-social-icon elementor-social-icon-instagram elementor-repeater-item-7a11dad\" href=\"http:\/\/instagram.com\/Musikverein1921Bernbach\" target=\"_blank\">\n\t\t\t\t\t\t<span class=\"elementor-screen-only\">Instagram<\/span>\n\t\t\t\t\t\t<i class=\"fab fa-instagram\"><\/i>\t\t\t\t\t<\/a>\n\t\t\t\t<\/span>\n\t\t\t\t\t<\/div>\n\t\t\t\t<\/div>\n\t\t\t\t<\/div>\n\t\t\t\t\t<\/div>\n\t\t\t\t<\/div>\n\t\t<div class=\"elementor-element elementor-element-62b7194 e-con-boxed e-con\" data-id=\"62b7194\" data-element_type=\"container\" data-settings=\"{&quot;content_width&quot;:&quot;boxed&quot;}\">\n\t\t\t\t\t<div class=\"e-con-inner\">\n\t\t\t\t<div class=\"elementor-element elementor-element-8bd83e1 elementor-widget elementor-widget-eael-facebook-feed\" data-id=\"8bd83e1\" data-element_type=\"widget\" data-widget_type=\"eael-facebook-feed.default\">\n\t\t\t\t<div class=\"elementor-widget-container\">\n\t\t\t        <div class=\"eael-facebook-feed eael-col-2 eael-facebook-feed-card\" id=\"eael-facebook-feed-8bd83e1\">\n                    <\/div>\n        <div class=\"clearfix\"><\/div>\n                    <div class=\"eael-load-more-button-wrap\">\n                <button class=\"eael-load-more-button\" id=\"eael-load-more-btn-8bd83e1\" data-widget-id=\"8bd83e1\" data-post-id=\"1275\" data-page=\"1\">\n                    <span class=\"eael-btn-loader button__loader\"><\/span>\n                    <span class=\"eael_fb_load_more_text\">Mehr laden <\/span>\n                <\/button>\n            <\/div>\n            \t\t<\/div>\n\t\t\t\t<\/div>\n\t\t\t\t\t<\/div>\n\t\t\t\t<\/div>\n\t\t<div class=\"elementor-element elementor-element-ceeedb3 e-con-boxed e-con\" data-id=\"ceeedb3\" data-element_type=\"container\" data-settings=\"{&quot;content_width&quot;:&quot;boxed&quot;}\">\n\t\t\t\t\t<div class=\"e-con-inner\">\n\t\t\t\t<div class=\"elementor-element elementor-element-9726822 elementor-widget elementor-widget-spacer\" data-id=\"9726822\" data-element_type=\"widget\" data-widget_type=\"spacer.default\">\n\t\t\t\t<div class=\"elementor-widget-container\">\n\t\t\t\t\t<div class=\"elementor-spacer\">\n\t\t\t<div class=\"elementor-spacer-inner\"><\/div>\n\t\t<\/div>\n\t\t\t\t<\/div>\n\t\t\t\t<\/div>\n\t\t\t\t\t<\/div>\n\t\t\t\t<\/div>\n\t\t<div class=\"elementor-element elementor-element-8afa149 e-con-boxed e-con\" data-id=\"8afa149\" data-element_type=\"container\" data-settings=\"{&quot;background_background&quot;:&quot;classic&quot;,&quot;content_width&quot;:&quot;boxed&quot;}\">\n\t\t\t\t\t<div class=\"e-con-inner\">\n\t\t<div class=\"elementor-element elementor-element-0b0a699 e-con-boxed e-con\" data-id=\"0b0a699\" data-element_type=\"container\" data-settings=\"{&quot;background_background&quot;:&quot;classic&quot;,&quot;content_width&quot;:&quot;boxed&quot;}\">\n\t\t\t\t\t<div class=\"e-con-inner\">\n\t\t\t\t<div class=\"elementor-element elementor-element-7273e2d elementor-widget elementor-widget-text-editor\" data-id=\"7273e2d\" data-element_type=\"widget\" data-widget_type=\"text-editor.default\">\n\t\t\t\t<div class=\"elementor-widget-container\">\n\t\t\t\t\t\t\t\t\t\t\t\t\t<\/div>\n\t\t\t\t<\/div>\n\t\t\t\t\t<\/div>\n\t\t\t\t<\/div>\n\t\t\t\t\t<\/div>\n\t\t\t\t<\/div>\n\t\t<div class=\"elementor-element elementor-element-2a872315 e-con-boxed e-con\" data-id=\"2a872315\" data-element_type=\"container\" data-settings=\"{&quot;content_width&quot;:&quot;boxed&quot;}\">\n\t\t\t\t\t<div class=\"e-con-inner\">\n\t\t\t\t<div class=\"elementor-element elementor-element-3df9ea1d elementor-shape-rounded elementor-grid-0 e-grid-align-center elementor-widget elementor-widget-social-icons\" data-id=\"3df9ea1d\" data-element_type=\"widget\" data-widget_type=\"social-icons.default\">\n\t\t\t\t<div class=\"elementor-widget-container\">\n\t\t\t\t\t<div class=\"elementor-social-icons-wrapper elementor-grid\">\n\t\t\t\t\t\t\t<span class=\"elementor-grid-item\">\n\t\t\t\t\t<a class=\"elementor-icon elementor-social-icon elementor-social-icon-facebook elementor-repeater-item-d9916f0\" href=\"https:\/\/www.facebook.com\/MusikvereinBernbach\" target=\"_blank\">\n\t\t\t\t\t\t<span class=\"elementor-screen-only\">Facebook<\/span>\n\t\t\t\t\t\t<i class=\"fab fa-facebook\"><\/i>\t\t\t\t\t<\/a>\n\t\t\t\t<\/span>\n\t\t\t\t\t\t\t<span class=\"elementor-grid-item\">\n\t\t\t\t\t<a class=\"elementor-icon elementor-social-icon elementor-social-icon-instagram elementor-repeater-item-7a11dad\" href=\"http:\/\/instagram.com\/Musikverein1921Bernbach\" target=\"_blank\">\n\t\t\t\t\t\t<span class=\"elementor-screen-only\">Instagram<\/span>\n\t\t\t\t\t\t<i class=\"fab fa-instagram\"><\/i>\t\t\t\t\t<\/a>\n\t\t\t\t<\/span>\n\t\t\t\t\t<\/div>\n\t\t\t\t<\/div>\n\t\t\t\t<\/div>\n\t\t\t\t<div class=\"elementor-element elementor-element-7b3159ad elementor-widget elementor-widget-text-editor\" data-id=\"7b3159ad\" data-element_type=\"widget\" data-widget_type=\"text-editor.default\">\n\t\t\t\t<div class=\"elementor-widget-container\">\n\t\t\t\t\t\t\t<p><strong>Musikverein 1921 Bernbach e.V.<\/strong><br><a style=\"color: #ffffff;\" href=\"http:\/\/www.mv-bernbach.de\/wordpress\/kontakt\/impressum\/\">Impressum\/Datenschutz<\/a><\/p>\t\t\t\t\t\t<\/div>\n\t\t\t\t<\/div>\n\t\t\t\t\t<\/div>\n\t\t\t\t<\/div>\n\t\t\t\t\t\t\t<\/div>\n\t\t","protected":false},"excerpt":{"rendered":"<p>Aktuelles Hier findest du Aktuelles \u00fcber den MVB. Folge uns gerne auf Facebook und Instagram! Facebook Instagram Mehr laden Facebook Instagram Musikverein 1921 Bernbach e.V.Impressum\/Datenschutz<\/p>\n","protected":false},"author":3,"featured_media":0,"parent":0,"menu_order":0,"comment_status":"closed","ping_status":"closed","template":"","meta":{"ngg_post_thumbnail":0},"_links":{"self":[{"href":"https:\/\/www.mv-bernbach.de\/wordpress\/wp-json\/wp\/v2\/pages\/1275"}],"collection":[{"href":"https:\/\/www.mv-bernbach.de\/wordpress\/wp-json\/wp\/v2\/pages"}],"about":[{"href":"https:\/\/www.mv-bernbach.de\/wordpress\/wp-json\/wp\/v2\/types\/page"}],"author":[{"embeddable":true,"href":"https:\/\/www.mv-bernbach.de\/wordpress\/wp-json\/wp\/v2\/users\/3"}],"replies":[{"embeddable":true,"href":"https:\/\/www.mv-bernbach.de\/wordpress\/wp-json\/wp\/v2\/comments?post=1275"}],"version-history":[{"count":142,"href":"https:\/\/www.mv-bernbach.de\/wordpress\/wp-json\/wp\/v2\/pages\/1275\/revisions"}],"predecessor-version":[{"id":2892,"href":"https:\/\/www.mv-bernbach.de\/wordpress\/wp-json\/wp\/v2\/pages\/1275\/revisions\/2892"}],"wp:attachment":[{"href":"https:\/\/www.mv-bernbach.de\/wordpress\/wp-json\/wp\/v2\/media?parent=1275"}],"curies":[{"name":"wp","href":"https:\/\/api.w.org\/{rel}","templated":true}]}}